{"id":8,"date":"2025-11-12T09:02:52","date_gmt":"2025-11-12T09:02:52","guid":{"rendered":"https:\/\/marcellinbarthassat.ch\/?page_id=8"},"modified":"2025-12-10T15:34:05","modified_gmt":"2025-12-10T15:34:05","slug":"accueil","status":"publish","type":"page","link":"https:\/\/marcellinbarthassat.ch\/","title":{"rendered":"Accueil"},"content":{"rendered":"\t\t<div data-elementor-type=\"wp-page\" data-elementor-id=\"8\" class=\"elementor elementor-8\" data-elementor-post-type=\"page\">\n\t\t\t\t<div class=\"elementor-element elementor-element-9e35f2d e-con-full e-flex e-con e-parent\" data-id=\"9e35f2d\" data-element_type=\"container\">\n\t\t<div class=\"elementor-element elementor-element-9f5560c e-con-full e-flex e-con e-child\" data-id=\"9f5560c\" data-element_type=\"container\">\n\t\t\t\t<div class=\"elementor-element elementor-element-1d73267 elementor-widget elementor-widget-text-editor\" data-id=\"1d73267\" data-element_type=\"widget\" data-widget_type=\"text-editor.default\">\n\t\t\t\t\t\t\t\t\t<p><strong>Le monde de l\u2019architecture, du paysage, de l\u2019urbanisme et du patrimoine s\u2019\u00e9tend aux diff\u00e9rentes \u00e9chelles d\u2019un territoire. Comment habiter la terre ?<\/strong><\/p>\t\t\t\t\t\t\t\t<\/div>\n\t\t\t\t<\/div>\n\t\t<div class=\"elementor-element elementor-element-f3bcbe2 e-con-full e-flex e-con e-child\" data-id=\"f3bcbe2\" data-element_type=\"container\">\n\t\t\t\t<div class=\"elementor-element elementor-element-8f3f959 elementor-widget elementor-widget-text-editor\" data-id=\"8f3f959\" data-element_type=\"widget\" data-widget_type=\"text-editor.default\">\n\t\t\t\t\t\t\t\t\t<p><span style=\"font-family: -apple-system, BlinkMacSystemFont, 'Segoe UI', Roboto, 'Helvetica Neue', Arial, 'Noto Sans', sans-serif, 'Apple Color Emoji', 'Segoe UI Emoji', 'Segoe UI Symbol', 'Noto Color Emoji';\">Diverses contributions, entretiens, images et r\u00e9cits livrent des r\u00e9flexions, des exp\u00e9riences, des engagements selon les itin\u00e9raires. Autant d\u2019investigations et de d\u00e9bats sur la ville et la campagne qui contribuent \u00e0 porter un regard \u00e0 la fois critique et prospectif sur cet environnement naturel et construit.<\/span><\/p>\t\t\t\t\t\t\t\t<\/div>\n\t\t\t\t<\/div>\n\t\t<div class=\"elementor-element elementor-element-300ba37 e-con-full e-flex e-con e-child\" data-id=\"300ba37\" data-element_type=\"container\">\n\t\t\t\t<\/div>\n\t\t<div class=\"elementor-element elementor-element-f184d54 e-con-full e-flex e-con e-child\" data-id=\"f184d54\" data-element_type=\"container\">\n\t\t\t\t<\/div>\n\t\t\t\t<\/div>\n\t\t<div class=\"elementor-element elementor-element-334bb6e e-flex e-con-boxed e-con e-parent\" data-id=\"334bb6e\" data-element_type=\"container\">\n\t\t\t\t\t<div class=\"e-con-inner\">\n\t\t\t\t<div class=\"elementor-element elementor-element-441df05 elementor-widget__width-initial elementor-widget elementor-widget-image-carousel\" data-id=\"441df05\" data-element_type=\"widget\" data-settings=\"{&quot;navigation&quot;:&quot;none&quot;,&quot;autoplay_speed&quot;:0,&quot;speed&quot;:10000,&quot;image_spacing_custom&quot;:{&quot;unit&quot;:&quot;px&quot;,&quot;size&quot;:10,&quot;sizes&quot;:[]},&quot;slides_to_show&quot;:&quot;3&quot;,&quot;autoplay&quot;:&quot;yes&quot;,&quot;infinite&quot;:&quot;yes&quot;,&quot;image_spacing_custom_tablet&quot;:{&quot;unit&quot;:&quot;px&quot;,&quot;size&quot;:&quot;&quot;,&quot;sizes&quot;:[]},&quot;image_spacing_custom_mobile&quot;:{&quot;unit&quot;:&quot;px&quot;,&quot;size&quot;:&quot;&quot;,&quot;sizes&quot;:[]}}\" data-widget_type=\"image-carousel.default\">\n\t\t\t\t\t\t\t<div class=\"elementor-image-carousel-wrapper swiper\" role=\"region\" aria-roledescription=\"carousel\" aria-label=\"Carrousel d\u2019images\" dir=\"ltr\">\n\t\t\t<div class=\"elementor-image-carousel swiper-wrapper\" aria-live=\"off\">\n\t\t\t\t\t\t\t\t<div class=\"swiper-slide\" role=\"group\" aria-roledescription=\"slide\" aria-label=\"1 sur 9\"><figure class=\"swiper-slide-inner\"><img decoding=\"async\" class=\"swiper-slide-image\" src=\"https:\/\/marcellinbarthassat.ch\/wp-content\/uploads\/2025\/11\/5.jpg\" alt=\"5\" \/><\/figure><\/div><div class=\"swiper-slide\" role=\"group\" aria-roledescription=\"slide\" aria-label=\"2 sur 9\"><figure class=\"swiper-slide-inner\"><img decoding=\"async\" class=\"swiper-slide-image\" src=\"https:\/\/marcellinbarthassat.ch\/wp-content\/uploads\/2025\/12\/6.-Pays-de-Gex-et-Aeroport-vue-du-Jura-scaled.jpg\" alt=\"Bassin l\u00e9manique entre Jura et massif du Mont-Blanc\" \/><\/figure><\/div><div class=\"swiper-slide\" role=\"group\" aria-roledescription=\"slide\" aria-label=\"3 sur 9\"><figure class=\"swiper-slide-inner\"><img decoding=\"async\" class=\"swiper-slide-image\" src=\"https:\/\/marcellinbarthassat.ch\/wp-content\/uploads\/2025\/11\/4-scaled.jpg\" alt=\"4\" \/><\/figure><\/div><div class=\"swiper-slide\" role=\"group\" aria-roledescription=\"slide\" aria-label=\"4 sur 9\"><figure class=\"swiper-slide-inner\"><img decoding=\"async\" class=\"swiper-slide-image\" src=\"https:\/\/marcellinbarthassat.ch\/wp-content\/uploads\/2025\/12\/7-Geneve-depuis-Saleve-scaled.jpg\" alt=\"7 Gene\u0300ve depuis Sale\u0300ve\" \/><\/figure><\/div><div class=\"swiper-slide\" role=\"group\" aria-roledescription=\"slide\" aria-label=\"5 sur 9\"><figure class=\"swiper-slide-inner\"><img decoding=\"async\" class=\"swiper-slide-image\" src=\"https:\/\/marcellinbarthassat.ch\/wp-content\/uploads\/2025\/12\/8-La-Seymaz.jpg\" alt=\"8 La Seymaz\" \/><\/figure><\/div><div class=\"swiper-slide\" role=\"group\" aria-roledescription=\"slide\" aria-label=\"6 sur 9\"><figure class=\"swiper-slide-inner\"><img decoding=\"async\" class=\"swiper-slide-image\" src=\"https:\/\/marcellinbarthassat.ch\/wp-content\/uploads\/2025\/12\/9-Falaise-hauts-du-Saleve-scaled.jpg\" alt=\"9 Falaise hauts du Sale\u0300ve\" \/><\/figure><\/div><div class=\"swiper-slide\" role=\"group\" aria-roledescription=\"slide\" aria-label=\"7 sur 9\"><figure class=\"swiper-slide-inner\"><img decoding=\"async\" class=\"swiper-slide-image\" src=\"https:\/\/marcellinbarthassat.ch\/wp-content\/uploads\/2025\/11\/3-scaled.jpeg\" alt=\"3\" \/><\/figure><\/div><div class=\"swiper-slide\" role=\"group\" aria-roledescription=\"slide\" aria-label=\"8 sur 9\"><figure class=\"swiper-slide-inner\"><img decoding=\"async\" class=\"swiper-slide-image\" src=\"https:\/\/marcellinbarthassat.ch\/wp-content\/uploads\/2025\/11\/2.jpg\" alt=\"2\" \/><\/figure><\/div><div class=\"swiper-slide\" role=\"group\" aria-roledescription=\"slide\" aria-label=\"9 sur 9\"><figure class=\"swiper-slide-inner\"><img decoding=\"async\" class=\"swiper-slide-image\" src=\"https:\/\/marcellinbarthassat.ch\/wp-content\/uploads\/2025\/11\/1-scaled.jpg\" alt=\"1\" \/><\/figure><\/div>\t\t\t<\/div>\n\t\t\t\t\t\t\t\n\t\t\t\t\t\t\t\t\t<\/div>\n\t\t\t\t\t\t<\/div>\n\t\t\t\t\t<\/div>\n\t\t\t\t<\/div>\n\t\t<div class=\"elementor-element elementor-element-090798e e-con-full e-flex e-con e-parent\" data-id=\"090798e\" data-element_type=\"container\">\n\t\t<div class=\"elementor-element elementor-element-38c0fdb e-con-full e-flex e-con e-child\" data-id=\"38c0fdb\" data-element_type=\"container\">\n\t\t\t\t<div class=\"elementor-element elementor-element-a76bd87 elementor-widget elementor-widget-heading\" data-id=\"a76bd87\" data-element_type=\"widget\" data-widget_type=\"heading.default\">\n\t\t\t\t\t<h1 class=\"elementor-heading-title elementor-size-default\">Approche<\/h1>\t\t\t\t<\/div>\n\t\t\t\t<\/div>\n\t\t<div class=\"elementor-element elementor-element-40a4f0e e-con-full e-flex e-con e-child\" data-id=\"40a4f0e\" data-element_type=\"container\">\n\t\t\t\t<\/div>\n\t\t<div class=\"elementor-element elementor-element-71f8a21 e-con-full e-flex e-con e-child\" data-id=\"71f8a21\" data-element_type=\"container\">\n\t\t\t\t<div class=\"elementor-element elementor-element-5d0a1ab elementor-widget elementor-widget-text-editor\" data-id=\"5d0a1ab\" data-element_type=\"widget\" data-widget_type=\"text-editor.default\">\n\t\t\t\t\t\t\t\t\t<p class=\"m_-8234173462000944208MsoListParagraph\">Le temps g\u00e9ologique, nous entraine vers des \u00e9chelles \u00ab\u00a0surdimensionn\u00e9es\u00a0\u00bb, des reliefs donn\u00e9s \u00e0 voir, comme en haute montagne ou sur des itin\u00e9raires marins. A l\u2019inverse, l\u2019histoire de la ville incarne de multiples agr\u00e9gations urbaines, plus \u00e0 l\u2019abri d\u2019une nature hostile, \u00e0 proximit\u00e9 d\u2019\u00e9tendues exploitables ou suffisamment aliment\u00e9es par l\u2019eau.<u><\/u><u><\/u><\/p><p class=\"m_-8234173462000944208MsoListParagraph\">Produites d\u2019une lente s\u00e9dimentation et combinaison, les composantes naturelles que sont l\u2019orographie, l\u2019hydrographie et le v\u00e9g\u00e9tal deviennent alors des domaines issus de processus de formation et d\u2019\u00e9rosion qui se sont accumul\u00e9s\u00a0; tout comme le parcellaire, le r\u00e9seau viaire ou le b\u00e2ti sont \u00e0 l\u2019origine de tissus urbains ou territoriaux. Cette complexit\u00e9 des rapports d\u2019\u00e9chelle a r\u00e9guli\u00e8rement interpell\u00e9 les collectifs d\u2019Ateliers qui ont jalonn\u00e9 mon parcours entre recherche, \u00e9criture, dynamique de projet et coop\u00e9ration.<\/p>\t\t\t\t\t\t\t\t<\/div>\n\t\t\t\t<\/div>\n\t\t\t\t<\/div>\n\t\t<div class=\"elementor-element elementor-element-2a0a4ff e-con-full e-flex e-con e-parent\" data-id=\"2a0a4ff\" data-element_type=\"container\">\n\t\t<div class=\"elementor-element elementor-element-7d14120 e-con-full e-flex e-con e-child\" data-id=\"7d14120\" data-element_type=\"container\">\n\t\t\t\t<\/div>\n\t\t<div class=\"elementor-element elementor-element-46e4bdd e-con-full e-flex e-con e-child\" data-id=\"46e4bdd\" data-element_type=\"container\">\n\t\t\t\t<div class=\"elementor-element elementor-element-d558530 elementor-widget elementor-widget-image\" data-id=\"d558530\" data-element_type=\"widget\" data-widget_type=\"image.default\">\n\t\t\t\t\t\t\t\t\t\t\t\t\t\t\t<img fetchpriority=\"high\" decoding=\"async\" width=\"640\" height=\"480\" src=\"https:\/\/marcellinbarthassat.ch\/wp-content\/uploads\/2025\/11\/2-1.jpg\" class=\"attachment-full size-full wp-image-101\" alt=\"\" srcset=\"https:\/\/marcellinbarthassat.ch\/wp-content\/uploads\/2025\/11\/2-1.jpg 640w, https:\/\/marcellinbarthassat.ch\/wp-content\/uploads\/2025\/11\/2-1-300x225.jpg 300w\" sizes=\"(max-width: 640px) 100vw, 640px\" \/>\t\t\t\t\t\t\t\t\t\t\t\t\t\t\t<\/div>\n\t\t\t\t<\/div>\n\t\t\t\t<\/div>\n\t\t<div class=\"elementor-element elementor-element-fa6a2bd e-con-full e-flex e-con e-parent\" data-id=\"fa6a2bd\" data-element_type=\"container\">\n\t\t<div class=\"elementor-element elementor-element-514ef47 e-con-full e-flex e-con e-child\" data-id=\"514ef47\" data-element_type=\"container\">\n\t\t\t\t<div class=\"elementor-element elementor-element-a15ed36 elementor-widget elementor-widget-heading\" data-id=\"a15ed36\" data-element_type=\"widget\" data-widget_type=\"heading.default\">\n\t\t\t\t\t<h1 class=\"elementor-heading-title elementor-size-default\"><a href=\"https:\/\/marcellinbarthassat.ch\/index.php\/actualites\/\" actualit=\"\">Actualit\u00e9s<\/a><\/h1>\t\t\t\t<\/div>\n\t\t\t\t<\/div>\n\t\t<div class=\"elementor-element elementor-element-1697690 e-con-full e-flex e-con e-child\" data-id=\"1697690\" data-element_type=\"container\">\n\t\t\t\t<\/div>\n\t\t<div class=\"elementor-element elementor-element-031d95a e-con-full e-flex e-con e-child\" data-id=\"031d95a\" data-element_type=\"container\">\n\t\t\t\t<div class=\"elementor-element elementor-element-5dccde9 elementor-widget elementor-widget-text-editor\" data-id=\"5dccde9\" data-element_type=\"widget\" data-widget_type=\"text-editor.default\">\n\t\t\t\t\t\t\t\t\t<p>Re-dessiner la ville par le paysage, une th\u00e9matique d\u00e9velopp\u00e9e en ao\u00fbt 2024 dans la revue COLLAGE de la F\u00e9d\u00e9ration suisse des urbanistes (FSU). Dans un si\u00e8cle en mutation, comment imaginer des villes moins denses, entre des aires renatur\u00e9es \/ r\u00e9-am\u00e9nag\u00e9es et d\u2019autres construites.<\/p><p>Un an apr\u00e8s cette parution, parmi plusieurs d\u00e9bats, la question du paysage revient au-devant de la sc\u00e8ne &#8211; notamment lors des journ\u00e9es de l\u2019urbanisme d\u2019octobre consacr\u00e9es au th\u00e8me du sol.\u00a0<\/p>\t\t\t\t\t\t\t\t<\/div>\n\t\t\t\t<\/div>\n\t\t<div class=\"elementor-element elementor-element-f8566f4 e-con-full e-flex e-con e-child\" data-id=\"f8566f4\" data-element_type=\"container\">\n\t\t\t\t<div class=\"elementor-element elementor-element-e561468 elementor-widget elementor-widget-text-editor\" data-id=\"e561468\" data-element_type=\"widget\" data-widget_type=\"text-editor.default\">\n\t\t\t\t\t\t\t\t\t<p>Mais la restera-t-elle dans l\u2019\u00e9laboration en cours de la r\u00e9vision du Plan directeur cantonal 2050, qui va devoir r\u00e9pondre \u00e0 quatre grandes ambitions : \u00a0transition \u00e9cologique et ressources naturelles, accueillir la croissance d\u00e9mographique au sein de la zone \u00e0 b\u00e2tir existante, prendre soin des richesses du territoire et favoriser le vivre ensemble.Au final, la planification r\u00e9gionale du PDCn doit faire en sorte de concr\u00e9tiser les projets qu\u2019il porte. La revue Interface de la FAI consacre une riche r\u00e9flexions et d\u00e9bat \u00e0 ce sujet.<\/p>\t\t\t\t\t\t\t\t<\/div>\n\t\t\t\t<\/div>\n\t\t\t\t<\/div>\n\t\t<div class=\"elementor-element elementor-element-c78d265 e-flex e-con-boxed e-con e-parent\" data-id=\"c78d265\" data-element_type=\"container\">\n\t\t\t\t\t<div class=\"e-con-inner\">\n\t\t\t\t\t<\/div>\n\t\t\t\t<\/div>\n\t\t\t\t<\/div>\n\t\t","protected":false},"excerpt":{"rendered":"<p>Le monde de l\u2019architecture, du paysage, de l\u2019urbanisme et du patrimoine s\u2019\u00e9tend aux diff\u00e9rentes \u00e9chelles d\u2019un territoire. Comment habiter la terre ? Diverses contributions, entretiens, images et r\u00e9cits livrent des r\u00e9flexions, des exp\u00e9riences, des engagements selon les itin\u00e9raires. Autant d\u2019investigations et de d\u00e9bats sur la ville et la campagne qui contribuent \u00e0 porter un regard [&hellip;]<\/p>\n","protected":false},"author":1,"featured_media":0,"parent":0,"menu_order":0,"comment_status":"closed","ping_status":"closed","template":"","meta":{"footnotes":""},"class_list":["post-8","page","type-page","status-publish","hentry"],"_links":{"self":[{"href":"https:\/\/marcellinbarthassat.ch\/index.php\/wp-json\/wp\/v2\/pages\/8","targetHints":{"allow":["GET"]}}],"collection":[{"href":"https:\/\/marcellinbarthassat.ch\/index.php\/wp-json\/wp\/v2\/pages"}],"about":[{"href":"https:\/\/marcellinbarthassat.ch\/index.php\/wp-json\/wp\/v2\/types\/page"}],"author":[{"embeddable":true,"href":"https:\/\/marcellinbarthassat.ch\/index.php\/wp-json\/wp\/v2\/users\/1"}],"replies":[{"embeddable":true,"href":"https:\/\/marcellinbarthassat.ch\/index.php\/wp-json\/wp\/v2\/comments?post=8"}],"version-history":[{"count":358,"href":"https:\/\/marcellinbarthassat.ch\/index.php\/wp-json\/wp\/v2\/pages\/8\/revisions"}],"predecessor-version":[{"id":1396,"href":"https:\/\/marcellinbarthassat.ch\/index.php\/wp-json\/wp\/v2\/pages\/8\/revisions\/1396"}],"wp:attachment":[{"href":"https:\/\/marcellinbarthassat.ch\/index.php\/wp-json\/wp\/v2\/media?parent=8"}],"curies":[{"name":"wp","href":"https:\/\/api.w.org\/{rel}","templated":true}]}}