{"id":13,"date":"2025-11-12T09:03:35","date_gmt":"2025-11-12T09:03:35","guid":{"rendered":"https:\/\/marcellinbarthassat.ch\/?page_id=13"},"modified":"2026-05-19T07:16:48","modified_gmt":"2026-05-19T07:16:48","slug":"ecritsmedia","status":"publish","type":"page","link":"https:\/\/marcellinbarthassat.ch\/index.php\/ecritsmedia\/","title":{"rendered":"\u00e9crits &amp; m\u00e9dia"},"content":{"rendered":"\t\t<div data-elementor-type=\"wp-page\" data-elementor-id=\"13\" class=\"elementor elementor-13\" data-elementor-post-type=\"page\">\n\t\t\t\t<div class=\"elementor-element elementor-element-5a46904 e-flex e-con-boxed e-con e-parent\" data-id=\"5a46904\" data-element_type=\"container\">\n\t\t\t\t\t<div class=\"e-con-inner\">\n\t\t\t\t<div class=\"elementor-element elementor-element-ed07232 elementor-widget elementor-widget-heading\" data-id=\"ed07232\" data-element_type=\"widget\" data-widget_type=\"heading.default\">\n\t\t\t\t\t<h2 class=\"elementor-heading-title elementor-size-default\">livres\/editions<\/h2>\t\t\t\t<\/div>\n\t\t\t\t\t<\/div>\n\t\t\t\t<\/div>\n\t\t<div class=\"elementor-element elementor-element-cbbac1f e-con-full e-flex e-con e-parent\" data-id=\"cbbac1f\" data-element_type=\"container\">\n\t\t\t\t<div class=\"elementor-element elementor-element-f1daca5 elementor-grid-1 elementor-posts--thumbnail-right split-left elementor-grid-tablet-2 elementor-grid-mobile-1 elementor-widget elementor-widget-posts\" data-id=\"f1daca5\" data-element_type=\"widget\" data-settings=\"{&quot;classic_columns&quot;:&quot;1&quot;,&quot;classic_row_gap&quot;:{&quot;unit&quot;:&quot;px&quot;,&quot;size&quot;:0,&quot;sizes&quot;:[]},&quot;classic_columns_tablet&quot;:&quot;2&quot;,&quot;classic_columns_mobile&quot;:&quot;1&quot;,&quot;classic_row_gap_tablet&quot;:{&quot;unit&quot;:&quot;px&quot;,&quot;size&quot;:&quot;&quot;,&quot;sizes&quot;:[]},&quot;classic_row_gap_mobile&quot;:{&quot;unit&quot;:&quot;px&quot;,&quot;size&quot;:&quot;&quot;,&quot;sizes&quot;:[]}}\" data-widget_type=\"posts.classic\">\n\t\t\t\t<div class=\"elementor-widget-container\">\n\t\t\t\t\t\t\t<div class=\"elementor-posts-container elementor-posts elementor-posts--skin-classic elementor-grid\">\n\t\t\t\t<article class=\"elementor-post elementor-grid-item post-728 post type-post status-publish format-standard has-post-thumbnail hentry category-livres-editions\">\n\t\t\t\t<a class=\"elementor-post__thumbnail__link\" href=\"https:\/\/marcellinbarthassat.ch\/index.php\/2025\/05\/19\/hello-world-6-2-2-2-2-2-2-2-2-7\/\" tabindex=\"-1\" >\n\t\t\t<div class=\"elementor-post__thumbnail\"><img fetchpriority=\"high\" decoding=\"async\" width=\"226\" height=\"300\" src=\"https:\/\/marcellinbarthassat.ch\/wp-content\/uploads\/2025\/11\/1-2-226x300.png\" class=\"attachment-medium size-medium wp-image-729\" alt=\"\" srcset=\"https:\/\/marcellinbarthassat.ch\/wp-content\/uploads\/2025\/11\/1-2-226x300.png 226w, https:\/\/marcellinbarthassat.ch\/wp-content\/uploads\/2025\/11\/1-2.png 653w\" sizes=\"(max-width: 226px) 100vw, 226px\" \/><\/div>\n\t\t<\/a>\n\t\t\t\t<div class=\"elementor-post__text\">\n\t\t\t\t<h3 class=\"elementor-post__title\">\n\t\t\t<a href=\"https:\/\/marcellinbarthassat.ch\/index.php\/2025\/05\/19\/hello-world-6-2-2-2-2-2-2-2-2-7\/\" >\n\t\t\t\tLes berges de Vessy : une histoire entre nature et industrie.\t\t\t<\/a>\n\t\t<\/h3>\n\t\t\t\t<div class=\"elementor-post__meta-data\">\n\t\t\t\t\t<span class=\"elementor-post-date\">\n\t\t\tmai 19, 2025\t\t<\/span>\n\t\t\t\t<\/div>\n\t\t\t\t<div class=\"elementor-post__excerpt\">\n\t\t\t<p>Nerfin, P. (dir). Barthassat, M. Frommel, B.\u00a0 Huetz, A. Lazzarroto, L. Mantzarias, P. Marti, P. Suter, F. \u00c9ditions Patrimoine suisse Gen\u00e8ve.<\/p>\n\t\t<\/div>\n\t\t\n\t\t<a class=\"elementor-post__read-more\" href=\"https:\/\/marcellinbarthassat.ch\/index.php\/2025\/05\/19\/hello-world-6-2-2-2-2-2-2-2-2-7\/\" aria-label=\"En savoir plus sur Les berges de Vessy : une histoire entre nature et industrie.\" tabindex=\"-1\" >\n\t\t\tVoir \u2192\t\t<\/a>\n\n\t\t\t\t<\/div>\n\t\t\t\t<\/article>\n\t\t\t\t<article class=\"elementor-post elementor-grid-item post-740 post type-post status-publish format-standard has-post-thumbnail hentry category-livres-editions\">\n\t\t\t\t<a class=\"elementor-post__thumbnail__link\" href=\"https:\/\/marcellinbarthassat.ch\/index.php\/2022\/11\/20\/hello-world-6-2-2-2-2-2-5\/\" tabindex=\"-1\" >\n\t\t\t<div class=\"elementor-post__thumbnail\"><img decoding=\"async\" width=\"226\" height=\"300\" src=\"https:\/\/marcellinbarthassat.ch\/wp-content\/uploads\/2025\/11\/3-1-226x300.png\" class=\"attachment-medium size-medium wp-image-731\" alt=\"\" srcset=\"https:\/\/marcellinbarthassat.ch\/wp-content\/uploads\/2025\/11\/3-1-226x300.png 226w, https:\/\/marcellinbarthassat.ch\/wp-content\/uploads\/2025\/11\/3-1.png 653w\" sizes=\"(max-width: 226px) 100vw, 226px\" \/><\/div>\n\t\t<\/a>\n\t\t\t\t<div class=\"elementor-post__text\">\n\t\t\t\t<h3 class=\"elementor-post__title\">\n\t\t\t<a href=\"https:\/\/marcellinbarthassat.ch\/index.php\/2022\/11\/20\/hello-world-6-2-2-2-2-2-5\/\" >\n\t\t\t\tLes bains et la jet\u00e9e des P\u00e2quis, \u00e9tude historique, \u00e9tat des lieux et usages &#8211; Conservation du patrimoine architectural.\t\t\t<\/a>\n\t\t<\/h3>\n\t\t\t\t<div class=\"elementor-post__meta-data\">\n\t\t\t\t\t<span class=\"elementor-post-date\">\n\t\t\tnovembre 20, 2022\t\t<\/span>\n\t\t\t\t<\/div>\n\t\t\t\t<div class=\"elementor-post__excerpt\">\n\t\t\t<p>\u00a0Barthassat, M., Nerfin, P. Publication \u00e9dit\u00e9e par la Ville de Gen\u00e8ve.<\/p>\n\t\t<\/div>\n\t\t\n\t\t<a class=\"elementor-post__read-more\" href=\"https:\/\/marcellinbarthassat.ch\/index.php\/2022\/11\/20\/hello-world-6-2-2-2-2-2-5\/\" aria-label=\"En savoir plus sur Les bains et la jet\u00e9e des P\u00e2quis, \u00e9tude historique, \u00e9tat des lieux et usages &#8211; Conservation du patrimoine architectural.\" tabindex=\"-1\" >\n\t\t\tVoir \u2192\t\t<\/a>\n\n\t\t\t\t<\/div>\n\t\t\t\t<\/article>\n\t\t\t\t<article class=\"elementor-post elementor-grid-item post-738 post type-post status-publish format-standard has-post-thumbnail hentry category-livres-editions\">\n\t\t\t\t<a class=\"elementor-post__thumbnail__link\" href=\"https:\/\/marcellinbarthassat.ch\/index.php\/2022\/11\/20\/hello-world-6-2-2-2-2-2-2-2-2-8\/\" tabindex=\"-1\" >\n\t\t\t<div class=\"elementor-post__thumbnail\"><img decoding=\"async\" width=\"226\" height=\"300\" src=\"https:\/\/marcellinbarthassat.ch\/wp-content\/uploads\/2025\/11\/2-1-226x300.png\" class=\"attachment-medium size-medium wp-image-730\" alt=\"\" srcset=\"https:\/\/marcellinbarthassat.ch\/wp-content\/uploads\/2025\/11\/2-1-226x300.png 226w, https:\/\/marcellinbarthassat.ch\/wp-content\/uploads\/2025\/11\/2-1.png 653w\" sizes=\"(max-width: 226px) 100vw, 226px\" \/><\/div>\n\t\t<\/a>\n\t\t\t\t<div class=\"elementor-post__text\">\n\t\t\t\t<h3 class=\"elementor-post__title\">\n\t\t\t<a href=\"https:\/\/marcellinbarthassat.ch\/index.php\/2022\/11\/20\/hello-world-6-2-2-2-2-2-2-2-2-8\/\" >\n\t\t\t\tEnsembles urbains Gen\u00e8ve, Les Grottes, Square Berger.\t\t\t<\/a>\n\t\t<\/h3>\n\t\t\t\t<div class=\"elementor-post__meta-data\">\n\t\t\t\t\t<span class=\"elementor-post-date\">\n\t\t\tnovembre 20, 2022\t\t<\/span>\n\t\t\t\t<\/div>\n\t\t\t\t<div class=\"elementor-post__excerpt\">\n\t\t\t<p>Barthassat, M., Nerfin, P. Editions section genevoise de la F\u00e9d\u00e9ration des architectes suisses (FAS).<\/p>\n\t\t<\/div>\n\t\t\n\t\t<a class=\"elementor-post__read-more\" href=\"https:\/\/marcellinbarthassat.ch\/index.php\/2022\/11\/20\/hello-world-6-2-2-2-2-2-2-2-2-8\/\" aria-label=\"En savoir plus sur Ensembles urbains Gen\u00e8ve, Les Grottes, Square Berger.\" tabindex=\"-1\" >\n\t\t\tVoir \u2192\t\t<\/a>\n\n\t\t\t\t<\/div>\n\t\t\t\t<\/article>\n\t\t\t\t<article class=\"elementor-post elementor-grid-item post-742 post type-post status-publish format-standard has-post-thumbnail hentry category-livres-editions\">\n\t\t\t\t<a class=\"elementor-post__thumbnail__link\" href=\"https:\/\/marcellinbarthassat.ch\/index.php\/2019\/11\/20\/hello-world-6-2-2-2-2-2-2-2-4\/\" tabindex=\"-1\" >\n\t\t\t<div class=\"elementor-post__thumbnail\"><img loading=\"lazy\" decoding=\"async\" width=\"226\" height=\"300\" src=\"https:\/\/marcellinbarthassat.ch\/wp-content\/uploads\/2025\/11\/4-1-226x300.png\" class=\"attachment-medium size-medium wp-image-732\" alt=\"\" srcset=\"https:\/\/marcellinbarthassat.ch\/wp-content\/uploads\/2025\/11\/4-1-226x300.png 226w, https:\/\/marcellinbarthassat.ch\/wp-content\/uploads\/2025\/11\/4-1.png 653w\" sizes=\"(max-width: 226px) 100vw, 226px\" \/><\/div>\n\t\t<\/a>\n\t\t\t\t<div class=\"elementor-post__text\">\n\t\t\t\t<h3 class=\"elementor-post__title\">\n\t\t\t<a href=\"https:\/\/marcellinbarthassat.ch\/index.php\/2019\/11\/20\/hello-world-6-2-2-2-2-2-2-2-4\/\" >\n\t\t\t\tEntre Terre et Eau, la renaturation de la Haute-Seymaz.\t\t\t<\/a>\n\t\t<\/h3>\n\t\t\t\t<div class=\"elementor-post__meta-data\">\n\t\t\t\t\t<span class=\"elementor-post-date\">\n\t\t\tnovembre 20, 2019\t\t<\/span>\n\t\t\t\t<\/div>\n\t\t\t\t<div class=\"elementor-post__excerpt\">\n\t\t\t<p>Barthassat, M. (dir). Bach,Y. Meisser, C. Kunzi, D. Menoud, J. \u00c9ditions infolio, Gen\u00e8ve\u00a0<\/p>\n\t\t<\/div>\n\t\t\n\t\t<a class=\"elementor-post__read-more\" href=\"https:\/\/marcellinbarthassat.ch\/index.php\/2019\/11\/20\/hello-world-6-2-2-2-2-2-2-2-4\/\" aria-label=\"En savoir plus sur Entre Terre et Eau, la renaturation de la Haute-Seymaz.\" tabindex=\"-1\" >\n\t\t\tVoir \u2192\t\t<\/a>\n\n\t\t\t\t<\/div>\n\t\t\t\t<\/article>\n\t\t\t\t<article class=\"elementor-post elementor-grid-item post-746 post type-post status-publish format-standard has-post-thumbnail hentry category-livres-editions\">\n\t\t\t\t<a class=\"elementor-post__thumbnail__link\" href=\"https:\/\/marcellinbarthassat.ch\/index.php\/2018\/11\/20\/hello-world-6-2-2-2-2-2-2-2-2-7-3\/\" tabindex=\"-1\" >\n\t\t\t<div class=\"elementor-post__thumbnail\"><img loading=\"lazy\" decoding=\"async\" width=\"226\" height=\"300\" src=\"https:\/\/marcellinbarthassat.ch\/wp-content\/uploads\/2025\/11\/6-1-226x300.png\" class=\"attachment-medium size-medium wp-image-734\" alt=\"\" srcset=\"https:\/\/marcellinbarthassat.ch\/wp-content\/uploads\/2025\/11\/6-1-226x300.png 226w, https:\/\/marcellinbarthassat.ch\/wp-content\/uploads\/2025\/11\/6-1.png 653w\" sizes=\"(max-width: 226px) 100vw, 226px\" \/><\/div>\n\t\t<\/a>\n\t\t\t\t<div class=\"elementor-post__text\">\n\t\t\t\t<h3 class=\"elementor-post__title\">\n\t\t\t<a href=\"https:\/\/marcellinbarthassat.ch\/index.php\/2018\/11\/20\/hello-world-6-2-2-2-2-2-2-2-2-7-3\/\" >\n\t\t\t\tB\u00e2tisseurs suisses : monographie sur ar-ter, atelier d&rsquo;architecture-territoire.\t\t\t<\/a>\n\t\t<\/h3>\n\t\t\t\t<div class=\"elementor-post__meta-data\">\n\t\t\t\t\t<span class=\"elementor-post-date\">\n\t\t\tnovembre 20, 2018\t\t<\/span>\n\t\t\t\t<\/div>\n\t\t\t\t<div class=\"elementor-post__excerpt\">\n\t\t\t<p>Van de Poel, C. (dir). Catsaros, C., Sonnette, S. \u00c9ditions espazium, Zurich.<\/p>\n\t\t<\/div>\n\t\t\n\t\t<a class=\"elementor-post__read-more\" href=\"https:\/\/marcellinbarthassat.ch\/index.php\/2018\/11\/20\/hello-world-6-2-2-2-2-2-2-2-2-7-3\/\" aria-label=\"En savoir plus sur B\u00e2tisseurs suisses : monographie sur ar-ter, atelier d&rsquo;architecture-territoire.\" tabindex=\"-1\" >\n\t\t\tVoir \u2192\t\t<\/a>\n\n\t\t\t\t<\/div>\n\t\t\t\t<\/article>\n\t\t\t\t<article class=\"elementor-post elementor-grid-item post-744 post type-post status-publish format-standard has-post-thumbnail hentry category-livres-editions\">\n\t\t\t\t<a class=\"elementor-post__thumbnail__link\" href=\"https:\/\/marcellinbarthassat.ch\/index.php\/2018\/11\/20\/hello-world-6-2-2-2-2-2-2-2-2-7-2\/\" tabindex=\"-1\" >\n\t\t\t<div class=\"elementor-post__thumbnail\"><img loading=\"lazy\" decoding=\"async\" width=\"226\" height=\"300\" src=\"https:\/\/marcellinbarthassat.ch\/wp-content\/uploads\/2025\/11\/5-1-226x300.png\" class=\"attachment-medium size-medium wp-image-733\" alt=\"\" srcset=\"https:\/\/marcellinbarthassat.ch\/wp-content\/uploads\/2025\/11\/5-1-226x300.png 226w, https:\/\/marcellinbarthassat.ch\/wp-content\/uploads\/2025\/11\/5-1.png 653w\" sizes=\"(max-width: 226px) 100vw, 226px\" \/><\/div>\n\t\t<\/a>\n\t\t\t\t<div class=\"elementor-post__text\">\n\t\t\t\t<h3 class=\"elementor-post__title\">\n\t\t\t<a href=\"https:\/\/marcellinbarthassat.ch\/index.php\/2018\/11\/20\/hello-world-6-2-2-2-2-2-2-2-2-7-2\/\" >\n\t\t\t\tRep\u00e9rages, le paysage genevois entre h\u00e9ritage et partage.\t\t\t<\/a>\n\t\t<\/h3>\n\t\t\t\t<div class=\"elementor-post__meta-data\">\n\t\t\t\t\t<span class=\"elementor-post-date\">\n\t\t\tnovembre 20, 2018\t\t<\/span>\n\t\t\t\t<\/div>\n\t\t\t\t<div class=\"elementor-post__excerpt\">\n\t\t\t<p>Barthassat, M., Beuchat, S., Bussy-Blunier, T., Convercey Ph. (dir), Daune, L. Mulhauser, G. \u00c9ditions HEPIA (Plantes et Cit\u00e9), Gen\u00e8ve<\/p>\n\t\t<\/div>\n\t\t\n\t\t<a class=\"elementor-post__read-more\" href=\"https:\/\/marcellinbarthassat.ch\/index.php\/2018\/11\/20\/hello-world-6-2-2-2-2-2-2-2-2-7-2\/\" aria-label=\"En savoir plus sur Rep\u00e9rages, le paysage genevois entre h\u00e9ritage et partage.\" tabindex=\"-1\" >\n\t\t\tVoir \u2192\t\t<\/a>\n\n\t\t\t\t<\/div>\n\t\t\t\t<\/article>\n\t\t\t\t<article class=\"elementor-post elementor-grid-item post-749 post type-post status-publish format-standard has-post-thumbnail hentry category-livres-editions\">\n\t\t\t\t<a class=\"elementor-post__thumbnail__link\" href=\"https:\/\/marcellinbarthassat.ch\/index.php\/2012\/11\/20\/hello-world-6-2-2-2-2-2-2-2-2-7-4\/\" tabindex=\"-1\" >\n\t\t\t<div class=\"elementor-post__thumbnail\"><img loading=\"lazy\" decoding=\"async\" width=\"226\" height=\"300\" src=\"https:\/\/marcellinbarthassat.ch\/wp-content\/uploads\/2025\/11\/7-1-226x300.png\" class=\"attachment-medium size-medium wp-image-735\" alt=\"\" srcset=\"https:\/\/marcellinbarthassat.ch\/wp-content\/uploads\/2025\/11\/7-1-226x300.png 226w, https:\/\/marcellinbarthassat.ch\/wp-content\/uploads\/2025\/11\/7-1.png 653w\" sizes=\"(max-width: 226px) 100vw, 226px\" \/><\/div>\n\t\t<\/a>\n\t\t\t\t<div class=\"elementor-post__text\">\n\t\t\t\t<h3 class=\"elementor-post__title\">\n\t\t\t<a href=\"https:\/\/marcellinbarthassat.ch\/index.php\/2012\/11\/20\/hello-world-6-2-2-2-2-2-2-2-2-7-4\/\" >\n\t\t\t\tProjet de paysage 2012. In Cahier 13-8 du projet d&rsquo;agglom\u00e9ration franco-valdo-genevoise.\t\t\t<\/a>\n\t\t<\/h3>\n\t\t\t\t<div class=\"elementor-post__meta-data\">\n\t\t\t\t\t<span class=\"elementor-post-date\">\n\t\t\tnovembre 20, 2012\t\t<\/span>\n\t\t\t\t<\/div>\n\t\t\t\t<div class=\"elementor-post__excerpt\">\n\t\t\t<p>Barthassat, M., Osselin, V., Gil, A., D\u00e9riaz, G., Hiribarrondo, P., Bussy-Blunier, T. et Daune, L. Ouvrage collectif : atelier ar-ter, acade, FRAPNA, HEPIA. Gen\u00e8ve :<\/p>\n\t\t<\/div>\n\t\t\n\t\t<a class=\"elementor-post__read-more\" href=\"https:\/\/marcellinbarthassat.ch\/index.php\/2012\/11\/20\/hello-world-6-2-2-2-2-2-2-2-2-7-4\/\" aria-label=\"En savoir plus sur Projet de paysage 2012. In Cahier 13-8 du projet d&rsquo;agglom\u00e9ration franco-valdo-genevoise.\" tabindex=\"-1\" >\n\t\t\tVoir \u2192\t\t<\/a>\n\n\t\t\t\t<\/div>\n\t\t\t\t<\/article>\n\t\t\t\t<article class=\"elementor-post elementor-grid-item post-751 post type-post status-publish format-standard has-post-thumbnail hentry category-livres-editions\">\n\t\t\t\t<a class=\"elementor-post__thumbnail__link\" href=\"https:\/\/marcellinbarthassat.ch\/index.php\/1997\/11\/20\/hello-world-6-2-2-2-2-2-2-2-2-7-5\/\" tabindex=\"-1\" >\n\t\t\t<div class=\"elementor-post__thumbnail\"><img loading=\"lazy\" decoding=\"async\" width=\"226\" height=\"300\" src=\"https:\/\/marcellinbarthassat.ch\/wp-content\/uploads\/2025\/11\/8-1-226x300.png\" class=\"attachment-medium size-medium wp-image-736\" alt=\"\" srcset=\"https:\/\/marcellinbarthassat.ch\/wp-content\/uploads\/2025\/11\/8-1-226x300.png 226w, https:\/\/marcellinbarthassat.ch\/wp-content\/uploads\/2025\/11\/8-1.png 653w\" sizes=\"(max-width: 226px) 100vw, 226px\" \/><\/div>\n\t\t<\/a>\n\t\t\t\t<div class=\"elementor-post__text\">\n\t\t\t\t<h3 class=\"elementor-post__title\">\n\t\t\t<a href=\"https:\/\/marcellinbarthassat.ch\/index.php\/1997\/11\/20\/hello-world-6-2-2-2-2-2-2-2-2-7-5\/\" >\n\t\t\t\tLes int\u00e9rieurs de l&rsquo;espace public &#8211; Requalifications \u00e0 Riddes.\t\t\t<\/a>\n\t\t<\/h3>\n\t\t\t\t<div class=\"elementor-post__meta-data\">\n\t\t\t\t\t<span class=\"elementor-post-date\">\n\t\t\tnovembre 20, 1997\t\t<\/span>\n\t\t\t\t<\/div>\n\t\t\t\t<div class=\"elementor-post__excerpt\">\n\t\t\t<p>Barthassat, M., Veuve, L., et Valentini, C. Ouvrage collectif. Gen\u00e8ve : \u00e9ditions UNIGE\/IAUG.<\/p>\n\t\t<\/div>\n\t\t\n\t\t<a class=\"elementor-post__read-more\" href=\"https:\/\/marcellinbarthassat.ch\/index.php\/1997\/11\/20\/hello-world-6-2-2-2-2-2-2-2-2-7-5\/\" aria-label=\"En savoir plus sur Les int\u00e9rieurs de l&rsquo;espace public &#8211; Requalifications \u00e0 Riddes.\" tabindex=\"-1\" >\n\t\t\tVoir \u2192\t\t<\/a>\n\n\t\t\t\t<\/div>\n\t\t\t\t<\/article>\n\t\t\t\t<\/div>\n\t\t\n\t\t\t\t\t\t<\/div>\n\t\t\t\t<\/div>\n\t\t\t\t<\/div>\n\t\t<div class=\"elementor-element elementor-element-0e7bbe9 e-flex e-con-boxed e-con e-parent\" data-id=\"0e7bbe9\" data-element_type=\"container\">\n\t\t\t\t\t<div class=\"e-con-inner\">\n\t\t\t\t<div class=\"elementor-element elementor-element-d9acb97 elementor-widget elementor-widget-heading\" data-id=\"d9acb97\" data-element_type=\"widget\" data-widget_type=\"heading.default\">\n\t\t\t\t\t<h2 class=\"elementor-heading-title elementor-size-default\">\u00e9crits\/livres<\/h2>\t\t\t\t<\/div>\n\t\t\t\t\t<\/div>\n\t\t\t\t<\/div>\n\t\t<div class=\"elementor-element elementor-element-8132617 e-con-full e-flex e-con e-parent\" data-id=\"8132617\" data-element_type=\"container\">\n\t\t\t\t<div class=\"elementor-element elementor-element-dea83ab elementor-grid-1 elementor-posts--thumbnail-right split-left elementor-grid-tablet-2 elementor-grid-mobile-1 elementor-widget elementor-widget-posts\" data-id=\"dea83ab\" data-element_type=\"widget\" data-settings=\"{&quot;classic_columns&quot;:&quot;1&quot;,&quot;classic_row_gap&quot;:{&quot;unit&quot;:&quot;px&quot;,&quot;size&quot;:0,&quot;sizes&quot;:[]},&quot;classic_columns_tablet&quot;:&quot;2&quot;,&quot;classic_columns_mobile&quot;:&quot;1&quot;,&quot;classic_row_gap_tablet&quot;:{&quot;unit&quot;:&quot;px&quot;,&quot;size&quot;:&quot;&quot;,&quot;sizes&quot;:[]},&quot;classic_row_gap_mobile&quot;:{&quot;unit&quot;:&quot;px&quot;,&quot;size&quot;:&quot;&quot;,&quot;sizes&quot;:[]}}\" data-widget_type=\"posts.classic\">\n\t\t\t\t<div class=\"elementor-widget-container\">\n\t\t\t\t\t\t\t<div class=\"elementor-posts-container elementor-posts elementor-posts--skin-classic elementor-grid\">\n\t\t\t\t<article class=\"elementor-post elementor-grid-item post-633 post type-post status-publish format-standard has-post-thumbnail hentry category-ecrits-livres\">\n\t\t\t\t<a class=\"elementor-post__thumbnail__link\" href=\"https:\/\/marcellinbarthassat.ch\/index.php\/2025\/11\/19\/hello-world-6-2-2-2-2-2-2-2\/\" tabindex=\"-1\" >\n\t\t\t<div class=\"elementor-post__thumbnail\"><img loading=\"lazy\" decoding=\"async\" width=\"300\" height=\"225\" src=\"https:\/\/marcellinbarthassat.ch\/wp-content\/uploads\/2025\/11\/Ecouter-3-300x225.png\" class=\"attachment-medium size-medium wp-image-605\" alt=\"\" srcset=\"https:\/\/marcellinbarthassat.ch\/wp-content\/uploads\/2025\/11\/Ecouter-3-300x225.png 300w, https:\/\/marcellinbarthassat.ch\/wp-content\/uploads\/2025\/11\/Ecouter-3.png 678w\" sizes=\"(max-width: 300px) 100vw, 300px\" \/><\/div>\n\t\t<\/a>\n\t\t\t\t<div class=\"elementor-post__text\">\n\t\t\t\t<h3 class=\"elementor-post__title\">\n\t\t\t<a href=\"https:\/\/marcellinbarthassat.ch\/index.php\/2025\/11\/19\/hello-world-6-2-2-2-2-2-2-2\/\" >\n\t\t\t\tEntre Terre et Eau, la renaturation de la Haute-Seymaz.\t\t\t<\/a>\n\t\t<\/h3>\n\t\t\t\t<div class=\"elementor-post__meta-data\">\n\t\t\t\t\t<span class=\"elementor-post-date\">\n\t\t\tnovembre 19, 2025\t\t<\/span>\n\t\t\t\t<\/div>\n\t\t\t\t<div class=\"elementor-post__excerpt\">\n\t\t\t<p>Collectif d&rsquo;auteurs Marcellin Barthassat, Yves Bach, Christian Meisser, Daniel Kunzi et Jacques Menoud, \u00e9ditions infolio, Gen\u00e8ve 2019.<\/p>\n\t\t<\/div>\n\t\t\n\t\t<a class=\"elementor-post__read-more\" href=\"https:\/\/marcellinbarthassat.ch\/index.php\/2025\/11\/19\/hello-world-6-2-2-2-2-2-2-2\/\" aria-label=\"En savoir plus sur Entre Terre et Eau, la renaturation de la Haute-Seymaz.\" tabindex=\"-1\" >\n\t\t\tVoir \u2192\t\t<\/a>\n\n\t\t\t\t<\/div>\n\t\t\t\t<\/article>\n\t\t\t\t<article class=\"elementor-post elementor-grid-item post-753 post type-post status-publish format-standard has-post-thumbnail hentry category-ecrits-livres\">\n\t\t\t\t<a class=\"elementor-post__thumbnail__link\" href=\"https:\/\/marcellinbarthassat.ch\/index.php\/2020\/11\/20\/hello-world-6-2-2-2-2-2-2-2-2-7-6\/\" tabindex=\"-1\" >\n\t\t\t<div class=\"elementor-post__thumbnail\"><img loading=\"lazy\" decoding=\"async\" width=\"226\" height=\"300\" src=\"https:\/\/marcellinbarthassat.ch\/wp-content\/uploads\/2025\/11\/1-3-226x300.png\" class=\"attachment-medium size-medium wp-image-754\" alt=\"\" srcset=\"https:\/\/marcellinbarthassat.ch\/wp-content\/uploads\/2025\/11\/1-3-226x300.png 226w, https:\/\/marcellinbarthassat.ch\/wp-content\/uploads\/2025\/11\/1-3.png 653w\" sizes=\"(max-width: 226px) 100vw, 226px\" \/><\/div>\n\t\t<\/a>\n\t\t\t\t<div class=\"elementor-post__text\">\n\t\t\t\t<h3 class=\"elementor-post__title\">\n\t\t\t<a href=\"https:\/\/marcellinbarthassat.ch\/index.php\/2020\/11\/20\/hello-world-6-2-2-2-2-2-2-2-2-7-6\/\" >\n\t\t\t\tInterlude \/ Voir ou le sens du dessin.\t\t\t<\/a>\n\t\t<\/h3>\n\t\t\t\t<div class=\"elementor-post__meta-data\">\n\t\t\t\t\t<span class=\"elementor-post-date\">\n\t\t\tnovembre 20, 2020\t\t<\/span>\n\t\t\t\t<\/div>\n\t\t\t\t<div class=\"elementor-post__excerpt\">\n\t\t\t<p>Barthassat, M. In Decl\u00e8ve, B., De Lestrange, R., Gallezot, H. et Mantziaras, P. (dir.) \u00ab Dispositif pour une m\u00e9tropole \u00e9cologique. Dessiner la transition \u00bb pages<\/p>\n\t\t<\/div>\n\t\t\n\t\t<a class=\"elementor-post__read-more\" href=\"https:\/\/marcellinbarthassat.ch\/index.php\/2020\/11\/20\/hello-world-6-2-2-2-2-2-2-2-2-7-6\/\" aria-label=\"En savoir plus sur Interlude \/ Voir ou le sens du dessin.\" tabindex=\"-1\" >\n\t\t\tVoir \u2192\t\t<\/a>\n\n\t\t\t\t<\/div>\n\t\t\t\t<\/article>\n\t\t\t\t<article class=\"elementor-post elementor-grid-item post-768 post type-post status-publish format-standard has-post-thumbnail hentry category-ecrits-livres\">\n\t\t\t\t<a class=\"elementor-post__thumbnail__link\" href=\"https:\/\/marcellinbarthassat.ch\/index.php\/2018\/11\/20\/hello-world-6-2-2-2-2-2-2-2-2-7-6-2\/\" tabindex=\"-1\" >\n\t\t\t<div class=\"elementor-post__thumbnail\"><img loading=\"lazy\" decoding=\"async\" width=\"226\" height=\"300\" src=\"https:\/\/marcellinbarthassat.ch\/wp-content\/uploads\/2025\/11\/2-2-226x300.png\" class=\"attachment-medium size-medium wp-image-755\" alt=\"\" srcset=\"https:\/\/marcellinbarthassat.ch\/wp-content\/uploads\/2025\/11\/2-2-226x300.png 226w, https:\/\/marcellinbarthassat.ch\/wp-content\/uploads\/2025\/11\/2-2.png 653w\" sizes=\"(max-width: 226px) 100vw, 226px\" \/><\/div>\n\t\t<\/a>\n\t\t\t\t<div class=\"elementor-post__text\">\n\t\t\t\t<h3 class=\"elementor-post__title\">\n\t\t\t<a href=\"https:\/\/marcellinbarthassat.ch\/index.php\/2018\/11\/20\/hello-world-6-2-2-2-2-2-2-2-2-7-6-2\/\" >\n\t\t\t\tSignifier le contexte, engager des dess(e)ins.\t\t\t<\/a>\n\t\t<\/h3>\n\t\t\t\t<div class=\"elementor-post__meta-data\">\n\t\t\t\t\t<span class=\"elementor-post-date\">\n\t\t\tnovembre 20, 2018\t\t<\/span>\n\t\t\t\t<\/div>\n\t\t\t\t<div class=\"elementor-post__excerpt\">\n\t\t\t<p>Barthassat, M. In Naef, S., Nerfin, P. et Radwan N. (dir.) \u00ab D&rsquo;une rive \u00e0 l&rsquo;autre : patrimoines crois\u00e9s \u00bb M\u00e9langes en l&rsquo;honneur de Le\u00efla<\/p>\n\t\t<\/div>\n\t\t\n\t\t<a class=\"elementor-post__read-more\" href=\"https:\/\/marcellinbarthassat.ch\/index.php\/2018\/11\/20\/hello-world-6-2-2-2-2-2-2-2-2-7-6-2\/\" aria-label=\"En savoir plus sur Signifier le contexte, engager des dess(e)ins.\" tabindex=\"-1\" >\n\t\t\tVoir \u2192\t\t<\/a>\n\n\t\t\t\t<\/div>\n\t\t\t\t<\/article>\n\t\t\t\t<article class=\"elementor-post elementor-grid-item post-772 post type-post status-publish format-standard has-post-thumbnail hentry category-ecrits-livres\">\n\t\t\t\t<a class=\"elementor-post__thumbnail__link\" href=\"https:\/\/marcellinbarthassat.ch\/index.php\/2015\/11\/20\/hello-world-6-2-2-2-2-2-2-2-2-7-6-4\/\" tabindex=\"-1\" >\n\t\t\t<div class=\"elementor-post__thumbnail\"><img loading=\"lazy\" decoding=\"async\" width=\"226\" height=\"300\" src=\"https:\/\/marcellinbarthassat.ch\/wp-content\/uploads\/2025\/11\/4-2-226x300.png\" class=\"attachment-medium size-medium wp-image-757\" alt=\"\" srcset=\"https:\/\/marcellinbarthassat.ch\/wp-content\/uploads\/2025\/11\/4-2-226x300.png 226w, https:\/\/marcellinbarthassat.ch\/wp-content\/uploads\/2025\/11\/4-2.png 653w\" sizes=\"(max-width: 226px) 100vw, 226px\" \/><\/div>\n\t\t<\/a>\n\t\t\t\t<div class=\"elementor-post__text\">\n\t\t\t\t<h3 class=\"elementor-post__title\">\n\t\t\t<a href=\"https:\/\/marcellinbarthassat.ch\/index.php\/2015\/11\/20\/hello-world-6-2-2-2-2-2-2-2-2-7-6-4\/\" >\n\t\t\t\tLe double exercice du dessin \/ dessein.\t\t\t<\/a>\n\t\t<\/h3>\n\t\t\t\t<div class=\"elementor-post__meta-data\">\n\t\t\t\t\t<span class=\"elementor-post-date\">\n\t\t\tnovembre 20, 2015\t\t<\/span>\n\t\t\t\t<\/div>\n\t\t\t\t<div class=\"elementor-post__excerpt\">\n\t\t\t<p>Barthassat, M. In Daune, L. (dir.) \u00ab Arve \u00bb. Ouvrage collectif, fili\u00e8re architecture-paysage, HEPIA Gen\u00e8ve (p.42-47). Lausanne : L&rsquo;\u00e2ge d&rsquo;homme.<\/p>\n\t\t<\/div>\n\t\t\n\t\t<a class=\"elementor-post__read-more\" href=\"https:\/\/marcellinbarthassat.ch\/index.php\/2015\/11\/20\/hello-world-6-2-2-2-2-2-2-2-2-7-6-4\/\" aria-label=\"En savoir plus sur Le double exercice du dessin \/ dessein.\" tabindex=\"-1\" >\n\t\t\tVoir \u2192\t\t<\/a>\n\n\t\t\t\t<\/div>\n\t\t\t\t<\/article>\n\t\t\t\t<article class=\"elementor-post elementor-grid-item post-770 post type-post status-publish format-standard has-post-thumbnail hentry category-ecrits-livres\">\n\t\t\t\t<a class=\"elementor-post__thumbnail__link\" href=\"https:\/\/marcellinbarthassat.ch\/index.php\/2015\/11\/20\/hello-world-6-2-2-2-2-2-2-2-2-7-6-3\/\" tabindex=\"-1\" >\n\t\t\t<div class=\"elementor-post__thumbnail\"><img loading=\"lazy\" decoding=\"async\" width=\"226\" height=\"300\" src=\"https:\/\/marcellinbarthassat.ch\/wp-content\/uploads\/2025\/11\/3-2-226x300.png\" class=\"attachment-medium size-medium wp-image-756\" alt=\"\" srcset=\"https:\/\/marcellinbarthassat.ch\/wp-content\/uploads\/2025\/11\/3-2-226x300.png 226w, https:\/\/marcellinbarthassat.ch\/wp-content\/uploads\/2025\/11\/3-2.png 653w\" sizes=\"(max-width: 226px) 100vw, 226px\" \/><\/div>\n\t\t<\/a>\n\t\t\t\t<div class=\"elementor-post__text\">\n\t\t\t\t<h3 class=\"elementor-post__title\">\n\t\t\t<a href=\"https:\/\/marcellinbarthassat.ch\/index.php\/2015\/11\/20\/hello-world-6-2-2-2-2-2-2-2-2-7-6-3\/\" >\n\t\t\t\tEnseigner, partager.\t\t\t<\/a>\n\t\t<\/h3>\n\t\t\t\t<div class=\"elementor-post__meta-data\">\n\t\t\t\t\t<span class=\"elementor-post-date\">\n\t\t\tnovembre 20, 2015\t\t<\/span>\n\t\t\t\t<\/div>\n\t\t\t\t<div class=\"elementor-post__excerpt\">\n\t\t\t<p>Barthassat, M. In Chemetoff, A. (dir.) \u00ab Hommage \u00e0 Michel Corajoud \u00bb.Ouvrage collectif en projet, Paris.<\/p>\n\t\t<\/div>\n\t\t\n\t\t<a class=\"elementor-post__read-more\" href=\"https:\/\/marcellinbarthassat.ch\/index.php\/2015\/11\/20\/hello-world-6-2-2-2-2-2-2-2-2-7-6-3\/\" aria-label=\"En savoir plus sur Enseigner, partager.\" tabindex=\"-1\" >\n\t\t\tVoir \u2192\t\t<\/a>\n\n\t\t\t\t<\/div>\n\t\t\t\t<\/article>\n\t\t\t\t<article class=\"elementor-post elementor-grid-item post-774 post type-post status-publish format-standard has-post-thumbnail hentry category-ecrits-livres\">\n\t\t\t\t<a class=\"elementor-post__thumbnail__link\" href=\"https:\/\/marcellinbarthassat.ch\/index.php\/2012\/11\/20\/hello-world-6-2-2-2-2-2-2-2-2-7-6-5\/\" tabindex=\"-1\" >\n\t\t\t<div class=\"elementor-post__thumbnail\"><img loading=\"lazy\" decoding=\"async\" width=\"226\" height=\"300\" src=\"https:\/\/marcellinbarthassat.ch\/wp-content\/uploads\/2025\/11\/5-2-226x300.png\" class=\"attachment-medium size-medium wp-image-758\" alt=\"\" srcset=\"https:\/\/marcellinbarthassat.ch\/wp-content\/uploads\/2025\/11\/5-2-226x300.png 226w, https:\/\/marcellinbarthassat.ch\/wp-content\/uploads\/2025\/11\/5-2.png 653w\" sizes=\"(max-width: 226px) 100vw, 226px\" \/><\/div>\n\t\t<\/a>\n\t\t\t\t<div class=\"elementor-post__text\">\n\t\t\t\t<h3 class=\"elementor-post__title\">\n\t\t\t<a href=\"https:\/\/marcellinbarthassat.ch\/index.php\/2012\/11\/20\/hello-world-6-2-2-2-2-2-2-2-2-7-6-5\/\" >\n\t\t\t\tArpenter, gravir et projeter.\t\t\t<\/a>\n\t\t<\/h3>\n\t\t\t\t<div class=\"elementor-post__meta-data\">\n\t\t\t\t\t<span class=\"elementor-post-date\">\n\t\t\tnovembre 20, 2012\t\t<\/span>\n\t\t\t\t<\/div>\n\t\t\t\t<div class=\"elementor-post__excerpt\">\n\t\t\t<p>Barthassat, M. In Les Carnets du paysage. N\u00b022 (p.12-37).Paris : \u00e9ditions Actes Sud.&nbsp;<\/p>\n\t\t<\/div>\n\t\t\n\t\t<a class=\"elementor-post__read-more\" href=\"https:\/\/marcellinbarthassat.ch\/index.php\/2012\/11\/20\/hello-world-6-2-2-2-2-2-2-2-2-7-6-5\/\" aria-label=\"En savoir plus sur Arpenter, gravir et projeter.\" tabindex=\"-1\" >\n\t\t\tVoir \u2192\t\t<\/a>\n\n\t\t\t\t<\/div>\n\t\t\t\t<\/article>\n\t\t\t\t<article class=\"elementor-post elementor-grid-item post-776 post type-post status-publish format-standard has-post-thumbnail hentry category-ecrits-livres\">\n\t\t\t\t<a class=\"elementor-post__thumbnail__link\" href=\"https:\/\/marcellinbarthassat.ch\/index.php\/2011\/11\/20\/hello-world-6-2-2-2-2-2-2-2-2-7-6-6\/\" tabindex=\"-1\" >\n\t\t\t<div class=\"elementor-post__thumbnail\"><img loading=\"lazy\" decoding=\"async\" width=\"226\" height=\"300\" src=\"https:\/\/marcellinbarthassat.ch\/wp-content\/uploads\/2025\/11\/6-2-226x300.png\" class=\"attachment-medium size-medium wp-image-759\" alt=\"\" srcset=\"https:\/\/marcellinbarthassat.ch\/wp-content\/uploads\/2025\/11\/6-2-226x300.png 226w, https:\/\/marcellinbarthassat.ch\/wp-content\/uploads\/2025\/11\/6-2.png 653w\" sizes=\"(max-width: 226px) 100vw, 226px\" \/><\/div>\n\t\t<\/a>\n\t\t\t\t<div class=\"elementor-post__text\">\n\t\t\t\t<h3 class=\"elementor-post__title\">\n\t\t\t<a href=\"https:\/\/marcellinbarthassat.ch\/index.php\/2011\/11\/20\/hello-world-6-2-2-2-2-2-2-2-2-7-6-6\/\" >\n\t\t\t\tNeuch\u00e2tel, une ville qui se donne \u00e0 voir.\t\t\t<\/a>\n\t\t<\/h3>\n\t\t\t\t<div class=\"elementor-post__meta-data\">\n\t\t\t\t\t<span class=\"elementor-post-date\">\n\t\t\tnovembre 20, 2011\t\t<\/span>\n\t\t\t\t<\/div>\n\t\t\t\t<div class=\"elementor-post__excerpt\">\n\t\t\t<p>Barthassat, M. In Tironi, J. (dir.) \u00ab Du paysage au territoire, identification d&rsquo;une ville, Neuch\u00e2tel \u00bb. Ouvrage collectif, fili\u00e8re architecture-paysage, HEPIA Gen\u00e8ve (p.32-35). Lausanne :<\/p>\n\t\t<\/div>\n\t\t\n\t\t<a class=\"elementor-post__read-more\" href=\"https:\/\/marcellinbarthassat.ch\/index.php\/2011\/11\/20\/hello-world-6-2-2-2-2-2-2-2-2-7-6-6\/\" aria-label=\"En savoir plus sur Neuch\u00e2tel, une ville qui se donne \u00e0 voir.\" tabindex=\"-1\" >\n\t\t\tVoir \u2192\t\t<\/a>\n\n\t\t\t\t<\/div>\n\t\t\t\t<\/article>\n\t\t\t\t<article class=\"elementor-post elementor-grid-item post-780 post type-post status-publish format-standard has-post-thumbnail hentry category-ecrits-livres\">\n\t\t\t\t<a class=\"elementor-post__thumbnail__link\" href=\"https:\/\/marcellinbarthassat.ch\/index.php\/2009\/11\/20\/hello-world-6-2-2-2-2-2-2-2-2-7-6-8\/\" tabindex=\"-1\" >\n\t\t\t<div class=\"elementor-post__thumbnail\"><img loading=\"lazy\" decoding=\"async\" width=\"226\" height=\"300\" src=\"https:\/\/marcellinbarthassat.ch\/wp-content\/uploads\/2025\/11\/8-2-226x300.png\" class=\"attachment-medium size-medium wp-image-761\" alt=\"\" srcset=\"https:\/\/marcellinbarthassat.ch\/wp-content\/uploads\/2025\/11\/8-2-226x300.png 226w, https:\/\/marcellinbarthassat.ch\/wp-content\/uploads\/2025\/11\/8-2.png 653w\" sizes=\"(max-width: 226px) 100vw, 226px\" \/><\/div>\n\t\t<\/a>\n\t\t\t\t<div class=\"elementor-post__text\">\n\t\t\t\t<h3 class=\"elementor-post__title\">\n\t\t\t<a href=\"https:\/\/marcellinbarthassat.ch\/index.php\/2009\/11\/20\/hello-world-6-2-2-2-2-2-2-2-2-7-6-8\/\" >\n\t\t\t\tXX. Un si\u00e8cle d&rsquo;architectures \u00e0 Gen\u00e8ve, promenades.\t\t\t<\/a>\n\t\t<\/h3>\n\t\t\t\t<div class=\"elementor-post__meta-data\">\n\t\t\t\t\t<span class=\"elementor-post-date\">\n\t\t\tnovembre 20, 2009\t\t<\/span>\n\t\t\t\t<\/div>\n\t\t\t\t<div class=\"elementor-post__excerpt\">\n\t\t\t<p>Courtiau, C. (dir.) Ouvrage collectif, Barthassat, M. (p.181, 411, 470, 481, 510-511). Gen\u00e8ve : \u00e9ditions Patrimoine suisse Gen\u00e8ve et in folio.<\/p>\n\t\t<\/div>\n\t\t\n\t\t<a class=\"elementor-post__read-more\" href=\"https:\/\/marcellinbarthassat.ch\/index.php\/2009\/11\/20\/hello-world-6-2-2-2-2-2-2-2-2-7-6-8\/\" aria-label=\"En savoir plus sur XX. Un si\u00e8cle d&rsquo;architectures \u00e0 Gen\u00e8ve, promenades.\" tabindex=\"-1\" >\n\t\t\tVoir \u2192\t\t<\/a>\n\n\t\t\t\t<\/div>\n\t\t\t\t<\/article>\n\t\t\t\t<article class=\"elementor-post elementor-grid-item post-778 post type-post status-publish format-standard has-post-thumbnail hentry category-ecrits-livres\">\n\t\t\t\t<a class=\"elementor-post__thumbnail__link\" href=\"https:\/\/marcellinbarthassat.ch\/index.php\/2008\/11\/20\/hello-world-6-2-2-2-2-2-2-2-2-7-6-7\/\" tabindex=\"-1\" >\n\t\t\t<div class=\"elementor-post__thumbnail\"><img loading=\"lazy\" decoding=\"async\" width=\"226\" height=\"300\" src=\"https:\/\/marcellinbarthassat.ch\/wp-content\/uploads\/2025\/11\/7-2-226x300.png\" class=\"attachment-medium size-medium wp-image-760\" alt=\"\" srcset=\"https:\/\/marcellinbarthassat.ch\/wp-content\/uploads\/2025\/11\/7-2-226x300.png 226w, https:\/\/marcellinbarthassat.ch\/wp-content\/uploads\/2025\/11\/7-2.png 653w\" sizes=\"(max-width: 226px) 100vw, 226px\" \/><\/div>\n\t\t<\/a>\n\t\t\t\t<div class=\"elementor-post__text\">\n\t\t\t\t<h3 class=\"elementor-post__title\">\n\t\t\t<a href=\"https:\/\/marcellinbarthassat.ch\/index.php\/2008\/11\/20\/hello-world-6-2-2-2-2-2-2-2-2-7-6-7\/\" >\n\t\t\t\tEntre naturalit\u00e9 et agriculture, l&rsquo;espace public rural de la Haute-Seymaz.\t\t\t<\/a>\n\t\t<\/h3>\n\t\t\t\t<div class=\"elementor-post__meta-data\">\n\t\t\t\t\t<span class=\"elementor-post-date\">\n\t\t\tnovembre 20, 2008\t\t<\/span>\n\t\t\t\t<\/div>\n\t\t\t\t<div class=\"elementor-post__excerpt\">\n\t\t\t<p>Barthassat, M. In Les Carnets du paysage N\u00b018 (p.79-103). Paris : \u00e9ditions Actes Sud.<\/p>\n\t\t<\/div>\n\t\t\n\t\t<a class=\"elementor-post__read-more\" href=\"https:\/\/marcellinbarthassat.ch\/index.php\/2008\/11\/20\/hello-world-6-2-2-2-2-2-2-2-2-7-6-7\/\" aria-label=\"En savoir plus sur Entre naturalit\u00e9 et agriculture, l&rsquo;espace public rural de la Haute-Seymaz.\" tabindex=\"-1\" >\n\t\t\tVoir \u2192\t\t<\/a>\n\n\t\t\t\t<\/div>\n\t\t\t\t<\/article>\n\t\t\t\t<article class=\"elementor-post elementor-grid-item post-782 post type-post status-publish format-standard has-post-thumbnail hentry category-ecrits-livres\">\n\t\t\t\t<a class=\"elementor-post__thumbnail__link\" href=\"https:\/\/marcellinbarthassat.ch\/index.php\/2007\/11\/20\/hello-world-6-2-2-2-2-2-2-2-2-7-6-9\/\" tabindex=\"-1\" >\n\t\t\t<div class=\"elementor-post__thumbnail\"><img loading=\"lazy\" decoding=\"async\" width=\"226\" height=\"300\" src=\"https:\/\/marcellinbarthassat.ch\/wp-content\/uploads\/2025\/11\/9-1-226x300.png\" class=\"attachment-medium size-medium wp-image-762\" alt=\"\" srcset=\"https:\/\/marcellinbarthassat.ch\/wp-content\/uploads\/2025\/11\/9-1-226x300.png 226w, https:\/\/marcellinbarthassat.ch\/wp-content\/uploads\/2025\/11\/9-1.png 653w\" sizes=\"(max-width: 226px) 100vw, 226px\" \/><\/div>\n\t\t<\/a>\n\t\t\t\t<div class=\"elementor-post__text\">\n\t\t\t\t<h3 class=\"elementor-post__title\">\n\t\t\t<a href=\"https:\/\/marcellinbarthassat.ch\/index.php\/2007\/11\/20\/hello-world-6-2-2-2-2-2-2-2-2-7-6-9\/\" >\n\t\t\t\tLe sch\u00e9ma d&rsquo;agglom\u00e9ration et ses mesures.\t\t\t<\/a>\n\t\t<\/h3>\n\t\t\t\t<div class=\"elementor-post__meta-data\">\n\t\t\t\t\t<span class=\"elementor-post-date\">\n\t\t\tnovembre 20, 2007\t\t<\/span>\n\t\t\t\t<\/div>\n\t\t\t\t<div class=\"elementor-post__excerpt\">\n\t\t\t<p>Metron, Transitec, atelier B&amp;M et MRS partenaires. In Cahier annexe 3 du projet d&rsquo;agglom\u00e9ration franco-valdo-genevoise (p.59-85). Publication collective. Gen\u00e8ve : \u00e9ditions CRFG.<\/p>\n\t\t<\/div>\n\t\t\n\t\t<a class=\"elementor-post__read-more\" href=\"https:\/\/marcellinbarthassat.ch\/index.php\/2007\/11\/20\/hello-world-6-2-2-2-2-2-2-2-2-7-6-9\/\" aria-label=\"En savoir plus sur Le sch\u00e9ma d&rsquo;agglom\u00e9ration et ses mesures.\" tabindex=\"-1\" >\n\t\t\tVoir \u2192\t\t<\/a>\n\n\t\t\t\t<\/div>\n\t\t\t\t<\/article>\n\t\t\t\t<article class=\"elementor-post elementor-grid-item post-784 post type-post status-publish format-standard has-post-thumbnail hentry category-ecrits-livres\">\n\t\t\t\t<a class=\"elementor-post__thumbnail__link\" href=\"https:\/\/marcellinbarthassat.ch\/index.php\/2005\/11\/20\/hello-world-6-2-2-2-2-2-2-2-2-7-6-10\/\" tabindex=\"-1\" >\n\t\t\t<div class=\"elementor-post__thumbnail\"><img loading=\"lazy\" decoding=\"async\" width=\"226\" height=\"300\" src=\"https:\/\/marcellinbarthassat.ch\/wp-content\/uploads\/2025\/11\/10-1-226x300.png\" class=\"attachment-medium size-medium wp-image-763\" alt=\"\" srcset=\"https:\/\/marcellinbarthassat.ch\/wp-content\/uploads\/2025\/11\/10-1-226x300.png 226w, https:\/\/marcellinbarthassat.ch\/wp-content\/uploads\/2025\/11\/10-1.png 653w\" sizes=\"(max-width: 226px) 100vw, 226px\" \/><\/div>\n\t\t<\/a>\n\t\t\t\t<div class=\"elementor-post__text\">\n\t\t\t\t<h3 class=\"elementor-post__title\">\n\t\t\t<a href=\"https:\/\/marcellinbarthassat.ch\/index.php\/2005\/11\/20\/hello-world-6-2-2-2-2-2-2-2-2-7-6-10\/\" >\n\t\t\t\tLe territoire de la m\u00e9moire.\t\t\t<\/a>\n\t\t<\/h3>\n\t\t\t\t<div class=\"elementor-post__meta-data\">\n\t\t\t\t\t<span class=\"elementor-post-date\">\n\t\t\tnovembre 20, 2005\t\t<\/span>\n\t\t\t\t<\/div>\n\t\t\t\t<div class=\"elementor-post__excerpt\">\n\t\t\t<p>Barthassat, M. Pr\u00e9face In \u00ab Une si belle campagne \u00bb. Vellas, C., Malherbe, M. (p.9-11). Gen\u00e8ve : \u00e9ditions Slatkine.<\/p>\n\t\t<\/div>\n\t\t\n\t\t<a class=\"elementor-post__read-more\" href=\"https:\/\/marcellinbarthassat.ch\/index.php\/2005\/11\/20\/hello-world-6-2-2-2-2-2-2-2-2-7-6-10\/\" aria-label=\"En savoir plus sur Le territoire de la m\u00e9moire.\" tabindex=\"-1\" >\n\t\t\tVoir \u2192\t\t<\/a>\n\n\t\t\t\t<\/div>\n\t\t\t\t<\/article>\n\t\t\t\t<article class=\"elementor-post elementor-grid-item post-786 post type-post status-publish format-standard has-post-thumbnail hentry category-ecrits-livres\">\n\t\t\t\t<a class=\"elementor-post__thumbnail__link\" href=\"https:\/\/marcellinbarthassat.ch\/index.php\/2004\/11\/20\/hello-world-6-2-2-2-2-2-2-2-2-7-6-11\/\" tabindex=\"-1\" >\n\t\t\t<div class=\"elementor-post__thumbnail\"><img loading=\"lazy\" decoding=\"async\" width=\"226\" height=\"300\" src=\"https:\/\/marcellinbarthassat.ch\/wp-content\/uploads\/2025\/11\/11-1-226x300.png\" class=\"attachment-medium size-medium wp-image-764\" alt=\"\" srcset=\"https:\/\/marcellinbarthassat.ch\/wp-content\/uploads\/2025\/11\/11-1-226x300.png 226w, https:\/\/marcellinbarthassat.ch\/wp-content\/uploads\/2025\/11\/11-1.png 653w\" sizes=\"(max-width: 226px) 100vw, 226px\" \/><\/div>\n\t\t<\/a>\n\t\t\t\t<div class=\"elementor-post__text\">\n\t\t\t\t<h3 class=\"elementor-post__title\">\n\t\t\t<a href=\"https:\/\/marcellinbarthassat.ch\/index.php\/2004\/11\/20\/hello-world-6-2-2-2-2-2-2-2-2-7-6-11\/\" >\n\t\t\t\tAttitude pour un art de faire.\t\t\t<\/a>\n\t\t<\/h3>\n\t\t\t\t<div class=\"elementor-post__meta-data\">\n\t\t\t\t\t<span class=\"elementor-post-date\">\n\t\t\tnovembre 20, 2004\t\t<\/span>\n\t\t\t\t<\/div>\n\t\t\t\t<div class=\"elementor-post__excerpt\">\n\t\t\t<p>Barthassat, M. In Perrin, C. \u00ab Contextes \u00bb (p.180-183). Gollion : \u00e9ditions in folio.<\/p>\n\t\t<\/div>\n\t\t\n\t\t<a class=\"elementor-post__read-more\" href=\"https:\/\/marcellinbarthassat.ch\/index.php\/2004\/11\/20\/hello-world-6-2-2-2-2-2-2-2-2-7-6-11\/\" aria-label=\"En savoir plus sur Attitude pour un art de faire.\" tabindex=\"-1\" >\n\t\t\tVoir \u2192\t\t<\/a>\n\n\t\t\t\t<\/div>\n\t\t\t\t<\/article>\n\t\t\t\t<article class=\"elementor-post elementor-grid-item post-790 post type-post status-publish format-standard has-post-thumbnail hentry category-ecrits-livres\">\n\t\t\t\t<a class=\"elementor-post__thumbnail__link\" href=\"https:\/\/marcellinbarthassat.ch\/index.php\/1996\/11\/20\/hello-world-6-2-2-2-2-2-2-2-2-7-6-12\/\" tabindex=\"-1\" >\n\t\t\t<div class=\"elementor-post__thumbnail\"><img loading=\"lazy\" decoding=\"async\" width=\"226\" height=\"300\" src=\"https:\/\/marcellinbarthassat.ch\/wp-content\/uploads\/2025\/11\/12-1-226x300.png\" class=\"attachment-medium size-medium wp-image-765\" alt=\"\" srcset=\"https:\/\/marcellinbarthassat.ch\/wp-content\/uploads\/2025\/11\/12-1-226x300.png 226w, https:\/\/marcellinbarthassat.ch\/wp-content\/uploads\/2025\/11\/12-1.png 653w\" sizes=\"(max-width: 226px) 100vw, 226px\" \/><\/div>\n\t\t<\/a>\n\t\t\t\t<div class=\"elementor-post__text\">\n\t\t\t\t<h3 class=\"elementor-post__title\">\n\t\t\t<a href=\"https:\/\/marcellinbarthassat.ch\/index.php\/1996\/11\/20\/hello-world-6-2-2-2-2-2-2-2-2-7-6-12\/\" >\n\t\t\t\tReflets, fonds et rives, le territoire et ses concordances.\t\t\t<\/a>\n\t\t<\/h3>\n\t\t\t\t<div class=\"elementor-post__meta-data\">\n\t\t\t\t\t<span class=\"elementor-post-date\">\n\t\t\tnovembre 20, 1996\t\t<\/span>\n\t\t\t\t<\/div>\n\t\t\t\t<div class=\"elementor-post__excerpt\">\n\t\t\t<p>Barthassat, M. In Nydegger, F., Balmer, J-P. et Brulhart, A. (dir.). \u00ab Gen\u00e8ve-les-Bains \u00bb (p.248-257). Ouvrage collectif. Gen\u00e8ve : \u00e9ditions AUBP.<\/p>\n\t\t<\/div>\n\t\t\n\t\t<a class=\"elementor-post__read-more\" href=\"https:\/\/marcellinbarthassat.ch\/index.php\/1996\/11\/20\/hello-world-6-2-2-2-2-2-2-2-2-7-6-12\/\" aria-label=\"En savoir plus sur Reflets, fonds et rives, le territoire et ses concordances.\" tabindex=\"-1\" >\n\t\t\tVoir \u2192\t\t<\/a>\n\n\t\t\t\t<\/div>\n\t\t\t\t<\/article>\n\t\t\t\t<article class=\"elementor-post elementor-grid-item post-792 post type-post status-publish format-standard has-post-thumbnail hentry category-ecrits-livres\">\n\t\t\t\t<a class=\"elementor-post__thumbnail__link\" href=\"https:\/\/marcellinbarthassat.ch\/index.php\/1993\/11\/20\/hello-world-6-2-2-2-2-2-2-2-2-7-6-13\/\" tabindex=\"-1\" >\n\t\t\t<div class=\"elementor-post__thumbnail\"><img loading=\"lazy\" decoding=\"async\" width=\"226\" height=\"300\" src=\"https:\/\/marcellinbarthassat.ch\/wp-content\/uploads\/2025\/11\/13-1-226x300.png\" class=\"attachment-medium size-medium wp-image-766\" alt=\"\" srcset=\"https:\/\/marcellinbarthassat.ch\/wp-content\/uploads\/2025\/11\/13-1-226x300.png 226w, https:\/\/marcellinbarthassat.ch\/wp-content\/uploads\/2025\/11\/13-1.png 653w\" sizes=\"(max-width: 226px) 100vw, 226px\" \/><\/div>\n\t\t<\/a>\n\t\t\t\t<div class=\"elementor-post__text\">\n\t\t\t\t<h3 class=\"elementor-post__title\">\n\t\t\t<a href=\"https:\/\/marcellinbarthassat.ch\/index.php\/1993\/11\/20\/hello-world-6-2-2-2-2-2-2-2-2-7-6-13\/\" >\n\t\t\t\tQuelques \u00e9videntes raisons.\t\t\t<\/a>\n\t\t<\/h3>\n\t\t\t\t<div class=\"elementor-post__meta-data\">\n\t\t\t\t\t<span class=\"elementor-post-date\">\n\t\t\tnovembre 20, 1993\t\t<\/span>\n\t\t\t\t<\/div>\n\t\t\t\t<div class=\"elementor-post__excerpt\">\n\t\t\t<p>Barthassat, M., Corthay, A. In \u00ab Notes sur la Touvi\u00e8re, lecture et interpr\u00e9tation d&rsquo;un paysage \u00bb, Baratelli, J., Perrin, C. (dir.) (p.11-13). Gen\u00e8ve : \u00e9ditions<\/p>\n\t\t<\/div>\n\t\t\n\t\t<a class=\"elementor-post__read-more\" href=\"https:\/\/marcellinbarthassat.ch\/index.php\/1993\/11\/20\/hello-world-6-2-2-2-2-2-2-2-2-7-6-13\/\" aria-label=\"En savoir plus sur Quelques \u00e9videntes raisons.\" tabindex=\"-1\" >\n\t\t\tVoir \u2192\t\t<\/a>\n\n\t\t\t\t<\/div>\n\t\t\t\t<\/article>\n\t\t\t\t<\/div>\n\t\t\n\t\t\t\t\t\t<\/div>\n\t\t\t\t<\/div>\n\t\t\t\t<\/div>\n\t\t<div class=\"elementor-element elementor-element-dba4c0e e-flex e-con-boxed e-con e-parent\" data-id=\"dba4c0e\" data-element_type=\"container\">\n\t\t\t\t\t<div class=\"e-con-inner\">\n\t\t\t\t<div class=\"elementor-element elementor-element-a4a000c elementor-widget elementor-widget-heading\" data-id=\"a4a000c\" data-element_type=\"widget\" data-widget_type=\"heading.default\">\n\t\t\t\t\t<h2 class=\"elementor-heading-title elementor-size-default\">\u00e9crits\/revues<\/h2>\t\t\t\t<\/div>\n\t\t\t\t\t<\/div>\n\t\t\t\t<\/div>\n\t\t<div class=\"elementor-element elementor-element-03e4ed8 e-flex e-con-boxed e-con e-parent\" data-id=\"03e4ed8\" data-element_type=\"container\">\n\t\t\t\t\t<div class=\"e-con-inner\">\n\t\t\t\t<div class=\"elementor-element elementor-element-845670e elementor-grid-1 elementor-posts--thumbnail-right split-left elementor-grid-tablet-2 elementor-grid-mobile-1 elementor-widget elementor-widget-posts\" data-id=\"845670e\" data-element_type=\"widget\" data-settings=\"{&quot;classic_columns&quot;:&quot;1&quot;,&quot;classic_row_gap&quot;:{&quot;unit&quot;:&quot;px&quot;,&quot;size&quot;:0,&quot;sizes&quot;:[]},&quot;classic_columns_tablet&quot;:&quot;2&quot;,&quot;classic_columns_mobile&quot;:&quot;1&quot;,&quot;classic_row_gap_tablet&quot;:{&quot;unit&quot;:&quot;px&quot;,&quot;size&quot;:&quot;&quot;,&quot;sizes&quot;:[]},&quot;classic_row_gap_mobile&quot;:{&quot;unit&quot;:&quot;px&quot;,&quot;size&quot;:&quot;&quot;,&quot;sizes&quot;:[]}}\" data-widget_type=\"posts.classic\">\n\t\t\t\t<div class=\"elementor-widget-container\">\n\t\t\t\t\t\t\t<div class=\"elementor-posts-container elementor-posts elementor-posts--skin-classic elementor-grid\">\n\t\t\t\t<article class=\"elementor-post elementor-grid-item post-794 post type-post status-publish format-standard has-post-thumbnail hentry category-ecrits-revues\">\n\t\t\t\t<a class=\"elementor-post__thumbnail__link\" href=\"https:\/\/marcellinbarthassat.ch\/index.php\/2024\/11\/20\/hello-world-6-2-2-2-2-2-2-2-2-7-6-14\/\" tabindex=\"-1\" >\n\t\t\t<div class=\"elementor-post__thumbnail\"><img loading=\"lazy\" decoding=\"async\" width=\"226\" height=\"300\" src=\"https:\/\/marcellinbarthassat.ch\/wp-content\/uploads\/2025\/11\/1-4-226x300.png\" class=\"attachment-medium size-medium wp-image-795\" alt=\"\" srcset=\"https:\/\/marcellinbarthassat.ch\/wp-content\/uploads\/2025\/11\/1-4-226x300.png 226w, https:\/\/marcellinbarthassat.ch\/wp-content\/uploads\/2025\/11\/1-4.png 653w\" sizes=\"(max-width: 226px) 100vw, 226px\" \/><\/div>\n\t\t<\/a>\n\t\t\t\t<div class=\"elementor-post__text\">\n\t\t\t\t<h3 class=\"elementor-post__title\">\n\t\t\t<a href=\"https:\/\/marcellinbarthassat.ch\/index.php\/2024\/11\/20\/hello-world-6-2-2-2-2-2-2-2-2-7-6-14\/\" >\n\t\t\t\tUn paysage transfrontalier, entre h\u00e9ritage, engagement et vision, revue COLLAGE 4\/24.\t\t\t<\/a>\n\t\t<\/h3>\n\t\t\t\t<div class=\"elementor-post__meta-data\">\n\t\t\t\t\t<span class=\"elementor-post-date\">\n\t\t\tnovembre 20, 2024\t\t<\/span>\n\t\t\t\t<\/div>\n\t\t\t\t<div class=\"elementor-post__excerpt\">\n\t\t\t<p>Badoux, L., Barthassat, M. \u00c9dition de la F\u00e9d\u00e9ration suisse des urbanistes (FSU).<\/p>\n\t\t<\/div>\n\t\t\n\t\t<a class=\"elementor-post__read-more\" href=\"https:\/\/marcellinbarthassat.ch\/index.php\/2024\/11\/20\/hello-world-6-2-2-2-2-2-2-2-2-7-6-14\/\" aria-label=\"En savoir plus sur Un paysage transfrontalier, entre h\u00e9ritage, engagement et vision, revue COLLAGE 4\/24.\" tabindex=\"-1\" >\n\t\t\tVoir \u2192\t\t<\/a>\n\n\t\t\t\t<\/div>\n\t\t\t\t<\/article>\n\t\t\t\t<article class=\"elementor-post elementor-grid-item post-833 post type-post status-publish format-standard has-post-thumbnail hentry category-ecrits-revues\">\n\t\t\t\t<a class=\"elementor-post__thumbnail__link\" href=\"https:\/\/marcellinbarthassat.ch\/index.php\/2021\/11\/20\/hello-world-6-2-2-2-2-2-2-2-2-7-6-14-4\/\" tabindex=\"-1\" >\n\t\t\t<div class=\"elementor-post__thumbnail\"><img loading=\"lazy\" decoding=\"async\" width=\"226\" height=\"300\" src=\"https:\/\/marcellinbarthassat.ch\/wp-content\/uploads\/2025\/11\/4-3-226x300.png\" class=\"attachment-medium size-medium wp-image-798\" alt=\"\" srcset=\"https:\/\/marcellinbarthassat.ch\/wp-content\/uploads\/2025\/11\/4-3-226x300.png 226w, https:\/\/marcellinbarthassat.ch\/wp-content\/uploads\/2025\/11\/4-3.png 653w\" sizes=\"(max-width: 226px) 100vw, 226px\" \/><\/div>\n\t\t<\/a>\n\t\t\t\t<div class=\"elementor-post__text\">\n\t\t\t\t<h3 class=\"elementor-post__title\">\n\t\t\t<a href=\"https:\/\/marcellinbarthassat.ch\/index.php\/2021\/11\/20\/hello-world-6-2-2-2-2-2-2-2-2-7-6-14-4\/\" >\n\t\t\t\tL&rsquo;exploration de territoires incertains.\t\t\t<\/a>\n\t\t<\/h3>\n\t\t\t\t<div class=\"elementor-post__meta-data\">\n\t\t\t\t\t<span class=\"elementor-post-date\">\n\t\t\tnovembre 20, 2021\t\t<\/span>\n\t\t\t\t<\/div>\n\t\t\t\t<div class=\"elementor-post__excerpt\">\n\t\t\t<p>Barthassat, M-A et M. In E. Vellas et Ph. Perrenoud (dir), \u00ab Incertitudes et complexit\u00e9 : quelle formation ? \u00bb dossier Educateur N\u00b0 3\/202, \u00e9ditions<\/p>\n\t\t<\/div>\n\t\t\n\t\t<a class=\"elementor-post__read-more\" href=\"https:\/\/marcellinbarthassat.ch\/index.php\/2021\/11\/20\/hello-world-6-2-2-2-2-2-2-2-2-7-6-14-4\/\" aria-label=\"En savoir plus sur L&rsquo;exploration de territoires incertains.\" tabindex=\"-1\" >\n\t\t\tVoir \u2192\t\t<\/a>\n\n\t\t\t\t<\/div>\n\t\t\t\t<\/article>\n\t\t\t\t<article class=\"elementor-post elementor-grid-item post-831 post type-post status-publish format-standard has-post-thumbnail hentry category-ecrits-revues\">\n\t\t\t\t<a class=\"elementor-post__thumbnail__link\" href=\"https:\/\/marcellinbarthassat.ch\/index.php\/2021\/11\/20\/hello-world-6-2-2-2-2-2-2-2-2-7-6-14-3\/\" tabindex=\"-1\" >\n\t\t\t<div class=\"elementor-post__thumbnail\"><img loading=\"lazy\" decoding=\"async\" width=\"226\" height=\"300\" src=\"https:\/\/marcellinbarthassat.ch\/wp-content\/uploads\/2025\/11\/3-3-226x300.png\" class=\"attachment-medium size-medium wp-image-797\" alt=\"\" srcset=\"https:\/\/marcellinbarthassat.ch\/wp-content\/uploads\/2025\/11\/3-3-226x300.png 226w, https:\/\/marcellinbarthassat.ch\/wp-content\/uploads\/2025\/11\/3-3.png 653w\" sizes=\"(max-width: 226px) 100vw, 226px\" \/><\/div>\n\t\t<\/a>\n\t\t\t\t<div class=\"elementor-post__text\">\n\t\t\t\t<h3 class=\"elementor-post__title\">\n\t\t\t<a href=\"https:\/\/marcellinbarthassat.ch\/index.php\/2021\/11\/20\/hello-world-6-2-2-2-2-2-2-2-2-7-6-14-3\/\" >\n\t\t\t\t\u00a0Immersions territoriales &#8211; Pour aller plus loin.\t\t\t<\/a>\n\t\t<\/h3>\n\t\t\t\t<div class=\"elementor-post__meta-data\">\n\t\t\t\t\t<span class=\"elementor-post-date\">\n\t\t\tnovembre 20, 2021\t\t<\/span>\n\t\t\t\t<\/div>\n\t\t\t\t<div class=\"elementor-post__excerpt\">\n\t\t\t<p>Barthassat, M. Entretien avec Mathieu Igl\u00e9sias, Grand Gen\u00e8ve, projet d&rsquo;agglom\u00e9ration<\/p>\n\t\t<\/div>\n\t\t\n\t\t<a class=\"elementor-post__read-more\" href=\"https:\/\/marcellinbarthassat.ch\/index.php\/2021\/11\/20\/hello-world-6-2-2-2-2-2-2-2-2-7-6-14-3\/\" aria-label=\"En savoir plus sur \u00a0Immersions territoriales &#8211; Pour aller plus loin.\" tabindex=\"-1\" >\n\t\t\tVoir \u2192\t\t<\/a>\n\n\t\t\t\t<\/div>\n\t\t\t\t<\/article>\n\t\t\t\t<article class=\"elementor-post elementor-grid-item post-829 post type-post status-publish format-standard has-post-thumbnail hentry category-ecrits-revues\">\n\t\t\t\t<a class=\"elementor-post__thumbnail__link\" href=\"https:\/\/marcellinbarthassat.ch\/index.php\/2021\/11\/20\/hello-world-6-2-2-2-2-2-2-2-2-7-6-14-2\/\" tabindex=\"-1\" >\n\t\t\t<div class=\"elementor-post__thumbnail\"><img loading=\"lazy\" decoding=\"async\" width=\"226\" height=\"300\" src=\"https:\/\/marcellinbarthassat.ch\/wp-content\/uploads\/2025\/11\/2-3-226x300.png\" class=\"attachment-medium size-medium wp-image-796\" alt=\"\" srcset=\"https:\/\/marcellinbarthassat.ch\/wp-content\/uploads\/2025\/11\/2-3-226x300.png 226w, https:\/\/marcellinbarthassat.ch\/wp-content\/uploads\/2025\/11\/2-3.png 653w\" sizes=\"(max-width: 226px) 100vw, 226px\" \/><\/div>\n\t\t<\/a>\n\t\t\t\t<div class=\"elementor-post__text\">\n\t\t\t\t<h3 class=\"elementor-post__title\">\n\t\t\t<a href=\"https:\/\/marcellinbarthassat.ch\/index.php\/2021\/11\/20\/hello-world-6-2-2-2-2-2-2-2-2-7-6-14-2\/\" >\n\t\t\t\tLe partage des sols.\t\t\t<\/a>\n\t\t<\/h3>\n\t\t\t\t<div class=\"elementor-post__meta-data\">\n\t\t\t\t\t<span class=\"elementor-post-date\">\n\t\t\tnovembre 20, 2021\t\t<\/span>\n\t\t\t\t<\/div>\n\t\t\t\t<div class=\"elementor-post__excerpt\">\n\t\t\t<p>Barthassat, M. In J-P. Jaccaud et D. Zamarbide (dir) &#8211; Ensembles d&rsquo;\u00e9crits, \u00e9dition FAS Gen\u00e8ve.&nbsp;<\/p>\n\t\t<\/div>\n\t\t\n\t\t<a class=\"elementor-post__read-more\" href=\"https:\/\/marcellinbarthassat.ch\/index.php\/2021\/11\/20\/hello-world-6-2-2-2-2-2-2-2-2-7-6-14-2\/\" aria-label=\"En savoir plus sur Le partage des sols.\" tabindex=\"-1\" >\n\t\t\tVoir \u2192\t\t<\/a>\n\n\t\t\t\t<\/div>\n\t\t\t\t<\/article>\n\t\t\t\t<article class=\"elementor-post elementor-grid-item post-839 post type-post status-publish format-standard has-post-thumbnail hentry category-ecrits-revues\">\n\t\t\t\t<a class=\"elementor-post__thumbnail__link\" href=\"https:\/\/marcellinbarthassat.ch\/index.php\/2020\/11\/20\/hello-world-6-2-2-2-2-2-2-2-2-7-6-14-7\/\" tabindex=\"-1\" >\n\t\t\t<div class=\"elementor-post__thumbnail\"><img loading=\"lazy\" decoding=\"async\" width=\"226\" height=\"300\" src=\"https:\/\/marcellinbarthassat.ch\/wp-content\/uploads\/2025\/11\/7-3-226x300.png\" class=\"attachment-medium size-medium wp-image-801\" alt=\"\" srcset=\"https:\/\/marcellinbarthassat.ch\/wp-content\/uploads\/2025\/11\/7-3-226x300.png 226w, https:\/\/marcellinbarthassat.ch\/wp-content\/uploads\/2025\/11\/7-3.png 653w\" sizes=\"(max-width: 226px) 100vw, 226px\" \/><\/div>\n\t\t<\/a>\n\t\t\t\t<div class=\"elementor-post__text\">\n\t\t\t\t<h3 class=\"elementor-post__title\">\n\t\t\t<a href=\"https:\/\/marcellinbarthassat.ch\/index.php\/2020\/11\/20\/hello-world-6-2-2-2-2-2-2-2-2-7-6-14-7\/\" >\n\t\t\t\tL&rsquo;alpinisme, un art de la montagne.\t\t\t<\/a>\n\t\t<\/h3>\n\t\t\t\t<div class=\"elementor-post__meta-data\">\n\t\t\t\t\t<span class=\"elementor-post-date\">\n\t\t\tnovembre 20, 2020\t\t<\/span>\n\t\t\t\t<\/div>\n\t\t\t\t<div class=\"elementor-post__excerpt\">\n\t\t\t<p>Barthassat, M. Journal alerte N\u00b0 151 (p.4), \u00e9ditions Patrimoine suisse, Gen\u00e8ve.<\/p>\n\t\t<\/div>\n\t\t\n\t\t<a class=\"elementor-post__read-more\" href=\"https:\/\/marcellinbarthassat.ch\/index.php\/2020\/11\/20\/hello-world-6-2-2-2-2-2-2-2-2-7-6-14-7\/\" aria-label=\"En savoir plus sur L&rsquo;alpinisme, un art de la montagne.\" tabindex=\"-1\" >\n\t\t\tVoir \u2192\t\t<\/a>\n\n\t\t\t\t<\/div>\n\t\t\t\t<\/article>\n\t\t\t\t<article class=\"elementor-post elementor-grid-item post-835 post type-post status-publish format-standard has-post-thumbnail hentry category-ecrits-revues\">\n\t\t\t\t<a class=\"elementor-post__thumbnail__link\" href=\"https:\/\/marcellinbarthassat.ch\/index.php\/2020\/11\/20\/hello-world-6-2-2-2-2-2-2-2-2-7-6-14-5\/\" tabindex=\"-1\" >\n\t\t\t<div class=\"elementor-post__thumbnail\"><img loading=\"lazy\" decoding=\"async\" width=\"226\" height=\"300\" src=\"https:\/\/marcellinbarthassat.ch\/wp-content\/uploads\/2025\/11\/6-3-226x300.png\" class=\"attachment-medium size-medium wp-image-800\" alt=\"\" srcset=\"https:\/\/marcellinbarthassat.ch\/wp-content\/uploads\/2025\/11\/6-3-226x300.png 226w, https:\/\/marcellinbarthassat.ch\/wp-content\/uploads\/2025\/11\/6-3.png 653w\" sizes=\"(max-width: 226px) 100vw, 226px\" \/><\/div>\n\t\t<\/a>\n\t\t\t\t<div class=\"elementor-post__text\">\n\t\t\t\t<h3 class=\"elementor-post__title\">\n\t\t\t<a href=\"https:\/\/marcellinbarthassat.ch\/index.php\/2020\/11\/20\/hello-world-6-2-2-2-2-2-2-2-2-7-6-14-5\/\" >\n\t\t\t\tComment concr\u00e8tement la notion d&rsquo;une \u00ab densit\u00e9 \u00e9quilibr\u00e9e \u00bb pourrait-elle voir le jour ?\t\t\t<\/a>\n\t\t<\/h3>\n\t\t\t\t<div class=\"elementor-post__meta-data\">\n\t\t\t\t\t<span class=\"elementor-post-date\">\n\t\t\tnovembre 20, 2020\t\t<\/span>\n\t\t\t\t<\/div>\n\t\t\t\t<div class=\"elementor-post__excerpt\">\n\t\t\t<p>Barthassat, M., interview par Bouys,G. Fondation Braillard Architectes Extrait de communication Transition Workshop (Linkedin) de la FBA.<\/p>\n\t\t<\/div>\n\t\t\n\t\t<a class=\"elementor-post__read-more\" href=\"https:\/\/marcellinbarthassat.ch\/index.php\/2020\/11\/20\/hello-world-6-2-2-2-2-2-2-2-2-7-6-14-5\/\" aria-label=\"En savoir plus sur Comment concr\u00e8tement la notion d&rsquo;une \u00ab densit\u00e9 \u00e9quilibr\u00e9e \u00bb pourrait-elle voir le jour ?\" tabindex=\"-1\" >\n\t\t\tVoir \u2192\t\t<\/a>\n\n\t\t\t\t<\/div>\n\t\t\t\t<\/article>\n\t\t\t\t<article class=\"elementor-post elementor-grid-item post-845 post type-post status-publish format-standard has-post-thumbnail hentry category-ecrits-revues\">\n\t\t\t\t<a class=\"elementor-post__thumbnail__link\" href=\"https:\/\/marcellinbarthassat.ch\/index.php\/2019\/11\/20\/hello-world-6-2-2-2-2-2-2-2-2-7-6-14-10\/\" tabindex=\"-1\" >\n\t\t\t<div class=\"elementor-post__thumbnail\"><img loading=\"lazy\" decoding=\"async\" width=\"201\" height=\"300\" src=\"https:\/\/marcellinbarthassat.ch\/wp-content\/uploads\/2026\/05\/P1070748-201x300.jpg\" class=\"attachment-medium size-medium wp-image-1533\" alt=\"\" srcset=\"https:\/\/marcellinbarthassat.ch\/wp-content\/uploads\/2026\/05\/P1070748-201x300.jpg 201w, https:\/\/marcellinbarthassat.ch\/wp-content\/uploads\/2026\/05\/P1070748-685x1024.jpg 685w, https:\/\/marcellinbarthassat.ch\/wp-content\/uploads\/2026\/05\/P1070748-768x1148.jpg 768w, https:\/\/marcellinbarthassat.ch\/wp-content\/uploads\/2026\/05\/P1070748-1027x1536.jpg 1027w, https:\/\/marcellinbarthassat.ch\/wp-content\/uploads\/2026\/05\/P1070748-1370x2048.jpg 1370w, https:\/\/marcellinbarthassat.ch\/wp-content\/uploads\/2026\/05\/P1070748-rotated.jpg 1712w\" sizes=\"(max-width: 201px) 100vw, 201px\" \/><\/div>\n\t\t<\/a>\n\t\t\t\t<div class=\"elementor-post__text\">\n\t\t\t\t<h3 class=\"elementor-post__title\">\n\t\t\t<a href=\"https:\/\/marcellinbarthassat.ch\/index.php\/2019\/11\/20\/hello-world-6-2-2-2-2-2-2-2-2-7-6-14-10\/\" >\n\t\t\t\tPortrait M. Barthassat, l\u2019amour du paysage.\t\t\t<\/a>\n\t\t<\/h3>\n\t\t\t\t<div class=\"elementor-post__meta-data\">\n\t\t\t\t\t<span class=\"elementor-post-date\">\n\t\t\tnovembre 20, 2019\t\t<\/span>\n\t\t\t\t<\/div>\n\t\t\t\t<div class=\"elementor-post__excerpt\">\n\t\t\t<p>Jan-Hess, I. Journal communal Confi\u2019lien, \u00e9dition commune de Confignon.<\/p>\n\t\t<\/div>\n\t\t\n\t\t<a class=\"elementor-post__read-more\" href=\"https:\/\/marcellinbarthassat.ch\/index.php\/2019\/11\/20\/hello-world-6-2-2-2-2-2-2-2-2-7-6-14-10\/\" aria-label=\"En savoir plus sur Portrait M. Barthassat, l\u2019amour du paysage.\" tabindex=\"-1\" >\n\t\t\tVoir \u2192\t\t<\/a>\n\n\t\t\t\t<\/div>\n\t\t\t\t<\/article>\n\t\t\t\t<article class=\"elementor-post elementor-grid-item post-843 post type-post status-publish format-standard has-post-thumbnail hentry category-ecrits-revues\">\n\t\t\t\t<a class=\"elementor-post__thumbnail__link\" href=\"https:\/\/marcellinbarthassat.ch\/index.php\/2019\/11\/20\/hello-world-6-2-2-2-2-2-2-2-2-7-6-14-9\/\" tabindex=\"-1\" >\n\t\t\t<div class=\"elementor-post__thumbnail\"><img loading=\"lazy\" decoding=\"async\" width=\"226\" height=\"300\" src=\"https:\/\/marcellinbarthassat.ch\/wp-content\/uploads\/2025\/11\/9-2-226x300.png\" class=\"attachment-medium size-medium wp-image-803\" alt=\"\" srcset=\"https:\/\/marcellinbarthassat.ch\/wp-content\/uploads\/2025\/11\/9-2-226x300.png 226w, https:\/\/marcellinbarthassat.ch\/wp-content\/uploads\/2025\/11\/9-2.png 653w\" sizes=\"(max-width: 226px) 100vw, 226px\" \/><\/div>\n\t\t<\/a>\n\t\t\t\t<div class=\"elementor-post__text\">\n\t\t\t\t<h3 class=\"elementor-post__title\">\n\t\t\t<a href=\"https:\/\/marcellinbarthassat.ch\/index.php\/2019\/11\/20\/hello-world-6-2-2-2-2-2-2-2-2-7-6-14-9\/\" >\n\t\t\t\tLe Grand Gen\u00e8ve : convergences possibles des espaces d&rsquo;agglom\u00e9ration.\t\t\t<\/a>\n\t\t<\/h3>\n\t\t\t\t<div class=\"elementor-post__meta-data\">\n\t\t\t\t\t<span class=\"elementor-post-date\">\n\t\t\tnovembre 20, 2019\t\t<\/span>\n\t\t\t\t<\/div>\n\t\t\t\t<div class=\"elementor-post__excerpt\">\n\t\t\t<p>Barthassat, M. In URBIA N\u00b022 (p.79-101) \u00e9ditions Institut de g\u00e9ographie et durabilit\u00e9 \/ UNIL, Lausanne.<\/p>\n\t\t<\/div>\n\t\t\n\t\t<a class=\"elementor-post__read-more\" href=\"https:\/\/marcellinbarthassat.ch\/index.php\/2019\/11\/20\/hello-world-6-2-2-2-2-2-2-2-2-7-6-14-9\/\" aria-label=\"En savoir plus sur Le Grand Gen\u00e8ve : convergences possibles des espaces d&rsquo;agglom\u00e9ration.\" tabindex=\"-1\" >\n\t\t\tVoir \u2192\t\t<\/a>\n\n\t\t\t\t<\/div>\n\t\t\t\t<\/article>\n\t\t\t\t<article class=\"elementor-post elementor-grid-item post-841 post type-post status-publish format-standard has-post-thumbnail hentry category-ecrits-revues\">\n\t\t\t\t<a class=\"elementor-post__thumbnail__link\" href=\"https:\/\/marcellinbarthassat.ch\/index.php\/2019\/11\/20\/hello-world-6-2-2-2-2-2-2-2-2-7-6-14-8\/\" tabindex=\"-1\" >\n\t\t\t<div class=\"elementor-post__thumbnail\"><img loading=\"lazy\" decoding=\"async\" width=\"226\" height=\"300\" src=\"https:\/\/marcellinbarthassat.ch\/wp-content\/uploads\/2025\/11\/8-3-226x300.png\" class=\"attachment-medium size-medium wp-image-802\" alt=\"\" srcset=\"https:\/\/marcellinbarthassat.ch\/wp-content\/uploads\/2025\/11\/8-3-226x300.png 226w, https:\/\/marcellinbarthassat.ch\/wp-content\/uploads\/2025\/11\/8-3.png 653w\" sizes=\"(max-width: 226px) 100vw, 226px\" \/><\/div>\n\t\t<\/a>\n\t\t\t\t<div class=\"elementor-post__text\">\n\t\t\t\t<h3 class=\"elementor-post__title\">\n\t\t\t<a href=\"https:\/\/marcellinbarthassat.ch\/index.php\/2019\/11\/20\/hello-world-6-2-2-2-2-2-2-2-2-7-6-14-8\/\" >\n\t\t\t\tConsid\u00e9rations sur la tectonique des toitures.\t\t\t<\/a>\n\t\t<\/h3>\n\t\t\t\t<div class=\"elementor-post__meta-data\">\n\t\t\t\t\t<span class=\"elementor-post-date\">\n\t\t\tnovembre 20, 2019\t\t<\/span>\n\t\t\t\t<\/div>\n\t\t\t\t<div class=\"elementor-post__excerpt\">\n\t\t\t<p>Barthassat, M., Decorzent, J-P. In Patrimoine et Architecture N\u00b017 (p.104-111 et 145). Gen\u00e8ve, \u00e9dition OPS\/DT.&nbsp;<\/p>\n\t\t<\/div>\n\t\t\n\t\t<a class=\"elementor-post__read-more\" href=\"https:\/\/marcellinbarthassat.ch\/index.php\/2019\/11\/20\/hello-world-6-2-2-2-2-2-2-2-2-7-6-14-8\/\" aria-label=\"En savoir plus sur Consid\u00e9rations sur la tectonique des toitures.\" tabindex=\"-1\" >\n\t\t\tVoir \u2192\t\t<\/a>\n\n\t\t\t\t<\/div>\n\t\t\t\t<\/article>\n\t\t\t\t<article class=\"elementor-post elementor-grid-item post-853 post type-post status-publish format-standard has-post-thumbnail hentry category-ecrits-revues\">\n\t\t\t\t<a class=\"elementor-post__thumbnail__link\" href=\"https:\/\/marcellinbarthassat.ch\/index.php\/2018\/11\/20\/hello-world-6-2-2-2-2-2-2-2-2-7-6-14-14\/\" tabindex=\"-1\" >\n\t\t\t<div class=\"elementor-post__thumbnail\"><img loading=\"lazy\" decoding=\"async\" width=\"226\" height=\"300\" src=\"https:\/\/marcellinbarthassat.ch\/wp-content\/uploads\/2025\/11\/14-1-226x300.png\" class=\"attachment-medium size-medium wp-image-808\" alt=\"\" srcset=\"https:\/\/marcellinbarthassat.ch\/wp-content\/uploads\/2025\/11\/14-1-226x300.png 226w, https:\/\/marcellinbarthassat.ch\/wp-content\/uploads\/2025\/11\/14-1.png 653w\" sizes=\"(max-width: 226px) 100vw, 226px\" \/><\/div>\n\t\t<\/a>\n\t\t\t\t<div class=\"elementor-post__text\">\n\t\t\t\t<h3 class=\"elementor-post__title\">\n\t\t\t<a href=\"https:\/\/marcellinbarthassat.ch\/index.php\/2018\/11\/20\/hello-world-6-2-2-2-2-2-2-2-2-7-6-14-14\/\" >\n\t\t\t\tAgriculture de proximit\u00e9, un dess(e)in pour nourrir la ville.\t\t\t<\/a>\n\t\t<\/h3>\n\t\t\t\t<div class=\"elementor-post__meta-data\">\n\t\t\t\t\t<span class=\"elementor-post-date\">\n\t\t\tnovembre 20, 2018\t\t<\/span>\n\t\t\t\t<\/div>\n\t\t\t\t<div class=\"elementor-post__excerpt\">\n\t\t\t<p>Barthassat, M. Dans le cadre des Journ\u00e9es biennales des G\u00e9osciences et de l&rsquo;environnement \/ UNIL : L&rsquo;agriculture urbaine transforme-t-elle la ville ? (Table ronde).<\/p>\n\t\t<\/div>\n\t\t\n\t\t<a class=\"elementor-post__read-more\" href=\"https:\/\/marcellinbarthassat.ch\/index.php\/2018\/11\/20\/hello-world-6-2-2-2-2-2-2-2-2-7-6-14-14\/\" aria-label=\"En savoir plus sur Agriculture de proximit\u00e9, un dess(e)in pour nourrir la ville.\" tabindex=\"-1\" >\n\t\t\tVoir \u2192\t\t<\/a>\n\n\t\t\t\t<\/div>\n\t\t\t\t<\/article>\n\t\t\t\t<article class=\"elementor-post elementor-grid-item post-851 post type-post status-publish format-standard has-post-thumbnail hentry category-ecrits-revues\">\n\t\t\t\t<a class=\"elementor-post__thumbnail__link\" href=\"https:\/\/marcellinbarthassat.ch\/index.php\/2018\/11\/20\/hello-world-6-2-2-2-2-2-2-2-2-7-6-14-13\/\" tabindex=\"-1\" >\n\t\t\t<div class=\"elementor-post__thumbnail\"><img loading=\"lazy\" decoding=\"async\" width=\"226\" height=\"300\" src=\"https:\/\/marcellinbarthassat.ch\/wp-content\/uploads\/2025\/11\/13-2-226x300.png\" class=\"attachment-medium size-medium wp-image-807\" alt=\"\" srcset=\"https:\/\/marcellinbarthassat.ch\/wp-content\/uploads\/2025\/11\/13-2-226x300.png 226w, https:\/\/marcellinbarthassat.ch\/wp-content\/uploads\/2025\/11\/13-2.png 653w\" sizes=\"(max-width: 226px) 100vw, 226px\" \/><\/div>\n\t\t<\/a>\n\t\t\t\t<div class=\"elementor-post__text\">\n\t\t\t\t<h3 class=\"elementor-post__title\">\n\t\t\t<a href=\"https:\/\/marcellinbarthassat.ch\/index.php\/2018\/11\/20\/hello-world-6-2-2-2-2-2-2-2-2-7-6-14-13\/\" >\n\t\t\t\tDensit\u00e9 et patrimoine, un d\u00e9fi qualitatif ?\t\t\t<\/a>\n\t\t<\/h3>\n\t\t\t\t<div class=\"elementor-post__meta-data\">\n\t\t\t\t\t<span class=\"elementor-post-date\">\n\t\t\tnovembre 20, 2018\t\t<\/span>\n\t\t\t\t<\/div>\n\t\t\t\t<div class=\"elementor-post__excerpt\">\n\t\t\t<p>\u00a0Barthassat, M. In alerte N\u00b0143 (p.1-2), \u00e9ditions Patrimoine suisse Gen\u00e8ve.<\/p>\n\t\t<\/div>\n\t\t\n\t\t<a class=\"elementor-post__read-more\" href=\"https:\/\/marcellinbarthassat.ch\/index.php\/2018\/11\/20\/hello-world-6-2-2-2-2-2-2-2-2-7-6-14-13\/\" aria-label=\"En savoir plus sur Densit\u00e9 et patrimoine, un d\u00e9fi qualitatif ?\" tabindex=\"-1\" >\n\t\t\tVoir \u2192\t\t<\/a>\n\n\t\t\t\t<\/div>\n\t\t\t\t<\/article>\n\t\t\t\t<article class=\"elementor-post elementor-grid-item post-849 post type-post status-publish format-standard has-post-thumbnail hentry category-ecrits-revues\">\n\t\t\t\t<a class=\"elementor-post__thumbnail__link\" href=\"https:\/\/marcellinbarthassat.ch\/index.php\/2018\/11\/20\/hello-world-6-2-2-2-2-2-2-2-2-7-6-14-12\/\" tabindex=\"-1\" >\n\t\t\t<div class=\"elementor-post__thumbnail\"><img loading=\"lazy\" decoding=\"async\" width=\"226\" height=\"300\" src=\"https:\/\/marcellinbarthassat.ch\/wp-content\/uploads\/2025\/11\/12-2-226x300.png\" class=\"attachment-medium size-medium wp-image-806\" alt=\"\" srcset=\"https:\/\/marcellinbarthassat.ch\/wp-content\/uploads\/2025\/11\/12-2-226x300.png 226w, https:\/\/marcellinbarthassat.ch\/wp-content\/uploads\/2025\/11\/12-2.png 653w\" sizes=\"(max-width: 226px) 100vw, 226px\" \/><\/div>\n\t\t<\/a>\n\t\t\t\t<div class=\"elementor-post__text\">\n\t\t\t\t<h3 class=\"elementor-post__title\">\n\t\t\t<a href=\"https:\/\/marcellinbarthassat.ch\/index.php\/2018\/11\/20\/hello-world-6-2-2-2-2-2-2-2-2-7-6-14-12\/\" >\n\t\t\t\tHaute \u00e9cole du paysage, d&rsquo;ing\u00e9nierie et d&rsquo;architecture de Gen\u00e8ve, Les adieux de Marcellin Barthassat.\t\t\t<\/a>\n\t\t<\/h3>\n\t\t\t\t<div class=\"elementor-post__meta-data\">\n\t\t\t\t\t<span class=\"elementor-post-date\">\n\t\t\tnovembre 20, 2018\t\t<\/span>\n\t\t\t\t<\/div>\n\t\t\t\t<div class=\"elementor-post__excerpt\">\n\t\t\t<p>Stein, V. Le\u00e7on terminale \u00e0 HEPIA, in Tout l&rsquo;Immobilier, Gen\u00e8ve.<\/p>\n\t\t<\/div>\n\t\t\n\t\t<a class=\"elementor-post__read-more\" href=\"https:\/\/marcellinbarthassat.ch\/index.php\/2018\/11\/20\/hello-world-6-2-2-2-2-2-2-2-2-7-6-14-12\/\" aria-label=\"En savoir plus sur Haute \u00e9cole du paysage, d&rsquo;ing\u00e9nierie et d&rsquo;architecture de Gen\u00e8ve, Les adieux de Marcellin Barthassat.\" tabindex=\"-1\" >\n\t\t\tVoir \u2192\t\t<\/a>\n\n\t\t\t\t<\/div>\n\t\t\t\t<\/article>\n\t\t\t\t<article class=\"elementor-post elementor-grid-item post-847 post type-post status-publish format-standard has-post-thumbnail hentry category-ecrits-revues\">\n\t\t\t\t<a class=\"elementor-post__thumbnail__link\" href=\"https:\/\/marcellinbarthassat.ch\/index.php\/2018\/11\/20\/hello-world-6-2-2-2-2-2-2-2-2-7-6-14-11\/\" tabindex=\"-1\" >\n\t\t\t<div class=\"elementor-post__thumbnail\"><img loading=\"lazy\" decoding=\"async\" width=\"226\" height=\"300\" src=\"https:\/\/marcellinbarthassat.ch\/wp-content\/uploads\/2025\/11\/11-2-226x300.png\" class=\"attachment-medium size-medium wp-image-805\" alt=\"\" srcset=\"https:\/\/marcellinbarthassat.ch\/wp-content\/uploads\/2025\/11\/11-2-226x300.png 226w, https:\/\/marcellinbarthassat.ch\/wp-content\/uploads\/2025\/11\/11-2.png 653w\" sizes=\"(max-width: 226px) 100vw, 226px\" \/><\/div>\n\t\t<\/a>\n\t\t\t\t<div class=\"elementor-post__text\">\n\t\t\t\t<h3 class=\"elementor-post__title\">\n\t\t\t<a href=\"https:\/\/marcellinbarthassat.ch\/index.php\/2018\/11\/20\/hello-world-6-2-2-2-2-2-2-2-2-7-6-14-11\/\" >\n\t\t\t\tGen\u00e8ve-r\u00e9gion : histoire, formation urbaine et projet territorial.\t\t\t<\/a>\n\t\t<\/h3>\n\t\t\t\t<div class=\"elementor-post__meta-data\">\n\t\t\t\t\t<span class=\"elementor-post-date\">\n\t\t\tnovembre 20, 2018\t\t<\/span>\n\t\t\t\t<\/div>\n\t\t\t\t<div class=\"elementor-post__excerpt\">\n\t\t\t<p>Barthassat, M. Conf\u00e9rence \u00e0 Gen\u00e8ve dans le cadre du s\u00e9minaire et visites des Architectes Conseils de l&rsquo;Etat fran\u00e7ais, (4-7 octobre 2018). In actes du colloque<\/p>\n\t\t<\/div>\n\t\t\n\t\t<a class=\"elementor-post__read-more\" href=\"https:\/\/marcellinbarthassat.ch\/index.php\/2018\/11\/20\/hello-world-6-2-2-2-2-2-2-2-2-7-6-14-11\/\" aria-label=\"En savoir plus sur Gen\u00e8ve-r\u00e9gion : histoire, formation urbaine et projet territorial.\" tabindex=\"-1\" >\n\t\t\tVoir \u2192\t\t<\/a>\n\n\t\t\t\t<\/div>\n\t\t\t\t<\/article>\n\t\t\t\t<article class=\"elementor-post elementor-grid-item post-837 post type-post status-publish format-standard has-post-thumbnail hentry category-ecrits-revues\">\n\t\t\t\t<a class=\"elementor-post__thumbnail__link\" href=\"https:\/\/marcellinbarthassat.ch\/index.php\/2017\/11\/20\/hello-world-6-2-2-2-2-2-2-2-2-7-6-14-6\/\" tabindex=\"-1\" >\n\t\t\t<div class=\"elementor-post__thumbnail\"><img loading=\"lazy\" decoding=\"async\" width=\"226\" height=\"300\" src=\"https:\/\/marcellinbarthassat.ch\/wp-content\/uploads\/2025\/11\/5-3-226x300.png\" class=\"attachment-medium size-medium wp-image-799\" alt=\"\" srcset=\"https:\/\/marcellinbarthassat.ch\/wp-content\/uploads\/2025\/11\/5-3-226x300.png 226w, https:\/\/marcellinbarthassat.ch\/wp-content\/uploads\/2025\/11\/5-3.png 653w\" sizes=\"(max-width: 226px) 100vw, 226px\" \/><\/div>\n\t\t<\/a>\n\t\t\t\t<div class=\"elementor-post__text\">\n\t\t\t\t<h3 class=\"elementor-post__title\">\n\t\t\t<a href=\"https:\/\/marcellinbarthassat.ch\/index.php\/2017\/11\/20\/hello-world-6-2-2-2-2-2-2-2-2-7-6-14-6\/\" >\n\t\t\t\tEssor urbain et \u00e9quilibre plan\u00e9taire : le sens d&rsquo;une \u00ab inversion \u00bb.\t\t\t<\/a>\n\t\t<\/h3>\n\t\t\t\t<div class=\"elementor-post__meta-data\">\n\t\t\t\t\t<span class=\"elementor-post-date\">\n\t\t\tnovembre 20, 2017\t\t<\/span>\n\t\t\t\t<\/div>\n\t\t\t\t<div class=\"elementor-post__excerpt\">\n\t\t\t<p>\u00a0Barthassat, M. In Mantziaras, P. et Vigan\u00f2, P. (dir.) \u00ab In\u00e9galit\u00e9s urbaines, du projet utopique au d\u00e9veloppement durable \u00bb (p.263-282), \u00e9ditions M\u00e9tisPresses, vuesD&rsquo;ensembleEssais, Gen\u00e8ve.<\/p>\n\t\t<\/div>\n\t\t\n\t\t<a class=\"elementor-post__read-more\" href=\"https:\/\/marcellinbarthassat.ch\/index.php\/2017\/11\/20\/hello-world-6-2-2-2-2-2-2-2-2-7-6-14-6\/\" aria-label=\"En savoir plus sur Essor urbain et \u00e9quilibre plan\u00e9taire : le sens d&rsquo;une \u00ab inversion \u00bb.\" tabindex=\"-1\" >\n\t\t\tVoir \u2192\t\t<\/a>\n\n\t\t\t\t<\/div>\n\t\t\t\t<\/article>\n\t\t\t\t<article class=\"elementor-post elementor-grid-item post-855 post type-post status-publish format-standard has-post-thumbnail hentry category-ecrits-revues\">\n\t\t\t\t<a class=\"elementor-post__thumbnail__link\" href=\"https:\/\/marcellinbarthassat.ch\/index.php\/2016\/11\/20\/hello-world-6-2-2-2-2-2-2-2-2-7-6-14-15\/\" tabindex=\"-1\" >\n\t\t\t<div class=\"elementor-post__thumbnail\"><img loading=\"lazy\" decoding=\"async\" width=\"226\" height=\"300\" src=\"https:\/\/marcellinbarthassat.ch\/wp-content\/uploads\/2025\/11\/15-1-226x300.png\" class=\"attachment-medium size-medium wp-image-809\" alt=\"\" srcset=\"https:\/\/marcellinbarthassat.ch\/wp-content\/uploads\/2025\/11\/15-1-226x300.png 226w, https:\/\/marcellinbarthassat.ch\/wp-content\/uploads\/2025\/11\/15-1.png 653w\" sizes=\"(max-width: 226px) 100vw, 226px\" \/><\/div>\n\t\t<\/a>\n\t\t\t\t<div class=\"elementor-post__text\">\n\t\t\t\t<h3 class=\"elementor-post__title\">\n\t\t\t<a href=\"https:\/\/marcellinbarthassat.ch\/index.php\/2016\/11\/20\/hello-world-6-2-2-2-2-2-2-2-2-7-6-14-15\/\" >\n\t\t\t\tProjeter sur le territoire de la m\u00e9moire : quelles implications ?\t\t\t<\/a>\n\t\t<\/h3>\n\t\t\t\t<div class=\"elementor-post__meta-data\">\n\t\t\t\t\t<span class=\"elementor-post-date\">\n\t\t\tnovembre 20, 2016\t\t<\/span>\n\t\t\t\t<\/div>\n\t\t\t\t<div class=\"elementor-post__excerpt\">\n\t\t\t<p>Barthassat, M. In Trac\u00e9s \/ Espazium, Lausanne, \u00e9ditions pour la culture du b\u00e2ti.<\/p>\n\t\t<\/div>\n\t\t\n\t\t<a class=\"elementor-post__read-more\" href=\"https:\/\/marcellinbarthassat.ch\/index.php\/2016\/11\/20\/hello-world-6-2-2-2-2-2-2-2-2-7-6-14-15\/\" aria-label=\"En savoir plus sur Projeter sur le territoire de la m\u00e9moire : quelles implications ?\" tabindex=\"-1\" >\n\t\t\tVoir \u2192\t\t<\/a>\n\n\t\t\t\t<\/div>\n\t\t\t\t<\/article>\n\t\t\t\t<article class=\"elementor-post elementor-grid-item post-857 post type-post status-publish format-standard has-post-thumbnail hentry category-ecrits-revues\">\n\t\t\t\t<a class=\"elementor-post__thumbnail__link\" href=\"https:\/\/marcellinbarthassat.ch\/index.php\/2013\/11\/20\/hello-world-6-2-2-2-2-2-2-2-2-7-6-14-16\/\" tabindex=\"-1\" >\n\t\t\t<div class=\"elementor-post__thumbnail\"><img loading=\"lazy\" decoding=\"async\" width=\"226\" height=\"300\" src=\"https:\/\/marcellinbarthassat.ch\/wp-content\/uploads\/2025\/11\/16-1-226x300.png\" class=\"attachment-medium size-medium wp-image-810\" alt=\"\" srcset=\"https:\/\/marcellinbarthassat.ch\/wp-content\/uploads\/2025\/11\/16-1-226x300.png 226w, https:\/\/marcellinbarthassat.ch\/wp-content\/uploads\/2025\/11\/16-1.png 653w\" sizes=\"(max-width: 226px) 100vw, 226px\" \/><\/div>\n\t\t<\/a>\n\t\t\t\t<div class=\"elementor-post__text\">\n\t\t\t\t<h3 class=\"elementor-post__title\">\n\t\t\t<a href=\"https:\/\/marcellinbarthassat.ch\/index.php\/2013\/11\/20\/hello-world-6-2-2-2-2-2-2-2-2-7-6-14-16\/\" >\n\t\t\t\tUne vision de la ville, confluence d&rsquo;un g\u00e9osite.\t\t\t<\/a>\n\t\t<\/h3>\n\t\t\t\t<div class=\"elementor-post__meta-data\">\n\t\t\t\t\t<span class=\"elementor-post-date\">\n\t\t\tnovembre 20, 2013\t\t<\/span>\n\t\t\t\t<\/div>\n\t\t\t\t<div class=\"elementor-post__excerpt\">\n\t\t\t<p>Barthassat, M. In Daune, L. (dir.) \u00ab Bellegarde-sur-Valserine \u00bb. Ouvrage collectif, fili\u00e8re architecture-paysage, HEPIA Gen\u00e8ve (p.21-28). Lausanne : L&rsquo;\u00e2ge d&rsquo;homme.<\/p>\n\t\t<\/div>\n\t\t\n\t\t<a class=\"elementor-post__read-more\" href=\"https:\/\/marcellinbarthassat.ch\/index.php\/2013\/11\/20\/hello-world-6-2-2-2-2-2-2-2-2-7-6-14-16\/\" aria-label=\"En savoir plus sur Une vision de la ville, confluence d&rsquo;un g\u00e9osite.\" tabindex=\"-1\" >\n\t\t\tVoir \u2192\t\t<\/a>\n\n\t\t\t\t<\/div>\n\t\t\t\t<\/article>\n\t\t\t\t<article class=\"elementor-post elementor-grid-item post-859 post type-post status-publish format-standard has-post-thumbnail hentry category-ecrits-revues\">\n\t\t\t\t<a class=\"elementor-post__thumbnail__link\" href=\"https:\/\/marcellinbarthassat.ch\/index.php\/2012\/11\/20\/hello-world-6-2-2-2-2-2-2-2-2-7-6-14-17\/\" tabindex=\"-1\" >\n\t\t\t<div class=\"elementor-post__thumbnail\"><img loading=\"lazy\" decoding=\"async\" width=\"226\" height=\"300\" src=\"https:\/\/marcellinbarthassat.ch\/wp-content\/uploads\/2025\/11\/17-1-226x300.png\" class=\"attachment-medium size-medium wp-image-811\" alt=\"\" srcset=\"https:\/\/marcellinbarthassat.ch\/wp-content\/uploads\/2025\/11\/17-1-226x300.png 226w, https:\/\/marcellinbarthassat.ch\/wp-content\/uploads\/2025\/11\/17-1.png 653w\" sizes=\"(max-width: 226px) 100vw, 226px\" \/><\/div>\n\t\t<\/a>\n\t\t\t\t<div class=\"elementor-post__text\">\n\t\t\t\t<h3 class=\"elementor-post__title\">\n\t\t\t<a href=\"https:\/\/marcellinbarthassat.ch\/index.php\/2012\/11\/20\/hello-world-6-2-2-2-2-2-2-2-2-7-6-14-17\/\" >\n\t\t\t\tProjet de paysage 2012 du Grand Gen\u00e8ve agglom\u00e9ration franco-valdo-genevoise.\t\t\t<\/a>\n\t\t<\/h3>\n\t\t\t\t<div class=\"elementor-post__meta-data\">\n\t\t\t\t\t<span class=\"elementor-post-date\">\n\t\t\tnovembre 20, 2012\t\t<\/span>\n\t\t\t\t<\/div>\n\t\t\t\t<div class=\"elementor-post__excerpt\">\n\t\t\t<p>Barthassat, M. In M. Delabarre et M. Zepf (dir.) Nature en ville, actes du s\u00e9minaire de la Communaut\u00e9 urbaine de Lyon, \u00e9ditions GrandLyon.<\/p>\n\t\t<\/div>\n\t\t\n\t\t<a class=\"elementor-post__read-more\" href=\"https:\/\/marcellinbarthassat.ch\/index.php\/2012\/11\/20\/hello-world-6-2-2-2-2-2-2-2-2-7-6-14-17\/\" aria-label=\"En savoir plus sur Projet de paysage 2012 du Grand Gen\u00e8ve agglom\u00e9ration franco-valdo-genevoise.\" tabindex=\"-1\" >\n\t\t\tVoir \u2192\t\t<\/a>\n\n\t\t\t\t<\/div>\n\t\t\t\t<\/article>\n\t\t\t\t<article class=\"elementor-post elementor-grid-item post-865 post type-post status-publish format-standard has-post-thumbnail hentry category-ecrits-revues\">\n\t\t\t\t<a class=\"elementor-post__thumbnail__link\" href=\"https:\/\/marcellinbarthassat.ch\/index.php\/2011\/11\/20\/hello-world-6-2-2-2-2-2-2-2-2-7-6-14-20\/\" tabindex=\"-1\" >\n\t\t\t<div class=\"elementor-post__thumbnail\"><img loading=\"lazy\" decoding=\"async\" width=\"300\" height=\"225\" src=\"https:\/\/marcellinbarthassat.ch\/wp-content\/uploads\/2011\/11\/IMG_20160925_171818-300x225.jpg\" class=\"attachment-medium size-medium wp-image-1534\" alt=\"\" srcset=\"https:\/\/marcellinbarthassat.ch\/wp-content\/uploads\/2011\/11\/IMG_20160925_171818-300x225.jpg 300w, https:\/\/marcellinbarthassat.ch\/wp-content\/uploads\/2011\/11\/IMG_20160925_171818-1024x768.jpg 1024w, https:\/\/marcellinbarthassat.ch\/wp-content\/uploads\/2011\/11\/IMG_20160925_171818-768x576.jpg 768w, https:\/\/marcellinbarthassat.ch\/wp-content\/uploads\/2011\/11\/IMG_20160925_171818-1536x1152.jpg 1536w, https:\/\/marcellinbarthassat.ch\/wp-content\/uploads\/2011\/11\/IMG_20160925_171818-2048x1536.jpg 2048w\" sizes=\"(max-width: 300px) 100vw, 300px\" \/><\/div>\n\t\t<\/a>\n\t\t\t\t<div class=\"elementor-post__text\">\n\t\t\t\t<h3 class=\"elementor-post__title\">\n\t\t\t<a href=\"https:\/\/marcellinbarthassat.ch\/index.php\/2011\/11\/20\/hello-world-6-2-2-2-2-2-2-2-2-7-6-14-20\/\" >\n\t\t\t\tGen\u00e8ve-r\u00e9gion \u00e0 la dimension franco-suisse.\t\t\t<\/a>\n\t\t<\/h3>\n\t\t\t\t<div class=\"elementor-post__meta-data\">\n\t\t\t\t\t<span class=\"elementor-post-date\">\n\t\t\tnovembre 20, 2011\t\t<\/span>\n\t\t\t\t<\/div>\n\t\t\t\t<div class=\"elementor-post__excerpt\">\n\t\t\t<p>Barthassat, M. Surchat-Vial, N. In revue Patrimoine \/ Heimatschutz 1\/2010 (p.14-19). Zurich : \u00e9ditions Patrimoine suisse.<\/p>\n\t\t<\/div>\n\t\t\n\t\t<a class=\"elementor-post__read-more\" href=\"https:\/\/marcellinbarthassat.ch\/index.php\/2011\/11\/20\/hello-world-6-2-2-2-2-2-2-2-2-7-6-14-20\/\" aria-label=\"En savoir plus sur Gen\u00e8ve-r\u00e9gion \u00e0 la dimension franco-suisse.\" tabindex=\"-1\" >\n\t\t\tVoir \u2192\t\t<\/a>\n\n\t\t\t\t<\/div>\n\t\t\t\t<\/article>\n\t\t\t\t<\/div>\n\t\t\n\t\t\t\t\t\t<\/div>\n\t\t\t\t<\/div>\n\t\t\t\t\t<\/div>\n\t\t\t\t<\/div>\n\t\t<div class=\"elementor-element elementor-element-544984b e-flex e-con-boxed e-con e-parent\" data-id=\"544984b\" data-element_type=\"container\">\n\t\t\t\t\t<div class=\"e-con-inner\">\n\t\t\t\t<div class=\"elementor-element elementor-element-a7e692a elementor-widget elementor-widget-heading\" data-id=\"a7e692a\" data-element_type=\"widget\" data-widget_type=\"heading.default\">\n\t\t\t\t\t<h2 class=\"elementor-heading-title elementor-size-default\">interventions<\/h2>\t\t\t\t<\/div>\n\t\t\t\t\t<\/div>\n\t\t\t\t<\/div>\n\t\t<div class=\"elementor-element elementor-element-8a90e1c e-flex e-con-boxed e-con e-parent\" data-id=\"8a90e1c\" data-element_type=\"container\">\n\t\t\t\t\t<div class=\"e-con-inner\">\n\t\t\t\t<div class=\"elementor-element elementor-element-32c2fac elementor-grid-1 elementor-posts--thumbnail-right split-left elementor-grid-tablet-2 elementor-grid-mobile-1 elementor-widget elementor-widget-posts\" data-id=\"32c2fac\" data-element_type=\"widget\" data-settings=\"{&quot;classic_columns&quot;:&quot;1&quot;,&quot;classic_row_gap&quot;:{&quot;unit&quot;:&quot;px&quot;,&quot;size&quot;:0,&quot;sizes&quot;:[]},&quot;classic_columns_tablet&quot;:&quot;2&quot;,&quot;classic_columns_mobile&quot;:&quot;1&quot;,&quot;classic_row_gap_tablet&quot;:{&quot;unit&quot;:&quot;px&quot;,&quot;size&quot;:&quot;&quot;,&quot;sizes&quot;:[]},&quot;classic_row_gap_mobile&quot;:{&quot;unit&quot;:&quot;px&quot;,&quot;size&quot;:&quot;&quot;,&quot;sizes&quot;:[]}}\" data-widget_type=\"posts.classic\">\n\t\t\t\t<div class=\"elementor-widget-container\">\n\t\t\t\t\t\t\t<div class=\"elementor-posts-container elementor-posts elementor-posts--skin-classic elementor-grid\">\n\t\t\t\t<article class=\"elementor-post elementor-grid-item post-637 post type-post status-publish format-standard has-post-thumbnail hentry category-interventions\">\n\t\t\t\t<a class=\"elementor-post__thumbnail__link\" href=\"https:\/\/marcellinbarthassat.ch\/index.php\/2018\/05\/15\/hello-world\/\" tabindex=\"-1\" >\n\t\t\t<div class=\"elementor-post__thumbnail\"><img loading=\"lazy\" decoding=\"async\" width=\"226\" height=\"300\" src=\"https:\/\/marcellinbarthassat.ch\/wp-content\/uploads\/2018\/05\/1-226x300.png\" class=\"attachment-medium size-medium wp-image-647\" alt=\"\" srcset=\"https:\/\/marcellinbarthassat.ch\/wp-content\/uploads\/2018\/05\/1-226x300.png 226w, https:\/\/marcellinbarthassat.ch\/wp-content\/uploads\/2018\/05\/1.png 653w\" sizes=\"(max-width: 226px) 100vw, 226px\" \/><\/div>\n\t\t<\/a>\n\t\t\t\t<div class=\"elementor-post__text\">\n\t\t\t\t<h3 class=\"elementor-post__title\">\n\t\t\t<a href=\"https:\/\/marcellinbarthassat.ch\/index.php\/2018\/05\/15\/hello-world\/\" >\n\t\t\t\tEntre espaces et soci\u00e9t\u00e9, arpenter, percevoir et projeter\t\t\t<\/a>\n\t\t<\/h3>\n\t\t\t\t<div class=\"elementor-post__meta-data\">\n\t\t\t\t\t<span class=\"elementor-post-date\">\n\t\t\tmai 15, 2018\t\t<\/span>\n\t\t\t\t<\/div>\n\t\t\t\t<div class=\"elementor-post__excerpt\">\n\t\t\t<p>Conf\u00e9rence \u00e0 Hepia, \u00a0\u00bb Le\u00e7on terminale \u00a0\u00bb de Marcellin Barthassat, apr\u00e8s vingt ann\u00e9es d&rsquo;enseignement \u00e0 l&rsquo;institut d&rsquo;architecture de l&rsquo;Universit\u00e9 (1994-2005 \/ IAUG) et la Haute<\/p>\n\t\t<\/div>\n\t\t\n\t\t<a class=\"elementor-post__read-more\" href=\"https:\/\/marcellinbarthassat.ch\/index.php\/2018\/05\/15\/hello-world\/\" aria-label=\"En savoir plus sur Entre espaces et soci\u00e9t\u00e9, arpenter, percevoir et projeter\" tabindex=\"-1\" >\n\t\t\tVoir \u2192\t\t<\/a>\n\n\t\t\t\t<\/div>\n\t\t\t\t<\/article>\n\t\t\t\t<article class=\"elementor-post elementor-grid-item post-656 post type-post status-publish format-standard has-post-thumbnail hentry category-interventions\">\n\t\t\t\t<a class=\"elementor-post__thumbnail__link\" href=\"https:\/\/marcellinbarthassat.ch\/index.php\/2016\/11\/19\/hello-world-8-2\/\" tabindex=\"-1\" >\n\t\t\t<div class=\"elementor-post__thumbnail\"><img loading=\"lazy\" decoding=\"async\" width=\"226\" height=\"300\" src=\"https:\/\/marcellinbarthassat.ch\/wp-content\/uploads\/2018\/05\/3-226x300.png\" class=\"attachment-medium size-medium wp-image-649\" alt=\"\" srcset=\"https:\/\/marcellinbarthassat.ch\/wp-content\/uploads\/2018\/05\/3-226x300.png 226w, https:\/\/marcellinbarthassat.ch\/wp-content\/uploads\/2018\/05\/3.png 653w\" sizes=\"(max-width: 226px) 100vw, 226px\" \/><\/div>\n\t\t<\/a>\n\t\t\t\t<div class=\"elementor-post__text\">\n\t\t\t\t<h3 class=\"elementor-post__title\">\n\t\t\t<a href=\"https:\/\/marcellinbarthassat.ch\/index.php\/2016\/11\/19\/hello-world-8-2\/\" >\n\t\t\t\tProjeter sur le territoire de la m\u00e9moire : quelles implications ?\t\t\t<\/a>\n\t\t<\/h3>\n\t\t\t\t<div class=\"elementor-post__meta-data\">\n\t\t\t\t\t<span class=\"elementor-post-date\">\n\t\t\tnovembre 19, 2016\t\t<\/span>\n\t\t\t\t<\/div>\n\t\t\t\t<div class=\"elementor-post__excerpt\">\n\t\t\t<p>Invit\u00e9 Marcellin Barthassat \/ atelier ar-ter dans le cadre du cycle de conf\u00e9rence Projet urbain \u00e0 l&rsquo;Institut de g\u00e9ographie et durabilit\u00e9 \/ UNIL \u00e0 Lausanne,<\/p>\n\t\t<\/div>\n\t\t\n\t\t<a class=\"elementor-post__read-more\" href=\"https:\/\/marcellinbarthassat.ch\/index.php\/2016\/11\/19\/hello-world-8-2\/\" aria-label=\"En savoir plus sur Projeter sur le territoire de la m\u00e9moire : quelles implications ?\" tabindex=\"-1\" >\n\t\t\tVoir \u2192\t\t<\/a>\n\n\t\t\t\t<\/div>\n\t\t\t\t<\/article>\n\t\t\t\t<article class=\"elementor-post elementor-grid-item post-654 post type-post status-publish format-standard has-post-thumbnail hentry category-interventions\">\n\t\t\t\t<a class=\"elementor-post__thumbnail__link\" href=\"https:\/\/marcellinbarthassat.ch\/index.php\/2016\/09\/01\/hello-world-8\/\" tabindex=\"-1\" >\n\t\t\t<div class=\"elementor-post__thumbnail\"><img loading=\"lazy\" decoding=\"async\" width=\"226\" height=\"300\" src=\"https:\/\/marcellinbarthassat.ch\/wp-content\/uploads\/2018\/05\/2-226x300.png\" class=\"attachment-medium size-medium wp-image-648\" alt=\"\" srcset=\"https:\/\/marcellinbarthassat.ch\/wp-content\/uploads\/2018\/05\/2-226x300.png 226w, https:\/\/marcellinbarthassat.ch\/wp-content\/uploads\/2018\/05\/2.png 653w\" sizes=\"(max-width: 226px) 100vw, 226px\" \/><\/div>\n\t\t<\/a>\n\t\t\t\t<div class=\"elementor-post__text\">\n\t\t\t\t<h3 class=\"elementor-post__title\">\n\t\t\t<a href=\"https:\/\/marcellinbarthassat.ch\/index.php\/2016\/09\/01\/hello-world-8\/\" >\n\t\t\t\tJourn\u00e9e d&rsquo;\u00e9tude Bernardo Secchi 2016 : La ville des riches, la ville des pauvres.\t\t\t<\/a>\n\t\t<\/h3>\n\t\t\t\t<div class=\"elementor-post__meta-data\">\n\t\t\t\t\t<span class=\"elementor-post-date\">\n\t\t\tseptembre 1, 2016\t\t<\/span>\n\t\t\t\t<\/div>\n\t\t\t\t<div class=\"elementor-post__excerpt\">\n\t\t\t<p>Assemblage urbain et \u00e9quilibre plan\u00e9taire : quelle orientation d&rsquo;un projet architectural ? Intervention de Marcellin Barthassat. Organisation Fondation Braillard architectes, EPFL et HEID (septembre 2016).<\/p>\n\t\t<\/div>\n\t\t\n\t\t<a class=\"elementor-post__read-more\" href=\"https:\/\/marcellinbarthassat.ch\/index.php\/2016\/09\/01\/hello-world-8\/\" aria-label=\"En savoir plus sur Journ\u00e9e d&rsquo;\u00e9tude Bernardo Secchi 2016 : La ville des riches, la ville des pauvres.\" tabindex=\"-1\" >\n\t\t\tVoir \u2192\t\t<\/a>\n\n\t\t\t\t<\/div>\n\t\t\t\t<\/article>\n\t\t\t\t<article class=\"elementor-post elementor-grid-item post-658 post type-post status-publish format-standard has-post-thumbnail hentry category-interventions\">\n\t\t\t\t<a class=\"elementor-post__thumbnail__link\" href=\"https:\/\/marcellinbarthassat.ch\/index.php\/2014\/11\/19\/hello-world-8-3\/\" tabindex=\"-1\" >\n\t\t\t<div class=\"elementor-post__thumbnail\"><img loading=\"lazy\" decoding=\"async\" width=\"226\" height=\"300\" src=\"https:\/\/marcellinbarthassat.ch\/wp-content\/uploads\/2018\/05\/4-226x300.png\" class=\"attachment-medium size-medium wp-image-650\" alt=\"\" srcset=\"https:\/\/marcellinbarthassat.ch\/wp-content\/uploads\/2018\/05\/4-226x300.png 226w, https:\/\/marcellinbarthassat.ch\/wp-content\/uploads\/2018\/05\/4.png 653w\" sizes=\"(max-width: 226px) 100vw, 226px\" \/><\/div>\n\t\t<\/a>\n\t\t\t\t<div class=\"elementor-post__text\">\n\t\t\t\t<h3 class=\"elementor-post__title\">\n\t\t\t<a href=\"https:\/\/marcellinbarthassat.ch\/index.php\/2014\/11\/19\/hello-world-8-3\/\" >\n\t\t\t\tGen\u00e8ve comme paysage\t\t\t<\/a>\n\t\t<\/h3>\n\t\t\t\t<div class=\"elementor-post__meta-data\">\n\t\t\t\t\t<span class=\"elementor-post-date\">\n\t\t\tnovembre 19, 2014\t\t<\/span>\n\t\t\t\t<\/div>\n\t\t\t\t<div class=\"elementor-post__excerpt\">\n\t\t\t<p>film de David Gaillard et H\u00e9l\u00e8ne Gaillozot \/ Fondation Braillard, avec les architectes Marcellin Barthassat, Michael Jakob et B\u00e9atrice Manzoni (2014).<\/p>\n\t\t<\/div>\n\t\t\n\t\t<a class=\"elementor-post__read-more\" href=\"https:\/\/marcellinbarthassat.ch\/index.php\/2014\/11\/19\/hello-world-8-3\/\" aria-label=\"En savoir plus sur Gen\u00e8ve comme paysage\" tabindex=\"-1\" >\n\t\t\tVoir \u2192\t\t<\/a>\n\n\t\t\t\t<\/div>\n\t\t\t\t<\/article>\n\t\t\t\t<article class=\"elementor-post elementor-grid-item post-663 post type-post status-publish format-standard has-post-thumbnail hentry category-interventions\">\n\t\t\t\t<a class=\"elementor-post__thumbnail__link\" href=\"https:\/\/marcellinbarthassat.ch\/index.php\/2011\/11\/19\/hello-world-8-3-2-2\/\" tabindex=\"-1\" >\n\t\t\t<div class=\"elementor-post__thumbnail\"><img loading=\"lazy\" decoding=\"async\" width=\"226\" height=\"300\" src=\"https:\/\/marcellinbarthassat.ch\/wp-content\/uploads\/2018\/05\/6-226x300.png\" class=\"attachment-medium size-medium wp-image-652\" alt=\"\" srcset=\"https:\/\/marcellinbarthassat.ch\/wp-content\/uploads\/2018\/05\/6-226x300.png 226w, https:\/\/marcellinbarthassat.ch\/wp-content\/uploads\/2018\/05\/6.png 653w\" sizes=\"(max-width: 226px) 100vw, 226px\" \/><\/div>\n\t\t<\/a>\n\t\t\t\t<div class=\"elementor-post__text\">\n\t\t\t\t<h3 class=\"elementor-post__title\">\n\t\t\t<a href=\"https:\/\/marcellinbarthassat.ch\/index.php\/2011\/11\/19\/hello-world-8-3-2-2\/\" >\n\t\t\t\tLe paysage monument de la m\u00e9tropole 2\t\t\t<\/a>\n\t\t<\/h3>\n\t\t\t\t<div class=\"elementor-post__meta-data\">\n\t\t\t\t\t<span class=\"elementor-post-date\">\n\t\t\tnovembre 19, 2011\t\t<\/span>\n\t\t\t\t<\/div>\n\t\t\t\t<div class=\"elementor-post__excerpt\">\n\t\t\t<p>Discutant Marcellin Barthassat \/ Fondation Braillard Architectes (2011).<\/p>\n\t\t<\/div>\n\t\t\n\t\t<a class=\"elementor-post__read-more\" href=\"https:\/\/marcellinbarthassat.ch\/index.php\/2011\/11\/19\/hello-world-8-3-2-2\/\" aria-label=\"En savoir plus sur Le paysage monument de la m\u00e9tropole 2\" tabindex=\"-1\" >\n\t\t\tVoir \u2192\t\t<\/a>\n\n\t\t\t\t<\/div>\n\t\t\t\t<\/article>\n\t\t\t\t<article class=\"elementor-post elementor-grid-item post-661 post type-post status-publish format-standard has-post-thumbnail hentry category-interventions\">\n\t\t\t\t<a class=\"elementor-post__thumbnail__link\" href=\"https:\/\/marcellinbarthassat.ch\/index.php\/2011\/11\/19\/hello-world-8-3-2\/\" tabindex=\"-1\" >\n\t\t\t<div class=\"elementor-post__thumbnail\"><img loading=\"lazy\" decoding=\"async\" width=\"226\" height=\"300\" src=\"https:\/\/marcellinbarthassat.ch\/wp-content\/uploads\/2018\/05\/5-226x300.png\" class=\"attachment-medium size-medium wp-image-651\" alt=\"\" srcset=\"https:\/\/marcellinbarthassat.ch\/wp-content\/uploads\/2018\/05\/5-226x300.png 226w, https:\/\/marcellinbarthassat.ch\/wp-content\/uploads\/2018\/05\/5.png 653w\" sizes=\"(max-width: 226px) 100vw, 226px\" \/><\/div>\n\t\t<\/a>\n\t\t\t\t<div class=\"elementor-post__text\">\n\t\t\t\t<h3 class=\"elementor-post__title\">\n\t\t\t<a href=\"https:\/\/marcellinbarthassat.ch\/index.php\/2011\/11\/19\/hello-world-8-3-2\/\" >\n\t\t\t\tLe paysage monument de la m\u00e9tropole 1\t\t\t<\/a>\n\t\t<\/h3>\n\t\t\t\t<div class=\"elementor-post__meta-data\">\n\t\t\t\t\t<span class=\"elementor-post-date\">\n\t\t\tnovembre 19, 2011\t\t<\/span>\n\t\t\t\t<\/div>\n\t\t\t\t<div class=\"elementor-post__excerpt\">\n\t\t\t<p>Conf\u00e9rence de Bernardo Secchi, \u00e0 la Fondation Braillard Architectes (2011).<\/p>\n\t\t<\/div>\n\t\t\n\t\t<a class=\"elementor-post__read-more\" href=\"https:\/\/marcellinbarthassat.ch\/index.php\/2011\/11\/19\/hello-world-8-3-2\/\" aria-label=\"En savoir plus sur Le paysage monument de la m\u00e9tropole 1\" tabindex=\"-1\" >\n\t\t\tVoir \u2192\t\t<\/a>\n\n\t\t\t\t<\/div>\n\t\t\t\t<\/article>\n\t\t\t\t<article class=\"elementor-post elementor-grid-item post-664 post type-post status-publish format-standard has-post-thumbnail hentry category-interventions\">\n\t\t\t\t<a class=\"elementor-post__thumbnail__link\" href=\"https:\/\/marcellinbarthassat.ch\/index.php\/2009\/11\/19\/hello-world-8-3-2-3\/\" tabindex=\"-1\" >\n\t\t\t<div class=\"elementor-post__thumbnail\"><img loading=\"lazy\" decoding=\"async\" width=\"226\" height=\"300\" src=\"https:\/\/marcellinbarthassat.ch\/wp-content\/uploads\/2018\/05\/7-226x300.png\" class=\"attachment-medium size-medium wp-image-653\" alt=\"\" srcset=\"https:\/\/marcellinbarthassat.ch\/wp-content\/uploads\/2018\/05\/7-226x300.png 226w, https:\/\/marcellinbarthassat.ch\/wp-content\/uploads\/2018\/05\/7.png 653w\" sizes=\"(max-width: 226px) 100vw, 226px\" \/><\/div>\n\t\t<\/a>\n\t\t\t\t<div class=\"elementor-post__text\">\n\t\t\t\t<h3 class=\"elementor-post__title\">\n\t\t\t<a href=\"https:\/\/marcellinbarthassat.ch\/index.php\/2009\/11\/19\/hello-world-8-3-2-3\/\" >\n\t\t\t\tAppel au gouvernement genevois\t\t\t<\/a>\n\t\t<\/h3>\n\t\t\t\t<div class=\"elementor-post__meta-data\">\n\t\t\t\t\t<span class=\"elementor-post-date\">\n\t\t\tnovembre 19, 2009\t\t<\/span>\n\t\t\t\t<\/div>\n\t\t\t\t<div class=\"elementor-post__excerpt\">\n\t\t\t<p>Extrait de la conf\u00e9rence de Pro Natura, ATE, WWF et Patrimoine suisse, avec Marcellin Barthassat, Fran\u00e7oise Chappaz et Ruth B\u00e4nziger.<\/p>\n\t\t<\/div>\n\t\t\n\t\t<a class=\"elementor-post__read-more\" href=\"https:\/\/marcellinbarthassat.ch\/index.php\/2009\/11\/19\/hello-world-8-3-2-3\/\" aria-label=\"En savoir plus sur Appel au gouvernement genevois\" tabindex=\"-1\" >\n\t\t\tVoir \u2192\t\t<\/a>\n\n\t\t\t\t<\/div>\n\t\t\t\t<\/article>\n\t\t\t\t<\/div>\n\t\t\n\t\t\t\t\t\t<\/div>\n\t\t\t\t<\/div>\n\t\t\t\t\t<\/div>\n\t\t\t\t<\/div>\n\t\t<div class=\"elementor-element elementor-element-6eca5f7 e-flex e-con-boxed e-con e-parent\" data-id=\"6eca5f7\" data-element_type=\"container\">\n\t\t\t\t\t<div class=\"e-con-inner\">\n\t\t\t\t<div class=\"elementor-element elementor-element-cb8058c elementor-widget elementor-widget-heading\" data-id=\"cb8058c\" data-element_type=\"widget\" data-widget_type=\"heading.default\">\n\t\t\t\t\t<h2 class=\"elementor-heading-title elementor-size-default\">D\u00e9bats \/ Interviews<\/h2>\t\t\t\t<\/div>\n\t\t\t\t\t<\/div>\n\t\t\t\t<\/div>\n\t\t<div class=\"elementor-element elementor-element-9ef7f4d e-flex e-con-boxed e-con e-parent\" data-id=\"9ef7f4d\" data-element_type=\"container\">\n\t\t\t\t\t<div class=\"e-con-inner\">\n\t\t\t\t<div class=\"elementor-element elementor-element-e37bf64 elementor-grid-1 elementor-posts--thumbnail-right split-left elementor-grid-tablet-2 elementor-grid-mobile-1 elementor-widget elementor-widget-posts\" data-id=\"e37bf64\" data-element_type=\"widget\" data-settings=\"{&quot;classic_columns&quot;:&quot;1&quot;,&quot;classic_row_gap&quot;:{&quot;unit&quot;:&quot;px&quot;,&quot;size&quot;:0,&quot;sizes&quot;:[]},&quot;classic_columns_tablet&quot;:&quot;2&quot;,&quot;classic_columns_mobile&quot;:&quot;1&quot;,&quot;classic_row_gap_tablet&quot;:{&quot;unit&quot;:&quot;px&quot;,&quot;size&quot;:&quot;&quot;,&quot;sizes&quot;:[]},&quot;classic_row_gap_mobile&quot;:{&quot;unit&quot;:&quot;px&quot;,&quot;size&quot;:&quot;&quot;,&quot;sizes&quot;:[]}}\" data-widget_type=\"posts.classic\">\n\t\t\t\t<div class=\"elementor-widget-container\">\n\t\t\t\t\t\t\t<div class=\"elementor-posts-container elementor-posts elementor-posts--skin-classic elementor-grid\">\n\t\t\t\t<article class=\"elementor-post elementor-grid-item post-625 post type-post status-publish format-standard has-post-thumbnail hentry category-debatsinterviews\">\n\t\t\t\t<a class=\"elementor-post__thumbnail__link\" href=\"https:\/\/marcellinbarthassat.ch\/index.php\/2025\/11\/19\/hello-world-6-2-2-2\/\" tabindex=\"-1\" >\n\t\t\t<div class=\"elementor-post__thumbnail\"><img loading=\"lazy\" decoding=\"async\" width=\"300\" height=\"225\" src=\"https:\/\/marcellinbarthassat.ch\/wp-content\/uploads\/2025\/11\/Ecouter-1-300x225.png\" class=\"attachment-medium size-medium wp-image-603\" alt=\"\" srcset=\"https:\/\/marcellinbarthassat.ch\/wp-content\/uploads\/2025\/11\/Ecouter-1-300x225.png 300w, https:\/\/marcellinbarthassat.ch\/wp-content\/uploads\/2025\/11\/Ecouter-1-1024x768.png 1024w, https:\/\/marcellinbarthassat.ch\/wp-content\/uploads\/2025\/11\/Ecouter-1-768x576.png 768w, https:\/\/marcellinbarthassat.ch\/wp-content\/uploads\/2025\/11\/Ecouter-1.png 1348w\" sizes=\"(max-width: 300px) 100vw, 300px\" \/><\/div>\n\t\t<\/a>\n\t\t\t\t<div class=\"elementor-post__text\">\n\t\t\t\t<h3 class=\"elementor-post__title\">\n\t\t\t<a href=\"https:\/\/marcellinbarthassat.ch\/index.php\/2025\/11\/19\/hello-world-6-2-2-2\/\" >\n\t\t\t\tDemain, la ville-paysage ?\t\t\t<\/a>\n\t\t<\/h3>\n\t\t\t\t<div class=\"elementor-post__meta-data\">\n\t\t\t\t\t<span class=\"elementor-post-date\">\n\t\t\tnovembre 19, 2025\t\t<\/span>\n\t\t\t\t<\/div>\n\t\t\t\t<div class=\"elementor-post__excerpt\">\n\t\t\t<p>L\u00e9man Bleu t\u00e9l\u00e9vision, une \u00e9mission pour une conversation sur le paysage et la croissance urbaine, un d\u00e9bat qui anime notre r\u00e9gion franco-valdo-genevoise (juin 2021).<\/p>\n\t\t<\/div>\n\t\t\n\t\t<a class=\"elementor-post__read-more\" href=\"https:\/\/marcellinbarthassat.ch\/index.php\/2025\/11\/19\/hello-world-6-2-2-2\/\" aria-label=\"En savoir plus sur Demain, la ville-paysage ?\" tabindex=\"-1\" >\n\t\t\tVoir \u2192\t\t<\/a>\n\n\t\t\t\t<\/div>\n\t\t\t\t<\/article>\n\t\t\t\t<article class=\"elementor-post elementor-grid-item post-665 post type-post status-publish format-standard has-post-thumbnail hentry category-debatsinterviews\">\n\t\t\t\t<a class=\"elementor-post__thumbnail__link\" href=\"https:\/\/marcellinbarthassat.ch\/index.php\/2022\/11\/19\/hello-world-8-3-2-4\/\" tabindex=\"-1\" >\n\t\t\t<div class=\"elementor-post__thumbnail\"><img loading=\"lazy\" decoding=\"async\" width=\"226\" height=\"300\" src=\"https:\/\/marcellinbarthassat.ch\/wp-content\/uploads\/2025\/11\/1-1-226x300.png\" class=\"attachment-medium size-medium wp-image-668\" alt=\"\" srcset=\"https:\/\/marcellinbarthassat.ch\/wp-content\/uploads\/2025\/11\/1-1-226x300.png 226w, https:\/\/marcellinbarthassat.ch\/wp-content\/uploads\/2025\/11\/1-1.png 653w\" sizes=\"(max-width: 226px) 100vw, 226px\" \/><\/div>\n\t\t<\/a>\n\t\t\t\t<div class=\"elementor-post__text\">\n\t\t\t\t<h3 class=\"elementor-post__title\">\n\t\t\t<a href=\"https:\/\/marcellinbarthassat.ch\/index.php\/2022\/11\/19\/hello-world-8-3-2-4\/\" >\n\t\t\t\tUne Gen\u00e8ve \u00e0 un million d&rsquo;habitants ?\t\t\t<\/a>\n\t\t<\/h3>\n\t\t\t\t<div class=\"elementor-post__meta-data\">\n\t\t\t\t\t<span class=\"elementor-post-date\">\n\t\t\tnovembre 19, 2022\t\t<\/span>\n\t\t\t\t<\/div>\n\t\t\t\t<div class=\"elementor-post__excerpt\">\n\t\t\t<p>L\u00e9man Bleu : Gen\u00e8ve \u00e0 Chaud, Pascal D\u00e9caillet. Invit\u00e9 Marcellin Barthassat, conversation sur l&rsquo;urbanisme, le paysage, la d\u00e9mocratie et la montagne (d\u00e9cembre 2022).<\/p>\n\t\t<\/div>\n\t\t\n\t\t<a class=\"elementor-post__read-more\" href=\"https:\/\/marcellinbarthassat.ch\/index.php\/2022\/11\/19\/hello-world-8-3-2-4\/\" aria-label=\"En savoir plus sur Une Gen\u00e8ve \u00e0 un million d&rsquo;habitants ?\" tabindex=\"-1\" >\n\t\t\tVoir \u2192\t\t<\/a>\n\n\t\t\t\t<\/div>\n\t\t\t\t<\/article>\n\t\t\t\t<article class=\"elementor-post elementor-grid-item post-689 post type-post status-publish format-standard has-post-thumbnail hentry category-debatsinterviews\">\n\t\t\t\t<a class=\"elementor-post__thumbnail__link\" href=\"https:\/\/marcellinbarthassat.ch\/index.php\/2021\/11\/19\/hello-world-6-2-2-2-2-2-2-2-2-2\/\" tabindex=\"-1\" >\n\t\t\t<div class=\"elementor-post__thumbnail\"><img loading=\"lazy\" decoding=\"async\" width=\"226\" height=\"300\" src=\"https:\/\/marcellinbarthassat.ch\/wp-content\/uploads\/2025\/11\/1-1-226x300.png\" class=\"attachment-medium size-medium wp-image-668\" alt=\"\" srcset=\"https:\/\/marcellinbarthassat.ch\/wp-content\/uploads\/2025\/11\/1-1-226x300.png 226w, https:\/\/marcellinbarthassat.ch\/wp-content\/uploads\/2025\/11\/1-1.png 653w\" sizes=\"(max-width: 226px) 100vw, 226px\" \/><\/div>\n\t\t<\/a>\n\t\t\t\t<div class=\"elementor-post__text\">\n\t\t\t\t<h3 class=\"elementor-post__title\">\n\t\t\t<a href=\"https:\/\/marcellinbarthassat.ch\/index.php\/2021\/11\/19\/hello-world-6-2-2-2-2-2-2-2-2-2\/\" >\n\t\t\t\tDemain, la ville-paysage ?\t\t\t<\/a>\n\t\t<\/h3>\n\t\t\t\t<div class=\"elementor-post__meta-data\">\n\t\t\t\t\t<span class=\"elementor-post-date\">\n\t\t\tnovembre 19, 2021\t\t<\/span>\n\t\t\t\t<\/div>\n\t\t\t\t<div class=\"elementor-post__excerpt\">\n\t\t\t<p>L\u00e9man Bleu : Gen\u00e8ve \u00e0 Chaud, Pascal D\u00e9caillet. Invit\u00e9 Marcellin Barthassat, conversation sur paysage et morphologie urbaine (juin 2021).<\/p>\n\t\t<\/div>\n\t\t\n\t\t<a class=\"elementor-post__read-more\" href=\"https:\/\/marcellinbarthassat.ch\/index.php\/2021\/11\/19\/hello-world-6-2-2-2-2-2-2-2-2-2\/\" aria-label=\"En savoir plus sur Demain, la ville-paysage ?\" tabindex=\"-1\" >\n\t\t\tVoir \u2192\t\t<\/a>\n\n\t\t\t\t<\/div>\n\t\t\t\t<\/article>\n\t\t\t\t<article class=\"elementor-post elementor-grid-item post-695 post type-post status-publish format-standard has-post-thumbnail hentry category-debatsinterviews\">\n\t\t\t\t<a class=\"elementor-post__thumbnail__link\" href=\"https:\/\/marcellinbarthassat.ch\/index.php\/2020\/11\/19\/hello-world-6-2-2-2-3\/\" tabindex=\"-1\" >\n\t\t\t<div class=\"elementor-post__thumbnail\"><img loading=\"lazy\" decoding=\"async\" width=\"226\" height=\"300\" src=\"https:\/\/marcellinbarthassat.ch\/wp-content\/uploads\/2025\/11\/5-226x300.png\" class=\"attachment-medium size-medium wp-image-672\" alt=\"\" srcset=\"https:\/\/marcellinbarthassat.ch\/wp-content\/uploads\/2025\/11\/5-226x300.png 226w, https:\/\/marcellinbarthassat.ch\/wp-content\/uploads\/2025\/11\/5.png 653w\" sizes=\"(max-width: 226px) 100vw, 226px\" \/><\/div>\n\t\t<\/a>\n\t\t\t\t<div class=\"elementor-post__text\">\n\t\t\t\t<h3 class=\"elementor-post__title\">\n\t\t\t<a href=\"https:\/\/marcellinbarthassat.ch\/index.php\/2020\/11\/19\/hello-world-6-2-2-2-3\/\" >\n\t\t\t\tQuel urbanisme pour demain pour Onex ?\t\t\t<\/a>\n\t\t<\/h3>\n\t\t\t\t<div class=\"elementor-post__meta-data\">\n\t\t\t\t\t<span class=\"elementor-post-date\">\n\t\t\tnovembre 19, 2020\t\t<\/span>\n\t\t\t\t<\/div>\n\t\t\t\t<div class=\"elementor-post__excerpt\">\n\t\t\t<p>D\u00e9bat organis\u00e9 par les Verts On\u00e9siens. Animation Romaine Jean. Invit\u00e9s Marcellin Barthassat, Roger Beer, Ruth B\u00e4nziger, Robert Cramer et Eric Rossiaud. R\u00e9alisation Raphael Haab, T\u00e9l\u00e9vision<\/p>\n\t\t<\/div>\n\t\t\n\t\t<a class=\"elementor-post__read-more\" href=\"https:\/\/marcellinbarthassat.ch\/index.php\/2020\/11\/19\/hello-world-6-2-2-2-3\/\" aria-label=\"En savoir plus sur Quel urbanisme pour demain pour Onex ?\" tabindex=\"-1\" >\n\t\t\tVoir \u2192\t\t<\/a>\n\n\t\t\t\t<\/div>\n\t\t\t\t<\/article>\n\t\t\t\t<article class=\"elementor-post elementor-grid-item post-693 post type-post status-publish format-standard has-post-thumbnail hentry category-debatsinterviews\">\n\t\t\t\t<a class=\"elementor-post__thumbnail__link\" href=\"https:\/\/marcellinbarthassat.ch\/index.php\/2020\/11\/19\/hello-world-6-2-2-2-2-3\/\" tabindex=\"-1\" >\n\t\t\t<div class=\"elementor-post__thumbnail\"><img loading=\"lazy\" decoding=\"async\" width=\"226\" height=\"300\" src=\"https:\/\/marcellinbarthassat.ch\/wp-content\/uploads\/2025\/11\/4-226x300.png\" class=\"attachment-medium size-medium wp-image-671\" alt=\"\" srcset=\"https:\/\/marcellinbarthassat.ch\/wp-content\/uploads\/2025\/11\/4-226x300.png 226w, https:\/\/marcellinbarthassat.ch\/wp-content\/uploads\/2025\/11\/4.png 653w\" sizes=\"(max-width: 226px) 100vw, 226px\" \/><\/div>\n\t\t<\/a>\n\t\t\t\t<div class=\"elementor-post__text\">\n\t\t\t\t<h3 class=\"elementor-post__title\">\n\t\t\t<a href=\"https:\/\/marcellinbarthassat.ch\/index.php\/2020\/11\/19\/hello-world-6-2-2-2-2-3\/\" >\n\t\t\t\tInterview sur la densit\u00e9 (d\u00e9sirable) et un urbanisme de qualit\u00e9\t\t\t<\/a>\n\t\t<\/h3>\n\t\t\t\t<div class=\"elementor-post__meta-data\">\n\t\t\t\t\t<span class=\"elementor-post-date\">\n\t\t\tnovembre 19, 2020\t\t<\/span>\n\t\t\t\t<\/div>\n\t\t\t\t<div class=\"elementor-post__excerpt\">\n\t\t\t<p>Avec Mich\u00e8le Tranda-Pittion, sur l&rsquo;action politique face \u00e0 la priorit\u00e9 de l&rsquo;urgence climatique avec Dominique Bourg, (automne 2020).<\/p>\n\t\t<\/div>\n\t\t\n\t\t<a class=\"elementor-post__read-more\" href=\"https:\/\/marcellinbarthassat.ch\/index.php\/2020\/11\/19\/hello-world-6-2-2-2-2-3\/\" aria-label=\"En savoir plus sur Interview sur la densit\u00e9 (d\u00e9sirable) et un urbanisme de qualit\u00e9\" tabindex=\"-1\" >\n\t\t\tVoir \u2192\t\t<\/a>\n\n\t\t\t\t<\/div>\n\t\t\t\t<\/article>\n\t\t\t\t<article class=\"elementor-post elementor-grid-item post-691 post type-post status-publish format-standard has-post-thumbnail hentry category-debatsinterviews\">\n\t\t\t\t<a class=\"elementor-post__thumbnail__link\" href=\"https:\/\/marcellinbarthassat.ch\/index.php\/2020\/11\/19\/hello-world-6-2-2-2-2-2-3\/\" tabindex=\"-1\" >\n\t\t\t<div class=\"elementor-post__thumbnail\"><img loading=\"lazy\" decoding=\"async\" width=\"226\" height=\"300\" src=\"https:\/\/marcellinbarthassat.ch\/wp-content\/uploads\/2025\/11\/3-226x300.png\" class=\"attachment-medium size-medium wp-image-670\" alt=\"\" srcset=\"https:\/\/marcellinbarthassat.ch\/wp-content\/uploads\/2025\/11\/3-226x300.png 226w, https:\/\/marcellinbarthassat.ch\/wp-content\/uploads\/2025\/11\/3.png 653w\" sizes=\"(max-width: 226px) 100vw, 226px\" \/><\/div>\n\t\t<\/a>\n\t\t\t\t<div class=\"elementor-post__text\">\n\t\t\t\t<h3 class=\"elementor-post__title\">\n\t\t\t<a href=\"https:\/\/marcellinbarthassat.ch\/index.php\/2020\/11\/19\/hello-world-6-2-2-2-2-2-3\/\" >\n\t\t\t\tComment concr\u00e8tement, la notion d&rsquo;une \u00ab\u00a0densit\u00e9 \u00e9quilibr\u00e9e\u00a0\u00bb pourrait-elle voir le jour ?\t\t\t<\/a>\n\t\t<\/h3>\n\t\t\t\t<div class=\"elementor-post__meta-data\">\n\t\t\t\t\t<span class=\"elementor-post-date\">\n\t\t\tnovembre 19, 2020\t\t<\/span>\n\t\t\t\t<\/div>\n\t\t\t\t<div class=\"elementor-post__excerpt\">\n\t\t\t<p>Interview de Marcellin Barthassat par la Fondation Braillard architectes.<\/p>\n\t\t<\/div>\n\t\t\n\t\t<a class=\"elementor-post__read-more\" href=\"https:\/\/marcellinbarthassat.ch\/index.php\/2020\/11\/19\/hello-world-6-2-2-2-2-2-3\/\" aria-label=\"En savoir plus sur Comment concr\u00e8tement, la notion d&rsquo;une \u00ab\u00a0densit\u00e9 \u00e9quilibr\u00e9e\u00a0\u00bb pourrait-elle voir le jour ?\" tabindex=\"-1\" >\n\t\t\tVoir \u2192\t\t<\/a>\n\n\t\t\t\t<\/div>\n\t\t\t\t<\/article>\n\t\t\t\t<article class=\"elementor-post elementor-grid-item post-709 post type-post status-publish format-standard has-post-thumbnail hentry category-debatsinterviews\">\n\t\t\t\t<a class=\"elementor-post__thumbnail__link\" href=\"https:\/\/marcellinbarthassat.ch\/index.php\/2019\/11\/19\/hello-world-6-2-2-2-2-2-2-2-2-4\/\" tabindex=\"-1\" >\n\t\t\t<div class=\"elementor-post__thumbnail\"><img loading=\"lazy\" decoding=\"async\" width=\"226\" height=\"300\" src=\"https:\/\/marcellinbarthassat.ch\/wp-content\/uploads\/2025\/11\/12-226x300.png\" class=\"attachment-medium size-medium wp-image-679\" alt=\"\" srcset=\"https:\/\/marcellinbarthassat.ch\/wp-content\/uploads\/2025\/11\/12-226x300.png 226w, https:\/\/marcellinbarthassat.ch\/wp-content\/uploads\/2025\/11\/12.png 653w\" sizes=\"(max-width: 226px) 100vw, 226px\" \/><\/div>\n\t\t<\/a>\n\t\t\t\t<div class=\"elementor-post__text\">\n\t\t\t\t<h3 class=\"elementor-post__title\">\n\t\t\t<a href=\"https:\/\/marcellinbarthassat.ch\/index.php\/2019\/11\/19\/hello-world-6-2-2-2-2-2-2-2-2-4\/\" >\n\t\t\t\tTerritoire : 300 architectes \/ urbanistes soutiennent l&rsquo;initiative \u00ab\u00a0stop mitage\u00a0\u00bb.\t\t\t<\/a>\n\t\t<\/h3>\n\t\t\t\t<div class=\"elementor-post__meta-data\">\n\t\t\t\t\t<span class=\"elementor-post-date\">\n\t\t\tnovembre 19, 2019\t\t<\/span>\n\t\t\t\t<\/div>\n\t\t\t\t<div class=\"elementor-post__excerpt\">\n\t\t\t<p>L\u00e9man Bleu : Les yeux dans les yeux, Pascal D\u00e9caillet. Invit\u00e9 Marcellin Barthassat (janvier 2019).<\/p>\n\t\t<\/div>\n\t\t\n\t\t<a class=\"elementor-post__read-more\" href=\"https:\/\/marcellinbarthassat.ch\/index.php\/2019\/11\/19\/hello-world-6-2-2-2-2-2-2-2-2-4\/\" aria-label=\"En savoir plus sur Territoire : 300 architectes \/ urbanistes soutiennent l&rsquo;initiative \u00ab\u00a0stop mitage\u00a0\u00bb.\" tabindex=\"-1\" >\n\t\t\tVoir \u2192\t\t<\/a>\n\n\t\t\t\t<\/div>\n\t\t\t\t<\/article>\n\t\t\t\t<article class=\"elementor-post elementor-grid-item post-707 post type-post status-publish format-standard has-post-thumbnail hentry category-debatsinterviews\">\n\t\t\t\t<a class=\"elementor-post__thumbnail__link\" href=\"https:\/\/marcellinbarthassat.ch\/index.php\/2019\/11\/19\/hello-world-6-2-2-2-2-2-2-2-2-3\/\" tabindex=\"-1\" >\n\t\t\t<div class=\"elementor-post__thumbnail\"><img loading=\"lazy\" decoding=\"async\" width=\"226\" height=\"300\" src=\"https:\/\/marcellinbarthassat.ch\/wp-content\/uploads\/2025\/11\/11-226x300.png\" class=\"attachment-medium size-medium wp-image-678\" alt=\"\" srcset=\"https:\/\/marcellinbarthassat.ch\/wp-content\/uploads\/2025\/11\/11-226x300.png 226w, https:\/\/marcellinbarthassat.ch\/wp-content\/uploads\/2025\/11\/11.png 653w\" sizes=\"(max-width: 226px) 100vw, 226px\" \/><\/div>\n\t\t<\/a>\n\t\t\t\t<div class=\"elementor-post__text\">\n\t\t\t\t<h3 class=\"elementor-post__title\">\n\t\t\t<a href=\"https:\/\/marcellinbarthassat.ch\/index.php\/2019\/11\/19\/hello-world-6-2-2-2-2-2-2-2-2-3\/\" >\n\t\t\t\tPaysage, ville et territoire, &#8230;faire-avec.\t\t\t<\/a>\n\t\t<\/h3>\n\t\t\t\t<div class=\"elementor-post__meta-data\">\n\t\t\t\t\t<span class=\"elementor-post-date\">\n\t\t\tnovembre 19, 2019\t\t<\/span>\n\t\t\t\t<\/div>\n\t\t\t\t<div class=\"elementor-post__excerpt\">\n\t\t\t<p>\u00c9mission Futur ant\u00e9rieur, RTS La premi\u00e8re, entretien entre Marcellin Barthassat et Manuela Salvi (mars 2019).<\/p>\n\t\t<\/div>\n\t\t\n\t\t<a class=\"elementor-post__read-more\" href=\"https:\/\/marcellinbarthassat.ch\/index.php\/2019\/11\/19\/hello-world-6-2-2-2-2-2-2-2-2-3\/\" aria-label=\"En savoir plus sur Paysage, ville et territoire, &#8230;faire-avec.\" tabindex=\"-1\" >\n\t\t\tVoir \u2192\t\t<\/a>\n\n\t\t\t\t<\/div>\n\t\t\t\t<\/article>\n\t\t\t\t<article class=\"elementor-post elementor-grid-item post-705 post type-post status-publish format-standard has-post-thumbnail hentry category-debatsinterviews\">\n\t\t\t\t<a class=\"elementor-post__thumbnail__link\" href=\"https:\/\/marcellinbarthassat.ch\/index.php\/2019\/11\/19\/hello-world-6-2-2-2-2-2-2-3\/\" tabindex=\"-1\" >\n\t\t\t<div class=\"elementor-post__thumbnail\"><img loading=\"lazy\" decoding=\"async\" width=\"226\" height=\"300\" src=\"https:\/\/marcellinbarthassat.ch\/wp-content\/uploads\/2025\/11\/10-226x300.png\" class=\"attachment-medium size-medium wp-image-677\" alt=\"\" srcset=\"https:\/\/marcellinbarthassat.ch\/wp-content\/uploads\/2025\/11\/10-226x300.png 226w, https:\/\/marcellinbarthassat.ch\/wp-content\/uploads\/2025\/11\/10.png 653w\" sizes=\"(max-width: 226px) 100vw, 226px\" \/><\/div>\n\t\t<\/a>\n\t\t\t\t<div class=\"elementor-post__text\">\n\t\t\t\t<h3 class=\"elementor-post__title\">\n\t\t\t<a href=\"https:\/\/marcellinbarthassat.ch\/index.php\/2019\/11\/19\/hello-world-6-2-2-2-2-2-2-3\/\" >\n\t\t\t\tSur le futur du mus\u00e9e MAH.\t\t\t<\/a>\n\t\t<\/h3>\n\t\t\t\t<div class=\"elementor-post__meta-data\">\n\t\t\t\t\t<span class=\"elementor-post-date\">\n\t\t\tnovembre 19, 2019\t\t<\/span>\n\t\t\t\t<\/div>\n\t\t\t\t<div class=\"elementor-post__excerpt\">\n\t\t\t<p>L\u00e9man Bleu : Les yeux dans les yeux, Pascal D\u00e9caillet. Invit\u00e9 Marcellin Barthassat (juin 2019).<\/p>\n\t\t<\/div>\n\t\t\n\t\t<a class=\"elementor-post__read-more\" href=\"https:\/\/marcellinbarthassat.ch\/index.php\/2019\/11\/19\/hello-world-6-2-2-2-2-2-2-3\/\" aria-label=\"En savoir plus sur Sur le futur du mus\u00e9e MAH.\" tabindex=\"-1\" >\n\t\t\tVoir \u2192\t\t<\/a>\n\n\t\t\t\t<\/div>\n\t\t\t\t<\/article>\n\t\t\t\t<article class=\"elementor-post elementor-grid-item post-701 post type-post status-publish format-standard has-post-thumbnail hentry category-debatsinterviews\">\n\t\t\t\t<a class=\"elementor-post__thumbnail__link\" href=\"https:\/\/marcellinbarthassat.ch\/index.php\/2019\/11\/19\/hello-world-6-2-2-2-2-2-4\/\" tabindex=\"-1\" >\n\t\t\t<div class=\"elementor-post__thumbnail\"><img loading=\"lazy\" decoding=\"async\" width=\"226\" height=\"300\" src=\"https:\/\/marcellinbarthassat.ch\/wp-content\/uploads\/2025\/11\/8-226x300.png\" class=\"attachment-medium size-medium wp-image-675\" alt=\"\" srcset=\"https:\/\/marcellinbarthassat.ch\/wp-content\/uploads\/2025\/11\/8-226x300.png 226w, https:\/\/marcellinbarthassat.ch\/wp-content\/uploads\/2025\/11\/8.png 653w\" sizes=\"(max-width: 226px) 100vw, 226px\" \/><\/div>\n\t\t<\/a>\n\t\t\t\t<div class=\"elementor-post__text\">\n\t\t\t\t<h3 class=\"elementor-post__title\">\n\t\t\t<a href=\"https:\/\/marcellinbarthassat.ch\/index.php\/2019\/11\/19\/hello-world-6-2-2-2-2-2-4\/\" >\n\t\t\t\tQue nous dit la passion des arbres ?\t\t\t<\/a>\n\t\t<\/h3>\n\t\t\t\t<div class=\"elementor-post__meta-data\">\n\t\t\t\t\t<span class=\"elementor-post-date\">\n\t\t\tnovembre 19, 2019\t\t<\/span>\n\t\t\t\t<\/div>\n\t\t\t\t<div class=\"elementor-post__excerpt\">\n\t\t\t<p>L\u00e9man Bleu : Les yeux dans les yeux, Pascal D\u00e9caillet. Invit\u00e9 Marcellin Barthassat (septembre 2019).<\/p>\n\t\t<\/div>\n\t\t\n\t\t<a class=\"elementor-post__read-more\" href=\"https:\/\/marcellinbarthassat.ch\/index.php\/2019\/11\/19\/hello-world-6-2-2-2-2-2-4\/\" aria-label=\"En savoir plus sur Que nous dit la passion des arbres ?\" tabindex=\"-1\" >\n\t\t\tVoir \u2192\t\t<\/a>\n\n\t\t\t\t<\/div>\n\t\t\t\t<\/article>\n\t\t\t\t<article class=\"elementor-post elementor-grid-item post-703 post type-post status-publish format-standard has-post-thumbnail hentry category-debatsinterviews\">\n\t\t\t\t<a class=\"elementor-post__thumbnail__link\" href=\"https:\/\/marcellinbarthassat.ch\/index.php\/2019\/11\/19\/hello-world-6-3\/\" tabindex=\"-1\" >\n\t\t\t<div class=\"elementor-post__thumbnail\"><img loading=\"lazy\" decoding=\"async\" width=\"226\" height=\"300\" src=\"https:\/\/marcellinbarthassat.ch\/wp-content\/uploads\/2025\/11\/9-226x300.png\" class=\"attachment-medium size-medium wp-image-676\" alt=\"\" srcset=\"https:\/\/marcellinbarthassat.ch\/wp-content\/uploads\/2025\/11\/9-226x300.png 226w, https:\/\/marcellinbarthassat.ch\/wp-content\/uploads\/2025\/11\/9.png 653w\" sizes=\"(max-width: 226px) 100vw, 226px\" \/><\/div>\n\t\t<\/a>\n\t\t\t\t<div class=\"elementor-post__text\">\n\t\t\t\t<h3 class=\"elementor-post__title\">\n\t\t\t<a href=\"https:\/\/marcellinbarthassat.ch\/index.php\/2019\/11\/19\/hello-world-6-3\/\" >\n\t\t\t\tDiminuer l&rsquo;impact climatique des b\u00e2timents\t\t\t<\/a>\n\t\t<\/h3>\n\t\t\t\t<div class=\"elementor-post__meta-data\">\n\t\t\t\t\t<span class=\"elementor-post-date\">\n\t\t\tnovembre 19, 2019\t\t<\/span>\n\t\t\t\t<\/div>\n\t\t\t\t<div class=\"elementor-post__excerpt\">\n\t\t\t<p>\u00c9mission FORUM de la RTS, interwiew de Marcellin Barthassat par Pietro Bugnon (ao\u00fbt 2019).<\/p>\n\t\t<\/div>\n\t\t\n\t\t<a class=\"elementor-post__read-more\" href=\"https:\/\/marcellinbarthassat.ch\/index.php\/2019\/11\/19\/hello-world-6-3\/\" aria-label=\"En savoir plus sur Diminuer l&rsquo;impact climatique des b\u00e2timents\" tabindex=\"-1\" >\n\t\t\tVoir \u2192\t\t<\/a>\n\n\t\t\t\t<\/div>\n\t\t\t\t<\/article>\n\t\t\t\t<article class=\"elementor-post elementor-grid-item post-697 post type-post status-publish format-standard has-post-thumbnail hentry category-debatsinterviews\">\n\t\t\t\t<a class=\"elementor-post__thumbnail__link\" href=\"https:\/\/marcellinbarthassat.ch\/index.php\/2019\/11\/19\/hello-world-6-2-2-3\/\" tabindex=\"-1\" >\n\t\t\t<div class=\"elementor-post__thumbnail\"><img loading=\"lazy\" decoding=\"async\" width=\"226\" height=\"300\" src=\"https:\/\/marcellinbarthassat.ch\/wp-content\/uploads\/2025\/11\/6-226x300.png\" class=\"attachment-medium size-medium wp-image-673\" alt=\"\" srcset=\"https:\/\/marcellinbarthassat.ch\/wp-content\/uploads\/2025\/11\/6-226x300.png 226w, https:\/\/marcellinbarthassat.ch\/wp-content\/uploads\/2025\/11\/6.png 653w\" sizes=\"(max-width: 226px) 100vw, 226px\" \/><\/div>\n\t\t<\/a>\n\t\t\t\t<div class=\"elementor-post__text\">\n\t\t\t\t<h3 class=\"elementor-post__title\">\n\t\t\t<a href=\"https:\/\/marcellinbarthassat.ch\/index.php\/2019\/11\/19\/hello-world-6-2-2-3\/\" >\n\t\t\t\tEntre Terre et Ciel, la renaturation de la Haute-Seymaz.\t\t\t<\/a>\n\t\t<\/h3>\n\t\t\t\t<div class=\"elementor-post__meta-data\">\n\t\t\t\t\t<span class=\"elementor-post-date\">\n\t\t\tnovembre 19, 2019\t\t<\/span>\n\t\t\t\t<\/div>\n\t\t\t\t<div class=\"elementor-post__excerpt\">\n\t\t\t<p>L\u00e9man Bleu : Gen\u00e8ve \u00e0 Chaud, Pascal D\u00e9caillet. Invit\u00e9 Marcellin Barthassat (d\u00e9cembre 2019).<\/p>\n\t\t<\/div>\n\t\t\n\t\t<a class=\"elementor-post__read-more\" href=\"https:\/\/marcellinbarthassat.ch\/index.php\/2019\/11\/19\/hello-world-6-2-2-3\/\" aria-label=\"En savoir plus sur Entre Terre et Ciel, la renaturation de la Haute-Seymaz.\" tabindex=\"-1\" >\n\t\t\tVoir \u2192\t\t<\/a>\n\n\t\t\t\t<\/div>\n\t\t\t\t<\/article>\n\t\t\t\t<article class=\"elementor-post elementor-grid-item post-717 post type-post status-publish format-standard has-post-thumbnail hentry category-debatsinterviews\">\n\t\t\t\t<a class=\"elementor-post__thumbnail__link\" href=\"https:\/\/marcellinbarthassat.ch\/index.php\/2018\/11\/19\/hello-world-6-2-2-2-2-2-2-2-2-2-2\/\" tabindex=\"-1\" >\n\t\t\t<div class=\"elementor-post__thumbnail\"><img loading=\"lazy\" decoding=\"async\" width=\"226\" height=\"300\" src=\"https:\/\/marcellinbarthassat.ch\/wp-content\/uploads\/2025\/11\/16-226x300.png\" class=\"attachment-medium size-medium wp-image-683\" alt=\"\" srcset=\"https:\/\/marcellinbarthassat.ch\/wp-content\/uploads\/2025\/11\/16-226x300.png 226w, https:\/\/marcellinbarthassat.ch\/wp-content\/uploads\/2025\/11\/16.png 653w\" sizes=\"(max-width: 226px) 100vw, 226px\" \/><\/div>\n\t\t<\/a>\n\t\t\t\t<div class=\"elementor-post__text\">\n\t\t\t\t<h3 class=\"elementor-post__title\">\n\t\t\t<a href=\"https:\/\/marcellinbarthassat.ch\/index.php\/2018\/11\/19\/hello-world-6-2-2-2-2-2-2-2-2-2-2\/\" >\n\t\t\t\tSauvez le Plaza est-ce encore possible ?\t\t\t<\/a>\n\t\t<\/h3>\n\t\t\t\t<div class=\"elementor-post__meta-data\">\n\t\t\t\t\t<span class=\"elementor-post-date\">\n\t\t\tnovembre 19, 2018\t\t<\/span>\n\t\t\t\t<\/div>\n\t\t\t\t<div class=\"elementor-post__excerpt\">\n\t\t\t<p>Les yeux dans les yeux, Pascal D\u00e9caillet. Invit\u00e9 Marcellin Barthassat (octobre 2018).<\/p>\n\t\t<\/div>\n\t\t\n\t\t<a class=\"elementor-post__read-more\" href=\"https:\/\/marcellinbarthassat.ch\/index.php\/2018\/11\/19\/hello-world-6-2-2-2-2-2-2-2-2-2-2\/\" aria-label=\"En savoir plus sur Sauvez le Plaza est-ce encore possible ?\" tabindex=\"-1\" >\n\t\t\tVoir \u2192\t\t<\/a>\n\n\t\t\t\t<\/div>\n\t\t\t\t<\/article>\n\t\t\t\t<article class=\"elementor-post elementor-grid-item post-715 post type-post status-publish format-standard has-post-thumbnail hentry category-debatsinterviews\">\n\t\t\t\t<a class=\"elementor-post__thumbnail__link\" href=\"https:\/\/marcellinbarthassat.ch\/index.php\/2018\/11\/19\/hello-world-8-3-2-4-2\/\" tabindex=\"-1\" >\n\t\t\t<div class=\"elementor-post__thumbnail\"><img loading=\"lazy\" decoding=\"async\" width=\"226\" height=\"300\" src=\"https:\/\/marcellinbarthassat.ch\/wp-content\/uploads\/2025\/11\/15-226x300.png\" class=\"attachment-medium size-medium wp-image-682\" alt=\"\" srcset=\"https:\/\/marcellinbarthassat.ch\/wp-content\/uploads\/2025\/11\/15-226x300.png 226w, https:\/\/marcellinbarthassat.ch\/wp-content\/uploads\/2025\/11\/15.png 653w\" sizes=\"(max-width: 226px) 100vw, 226px\" \/><\/div>\n\t\t<\/a>\n\t\t\t\t<div class=\"elementor-post__text\">\n\t\t\t\t<h3 class=\"elementor-post__title\">\n\t\t\t<a href=\"https:\/\/marcellinbarthassat.ch\/index.php\/2018\/11\/19\/hello-world-8-3-2-4-2\/\" >\n\t\t\t\tNe pas laisser mourir le Plaza !\t\t\t<\/a>\n\t\t<\/h3>\n\t\t\t\t<div class=\"elementor-post__meta-data\">\n\t\t\t\t\t<span class=\"elementor-post-date\">\n\t\t\tnovembre 19, 2018\t\t<\/span>\n\t\t\t\t<\/div>\n\t\t\t\t<div class=\"elementor-post__excerpt\">\n\t\t\t<p>Journal de L\u00e9man Bleu par Valentin Emery, entretien avec Marcellin Barthassat \u00ab Il nous faut une d\u00e9cision \u00ab\u00a0politique\u00a0\u00bb de sauvegarde du Conseil d&rsquo;Etat, fond\u00e9 sur<\/p>\n\t\t<\/div>\n\t\t\n\t\t<a class=\"elementor-post__read-more\" href=\"https:\/\/marcellinbarthassat.ch\/index.php\/2018\/11\/19\/hello-world-8-3-2-4-2\/\" aria-label=\"En savoir plus sur Ne pas laisser mourir le Plaza !\" tabindex=\"-1\" >\n\t\t\tVoir \u2192\t\t<\/a>\n\n\t\t\t\t<\/div>\n\t\t\t\t<\/article>\n\t\t\t\t<article class=\"elementor-post elementor-grid-item post-713 post type-post status-publish format-standard has-post-thumbnail hentry category-debatsinterviews\">\n\t\t\t\t<a class=\"elementor-post__thumbnail__link\" href=\"https:\/\/marcellinbarthassat.ch\/index.php\/2018\/11\/19\/hello-world-6-2-2-2-2-2-2-2-3\/\" tabindex=\"-1\" >\n\t\t\t<div class=\"elementor-post__thumbnail\"><img loading=\"lazy\" decoding=\"async\" width=\"226\" height=\"300\" src=\"https:\/\/marcellinbarthassat.ch\/wp-content\/uploads\/2025\/11\/14-226x300.png\" class=\"attachment-medium size-medium wp-image-681\" alt=\"\" srcset=\"https:\/\/marcellinbarthassat.ch\/wp-content\/uploads\/2025\/11\/14-226x300.png 226w, https:\/\/marcellinbarthassat.ch\/wp-content\/uploads\/2025\/11\/14.png 653w\" sizes=\"(max-width: 226px) 100vw, 226px\" \/><\/div>\n\t\t<\/a>\n\t\t\t\t<div class=\"elementor-post__text\">\n\t\t\t\t<h3 class=\"elementor-post__title\">\n\t\t\t<a href=\"https:\/\/marcellinbarthassat.ch\/index.php\/2018\/11\/19\/hello-world-6-2-2-2-2-2-2-2-3\/\" >\n\t\t\t\tNouvelle supplique au Conseil d&rsquo;Etat pour le cin\u00e9ma Plaza.\t\t\t<\/a>\n\t\t<\/h3>\n\t\t\t\t<div class=\"elementor-post__meta-data\">\n\t\t\t\t\t<span class=\"elementor-post-date\">\n\t\t\tnovembre 19, 2018\t\t<\/span>\n\t\t\t\t<\/div>\n\t\t\t\t<div class=\"elementor-post__excerpt\">\n\t\t\t<p>Les yeux dans les yeux, Pascal D\u00e9caillet. Invit\u00e9 Marcellin Barthassat (novembre 2018).<\/p>\n\t\t<\/div>\n\t\t\n\t\t<a class=\"elementor-post__read-more\" href=\"https:\/\/marcellinbarthassat.ch\/index.php\/2018\/11\/19\/hello-world-6-2-2-2-2-2-2-2-3\/\" aria-label=\"En savoir plus sur Nouvelle supplique au Conseil d&rsquo;Etat pour le cin\u00e9ma Plaza.\" tabindex=\"-1\" >\n\t\t\tVoir \u2192\t\t<\/a>\n\n\t\t\t\t<\/div>\n\t\t\t\t<\/article>\n\t\t\t\t<article class=\"elementor-post elementor-grid-item post-711 post type-post status-publish format-standard has-post-thumbnail hentry category-debatsinterviews\">\n\t\t\t\t<a class=\"elementor-post__thumbnail__link\" href=\"https:\/\/marcellinbarthassat.ch\/index.php\/2018\/11\/19\/hello-world-6-2-2-2-2-2-2-2-2-5\/\" tabindex=\"-1\" >\n\t\t\t<div class=\"elementor-post__thumbnail\"><img loading=\"lazy\" decoding=\"async\" width=\"226\" height=\"300\" src=\"https:\/\/marcellinbarthassat.ch\/wp-content\/uploads\/2025\/11\/13-226x300.png\" class=\"attachment-medium size-medium wp-image-680\" alt=\"\" srcset=\"https:\/\/marcellinbarthassat.ch\/wp-content\/uploads\/2025\/11\/13-226x300.png 226w, https:\/\/marcellinbarthassat.ch\/wp-content\/uploads\/2025\/11\/13.png 653w\" sizes=\"(max-width: 226px) 100vw, 226px\" \/><\/div>\n\t\t<\/a>\n\t\t\t\t<div class=\"elementor-post__text\">\n\t\t\t\t<h3 class=\"elementor-post__title\">\n\t\t\t<a href=\"https:\/\/marcellinbarthassat.ch\/index.php\/2018\/11\/19\/hello-world-6-2-2-2-2-2-2-2-2-5\/\" >\n\t\t\t\tLes b\u00e2timents de la moiti\u00e9 du XXe si\u00e8cle.\t\t\t<\/a>\n\t\t<\/h3>\n\t\t\t\t<div class=\"elementor-post__meta-data\">\n\t\t\t\t\t<span class=\"elementor-post-date\">\n\t\t\tnovembre 19, 2018\t\t<\/span>\n\t\t\t\t<\/div>\n\t\t\t\t<div class=\"elementor-post__excerpt\">\n\t\t\t<p>\u00c9mission FORUM de la RTS, interwiew de Marcellin Barthassat par Renaud Malik et Pietro Bugnon (novembre 2018).\u00a0<\/p>\n\t\t<\/div>\n\t\t\n\t\t<a class=\"elementor-post__read-more\" href=\"https:\/\/marcellinbarthassat.ch\/index.php\/2018\/11\/19\/hello-world-6-2-2-2-2-2-2-2-2-5\/\" aria-label=\"En savoir plus sur Les b\u00e2timents de la moiti\u00e9 du XXe si\u00e8cle.\" tabindex=\"-1\" >\n\t\t\tVoir \u2192\t\t<\/a>\n\n\t\t\t\t<\/div>\n\t\t\t\t<\/article>\n\t\t\t\t<article class=\"elementor-post elementor-grid-item post-719 post type-post status-publish format-standard has-post-thumbnail hentry category-debatsinterviews\">\n\t\t\t\t<a class=\"elementor-post__thumbnail__link\" href=\"https:\/\/marcellinbarthassat.ch\/index.php\/2017\/11\/19\/hello-world-6-2-2-2-3-2\/\" tabindex=\"-1\" >\n\t\t\t<div class=\"elementor-post__thumbnail\"><img loading=\"lazy\" decoding=\"async\" width=\"226\" height=\"300\" src=\"https:\/\/marcellinbarthassat.ch\/wp-content\/uploads\/2025\/11\/17-226x300.png\" class=\"attachment-medium size-medium wp-image-684\" alt=\"\" srcset=\"https:\/\/marcellinbarthassat.ch\/wp-content\/uploads\/2025\/11\/17-226x300.png 226w, https:\/\/marcellinbarthassat.ch\/wp-content\/uploads\/2025\/11\/17.png 653w\" sizes=\"(max-width: 226px) 100vw, 226px\" \/><\/div>\n\t\t<\/a>\n\t\t\t\t<div class=\"elementor-post__text\">\n\t\t\t\t<h3 class=\"elementor-post__title\">\n\t\t\t<a href=\"https:\/\/marcellinbarthassat.ch\/index.php\/2017\/11\/19\/hello-world-6-2-2-2-3-2\/\" >\n\t\t\t\tLa ville qui rend fou : comment conserver le patrimoine dans une ville en mouvement ?\t\t\t<\/a>\n\t\t<\/h3>\n\t\t\t\t<div class=\"elementor-post__meta-data\">\n\t\t\t\t\t<span class=\"elementor-post-date\">\n\t\t\tnovembre 19, 2017\t\t<\/span>\n\t\t\t\t<\/div>\n\t\t\t\t<div class=\"elementor-post__excerpt\">\n\t\t\t<p>\u00c9mission Forum, RTS La premi\u00e8re, interview de Marcellin Barthassat par Chrystel Domenjoz et Sylvie Belzer dans le cadre de quatre s\u00e9ries d&rsquo;\u00e9missions sur les th\u00e8mes<\/p>\n\t\t<\/div>\n\t\t\n\t\t<a class=\"elementor-post__read-more\" href=\"https:\/\/marcellinbarthassat.ch\/index.php\/2017\/11\/19\/hello-world-6-2-2-2-3-2\/\" aria-label=\"En savoir plus sur La ville qui rend fou : comment conserver le patrimoine dans une ville en mouvement ?\" tabindex=\"-1\" >\n\t\t\tVoir \u2192\t\t<\/a>\n\n\t\t\t\t<\/div>\n\t\t\t\t<\/article>\n\t\t\t\t<article class=\"elementor-post elementor-grid-item post-721 post type-post status-publish format-standard has-post-thumbnail hentry category-debatsinterviews\">\n\t\t\t\t<a class=\"elementor-post__thumbnail__link\" href=\"https:\/\/marcellinbarthassat.ch\/index.php\/2016\/11\/19\/hello-world-6-2-2-2-2-3-2\/\" tabindex=\"-1\" >\n\t\t\t<div class=\"elementor-post__thumbnail\"><img loading=\"lazy\" decoding=\"async\" width=\"226\" height=\"300\" src=\"https:\/\/marcellinbarthassat.ch\/wp-content\/uploads\/2025\/11\/18-226x300.png\" class=\"attachment-medium size-medium wp-image-685\" alt=\"\" srcset=\"https:\/\/marcellinbarthassat.ch\/wp-content\/uploads\/2025\/11\/18-226x300.png 226w, https:\/\/marcellinbarthassat.ch\/wp-content\/uploads\/2025\/11\/18.png 653w\" sizes=\"(max-width: 226px) 100vw, 226px\" \/><\/div>\n\t\t<\/a>\n\t\t\t\t<div class=\"elementor-post__text\">\n\t\t\t\t<h3 class=\"elementor-post__title\">\n\t\t\t<a href=\"https:\/\/marcellinbarthassat.ch\/index.php\/2016\/11\/19\/hello-world-6-2-2-2-2-3-2\/\" >\n\t\t\t\tLe devenir du Mus\u00e9e d&rsquo;art et d&rsquo;histoire \u00e0 Gen\u00e8ve (MAH).\t\t\t<\/a>\n\t\t<\/h3>\n\t\t\t\t<div class=\"elementor-post__meta-data\">\n\t\t\t\t\t<span class=\"elementor-post-date\">\n\t\t\tnovembre 19, 2016\t\t<\/span>\n\t\t\t\t<\/div>\n\t\t\t\t<div class=\"elementor-post__excerpt\">\n\t\t\t<p>L\u00e9man Bleu Le Journal de 18 heures. Interview de Marcellin Barthassat (juin 2016).<\/p>\n\t\t<\/div>\n\t\t\n\t\t<a class=\"elementor-post__read-more\" href=\"https:\/\/marcellinbarthassat.ch\/index.php\/2016\/11\/19\/hello-world-6-2-2-2-2-3-2\/\" aria-label=\"En savoir plus sur Le devenir du Mus\u00e9e d&rsquo;art et d&rsquo;histoire \u00e0 Gen\u00e8ve (MAH).\" tabindex=\"-1\" >\n\t\t\tVoir \u2192\t\t<\/a>\n\n\t\t\t\t<\/div>\n\t\t\t\t<\/article>\n\t\t\t\t<\/div>\n\t\t\n\t\t\t\t\t\t<\/div>\n\t\t\t\t<\/div>\n\t\t\t\t\t<\/div>\n\t\t\t\t<\/div>\n\t\t\t\t<\/div>\n\t\t","protected":false},"excerpt":{"rendered":"<p>livres\/editions \u00e9crits\/livres \u00e9crits\/revues interventions D\u00e9bats \/ Interviews<\/p>\n","protected":false},"author":1,"featured_media":0,"parent":0,"menu_order":0,"comment_status":"closed","ping_status":"closed","template":"","meta":{"footnotes":""},"class_list":["post-13","page","type-page","status-publish","hentry"],"_links":{"self":[{"href":"https:\/\/marcellinbarthassat.ch\/index.php\/wp-json\/wp\/v2\/pages\/13","targetHints":{"allow":["GET"]}}],"collection":[{"href":"https:\/\/marcellinbarthassat.ch\/index.php\/wp-json\/wp\/v2\/pages"}],"about":[{"href":"https:\/\/marcellinbarthassat.ch\/index.php\/wp-json\/wp\/v2\/types\/page"}],"author":[{"embeddable":true,"href":"https:\/\/marcellinbarthassat.ch\/index.php\/wp-json\/wp\/v2\/users\/1"}],"replies":[{"embeddable":true,"href":"https:\/\/marcellinbarthassat.ch\/index.php\/wp-json\/wp\/v2\/comments?post=13"}],"version-history":[{"count":219,"href":"https:\/\/marcellinbarthassat.ch\/index.php\/wp-json\/wp\/v2\/pages\/13\/revisions"}],"predecessor-version":[{"id":1508,"href":"https:\/\/marcellinbarthassat.ch\/index.php\/wp-json\/wp\/v2\/pages\/13\/revisions\/1508"}],"wp:attachment":[{"href":"https:\/\/marcellinbarthassat.ch\/index.php\/wp-json\/wp\/v2\/media?parent=13"}],"curies":[{"name":"wp","href":"https:\/\/api.w.org\/{rel}","templated":true}]}}